{"id":10522,"date":"2023-07-04T00:00:00","date_gmt":"2023-07-04T00:00:00","guid":{"rendered":"https:\/\/www.mercator-ocean.eu\/vagues-chaleur-europe-juin-2023\/"},"modified":"2025-05-26T12:43:33","modified_gmt":"2025-05-26T12:43:33","slug":"vagues-chaleur-europe-juin-2023","status":"publish","type":"bulletin","link":"https:\/\/www.mercator-ocean.eu\/fr\/bulletin\/vagues-chaleur-europe-juin-2023\/","title":{"rendered":"Mercator Ocean : bulletin de canicule marine pour le 3 juillet 2023"},"content":{"rendered":"<p class=\"has-medium-font-size\"><strong>Les oc\u00e9anographes de Mercator Ocean International examinent les vagues de chaleur marine \u00e0 travers l&rsquo;oc\u00e9an mondial pour le mois de juin et les pr\u00e9visions pour la premi\u00e8re partie du mois de juillet 2023. Ils analysent divers jeux de donn\u00e9es allant des analyses d&rsquo;observations (cartes satellitaires de temp\u00e9rature de surface de la mer), aux analyses de mod\u00e8les (assimilant les observations satellitaires et in situ) et aux pr\u00e9visions de mod\u00e8les.<\/strong><sup>1<\/sup>&nbsp;<\/p><div class=\"wp-block-image\"><figure class=\"aligncenter size-large\"><img decoding=\"async\" src=\"https:\/\/www.mercator-ocean.eu\/wp-content\/uploads\/2023\/07\/Sea-Surface-Temperature-Anomalies-Europe-June-2023-897x700.jpg\" alt=\"\" class=\"wp-image-29630\"\/><figcaption><em>Figure 1 : Anomalie de temp\u00e9rature de surface issue du syst\u00e8me d&rsquo;analyse et de pr\u00e9vision GLO12 (Mercator Ocean) moyenn\u00e9e sur les 30 jours pr\u00e9c\u00e9dant le 27 juin 2023. La climatologie de r\u00e9f\u00e9rence est constitu\u00e9e des cartes quotidiennes GLORYS12 moyenn\u00e9es sur la p\u00e9riode 1993-2016. Source : Mercator Ocean International Mercator Ocean International<\/em><\/figcaption><\/figure><\/div><h2 class=\"wp-block-heading\">Principaux enseignements du mois de juin 2023<\/h2><ul class=\"wp-block-list\"><li>Sur le mois de juin, l&rsquo;Atlantique Nord-Est et la M\u00e9diterran\u00e9e ont connu des temp\u00e9ratures sup\u00e9rieures d&rsquo;au moins 1\u00b0C \u00e0 2\u00b0C \u00e0 la moyenne 1993-2016, et la zone est rest\u00e9e en situation de canicule marine tout au long du mois.<\/li><li>Au cours de la derni\u00e8re semaine de juin, toute la fa\u00e7ade atlantique de l&rsquo;Europe a \u00e9t\u00e9 soumise \u00e0 une vague de chaleur marine allant d&rsquo;une intensit\u00e9 mod\u00e9r\u00e9e en mer du Nord \u00e0 une intensit\u00e9 plus s\u00e9v\u00e8re ou extr\u00eame dans le golfe de Gascogne. Par rapport aux semaines pr\u00e9c\u00e9dentes, les conditions ont \u00e9t\u00e9 relativement plus mod\u00e9r\u00e9es pr\u00e8s des c\u00f4tes europ\u00e9ennes, probablement en raison des conditions m\u00e9t\u00e9orologiques et de la fin de la vague de chaleur atmosph\u00e9rique sur le continent europ\u00e9en.<\/li><li>La M\u00e9diterran\u00e9e occidentale a connu une vague de chaleur mod\u00e9r\u00e9e \u00e0 forte \u00e0 la fin du mois de juin.<\/li><\/ul><h2 class=\"wp-block-heading\">Pr\u00e9visions jusqu&rsquo;au 8 juillet 2023<\/h2><ul class=\"wp-block-list\"><li>A partir du d\u00e9but du mois de juillet, les pr\u00e9visions montrent une mod\u00e9ration de la vague de chaleur sur la majeure partie de l&rsquo;Atlantique Nord-Est et de la M\u00e9diterran\u00e9e, avec une transition de la cat\u00e9gorie extr\u00eame \u00e0 une cat\u00e9gorie de vague de chaleur plus mod\u00e9r\u00e9e. (figure 2)<\/li><li>Atlantique tropical : les mod\u00e8les pr\u00e9voient une vague de chaleur \u00e0 l&rsquo;ouest dans le Golfe du Mexique et \u00e0 l&rsquo;est du bassin dans la zone du Maroc, du Sahara occidental et de la Mauritanie.<\/li><li>Le Pacifique tropical conna\u00eet une vague de chaleur mod\u00e9r\u00e9e, atteignant une forte intensit\u00e9 pr\u00e8s de la c\u00f4te du P\u00e9rou, ce qui est coh\u00e9rent avec les conditions actuelles d&rsquo;El Nino.<\/li><li>Une forte vague de chaleur pourrait appara\u00eetre dans le golfe du Bengale<\/li><\/ul><figure class=\"wp-block-image size-large\"><img decoding=\"async\" src=\"https:\/\/www.mercator-ocean.eu\/wp-content\/uploads\/2023\/07\/MarineHeatwaves-Europe-June-2023.jpg\" alt=\"\" class=\"wp-image-29632\"\/><figcaption><em>Figure 2 : Caract\u00e9ristiques des vagues de chaleur marine sur la zone europ\u00e9enne montr\u00e9e dans la figure 1, calcul\u00e9es \u00e0 partir des temp\u00e9ratures de surface du syst\u00e8me d&rsquo;analyse et de pr\u00e9vision GLO12 (Mercator Ocean). Lignes pleines : analyse, lignes pointill\u00e9es : pr\u00e9vision. Nombre de vagues de chaleur marines en bleu (\u00e0 noter que lorsque la surface de la vague de chaleur est importante, il y a moins de vagues de chaleur), surface totale (<sup>km2)<\/sup> des vagues de chaleur dans la zone en noir, surface (<sup>km2)<\/sup> des vagues de chaleur d&rsquo;intensit\u00e9 mod\u00e9r\u00e9e (jaune), d&rsquo;intensit\u00e9 forte (orange), d&rsquo;intensit\u00e9 s\u00e9v\u00e8re (rouge) et d&rsquo;intensit\u00e9 extr\u00eame (marron). Le graphique du bas est un zoom sur les vagues de chaleur intenses, &nbsp;il y a 2 \u00e9chelles afin de mieux voir les fluctuations d&rsquo;un jour \u00e0 l&rsquo;autre. Crit\u00e8re utilis\u00e9 : Oliver et al (2021) <a href=\"https:\/\/doi.org\/10.1146\/annurev-marine-032720-095144\">https:\/\/doi.org\/10.1146\/annurev-marine-032720-095144.<\/a> Source : Mercator Ocean International<\/em><\/figcaption><\/figure><p>Les vagues de chaleur marine (VMC) sont des \u00e9l\u00e9vations extr\u00eames de la temp\u00e9rature des oc\u00e9ans pendant une p\u00e9riode prolong\u00e9e. Elles peuvent se produire \u00e0 diff\u00e9rents endroits de l&rsquo;oc\u00e9an, et leur ampleur et leur fr\u00e9quence ont augment\u00e9 au cours des deux derni\u00e8res d\u00e9cennies, avec des effets n\u00e9fastes sur les \u00e9cosyst\u00e8mes et les activit\u00e9s humaines. Selon le dernier rapport publi\u00e9 par le Groupe d&rsquo;experts intergouvernemental sur l&rsquo;\u00e9volution du climat (GIEC AR6 SYR), on estime avec un degr\u00e9 de confiance \u00e9lev\u00e9 qu&rsquo;\u00e0 court terme, avec un r\u00e9chauffement plan\u00e9taire de 1,5 \u00b0C, la fr\u00e9quence croissante des vagues de chaleur marine augmentera les risques de perte de biodiversit\u00e9 dans les oc\u00e9ans, notamment en raison d&rsquo;\u00e9v\u00e9nements de mortalit\u00e9 massive.<a href=\"#_ftn1\"><\/a><\/p><hr class=\"wp-block-separator\"\/><p><a href=\"#_ftnref1\"><\/a> IPCC AR6 SYR 4.3 https:\/\/www.ipcc.ch\/report\/ar6\/syr\/downloads\/report\/IPCC_AR6_SYR_LongerReport.pdf<\/p>\n\n\n\n\n\n\n\n\n\n\n\n\n\n\n\n\n\n\n\n\n\n\n\n\n\n\n\n\n\n\n\n\n\n\n\n\n\n\n\n\n\n\n\n\n\n\n\n\n\n","protected":false},"excerpt":{"rendered":"<p>Les oc\u00e9anographes de Mercator Ocean International examinent les vagues de chaleur marine \u00e0 travers l&rsquo;oc\u00e9an mondial pour le mois de juin et les pr\u00e9visions pour la premi\u00e8re partie du mois de juillet 2023. Ils analysent divers jeux de donn\u00e9es allant des analyses d&rsquo;observations (cartes satellitaires de temp\u00e9rature de surface de la mer), aux analyses de [&hellip;]<\/p>\n","protected":false},"featured_media":7314,"template":"","categories":[42],"bulletin-templates":[],"bulletins-type":[2409],"translation-status":[2454],"class_list":["post-10522","bulletin","type-bulletin","status-publish","has-post-thumbnail","hentry","category-marine-heatwave-bulletin","bulletins-type-vague-de-chaleur-marines"],"acf":[],"yoast_head":"<!-- This site is optimized with the Yoast SEO plugin v27.4 - https:\/\/yoast.com\/product\/yoast-seo-wordpress\/ -->\n<title>Mercator Ocean : bulletin de canicule marine pour le 3 juillet 2023 - Mercator Ocean International<\/title>\n<meta name=\"robots\" content=\"index, follow, max-snippet:-1, max-image-preview:large, max-video-preview:-1\" \/>\n<link rel=\"canonical\" href=\"https:\/\/www.mercator-ocean.eu\/fr\/bulletin\/vagues-chaleur-europe-juin-2023\/\" \/>\n<meta property=\"og:locale\" content=\"fr_FR\" \/>\n<meta property=\"og:type\" content=\"article\" \/>\n<meta property=\"og:title\" content=\"Mercator Ocean : bulletin de canicule marine pour le 3 juillet 2023 - Mercator Ocean International\" \/>\n<meta property=\"og:description\" content=\"Les oc\u00e9anographes de Mercator Ocean International examinent les vagues de chaleur marine \u00e0 travers l&rsquo;oc\u00e9an mondial pour le mois de juin et les pr\u00e9visions pour la premi\u00e8re partie du mois de juillet 2023. Ils analysent divers jeux de donn\u00e9es allant des analyses d&rsquo;observations (cartes satellitaires de temp\u00e9rature de surface de la mer), aux analyses de [&hellip;]\" \/>\n<meta property=\"og:url\" content=\"https:\/\/www.mercator-ocean.eu\/fr\/bulletin\/vagues-chaleur-europe-juin-2023\/\" \/>\n<meta property=\"og:site_name\" content=\"Mercator Ocean International\" \/>\n<meta property=\"article:publisher\" content=\"https:\/\/www.facebook.com\/MercatorOcean\" \/>\n<meta property=\"article:modified_time\" content=\"2025-05-26T12:43:33+00:00\" \/>\n<meta property=\"og:image\" content=\"https:\/\/www.mercator-ocean.eu\/wp-content\/uploads\/2024\/03\/MarineHeatWaveBulletin_BG2LogoBlanc-min.png\" \/>\n\t<meta property=\"og:image:width\" content=\"1920\" \/>\n\t<meta property=\"og:image:height\" content=\"1080\" \/>\n\t<meta property=\"og:image:type\" content=\"image\/png\" \/>\n<meta name=\"twitter:card\" content=\"summary_large_image\" \/>\n<meta name=\"twitter:site\" content=\"@MercatorOcean\" \/>\n<meta name=\"twitter:label1\" content=\"Dur\u00e9e de lecture estim\u00e9e\" \/>\n\t<meta name=\"twitter:data1\" content=\"4 minutes\" \/>\n<script type=\"application\/ld+json\" class=\"yoast-schema-graph\">{\"@context\":\"https:\\\/\\\/schema.org\",\"@graph\":[{\"@type\":\"WebPage\",\"@id\":\"https:\\\/\\\/www.mercator-ocean.eu\\\/fr\\\/bulletin\\\/vagues-chaleur-europe-juin-2023\\\/\",\"url\":\"https:\\\/\\\/www.mercator-ocean.eu\\\/fr\\\/bulletin\\\/vagues-chaleur-europe-juin-2023\\\/\",\"name\":\"Mercator Ocean : bulletin de canicule marine pour le 3 juillet 2023 - Mercator Ocean International\",\"isPartOf\":{\"@id\":\"https:\\\/\\\/www.mercator-ocean.eu\\\/fr\\\/#website\"},\"primaryImageOfPage\":{\"@id\":\"https:\\\/\\\/www.mercator-ocean.eu\\\/fr\\\/bulletin\\\/vagues-chaleur-europe-juin-2023\\\/#primaryimage\"},\"image\":{\"@id\":\"https:\\\/\\\/www.mercator-ocean.eu\\\/fr\\\/bulletin\\\/vagues-chaleur-europe-juin-2023\\\/#primaryimage\"},\"thumbnailUrl\":\"https:\\\/\\\/www.mercator-ocean.eu\\\/wp-content\\\/uploads\\\/2024\\\/03\\\/MarineHeatWaveBulletin_BG2LogoBlanc-min.png\",\"datePublished\":\"2023-07-04T00:00:00+00:00\",\"dateModified\":\"2025-05-26T12:43:33+00:00\",\"breadcrumb\":{\"@id\":\"https:\\\/\\\/www.mercator-ocean.eu\\\/fr\\\/bulletin\\\/vagues-chaleur-europe-juin-2023\\\/#breadcrumb\"},\"inLanguage\":\"fr-FR\",\"potentialAction\":[{\"@type\":\"ReadAction\",\"target\":[\"https:\\\/\\\/www.mercator-ocean.eu\\\/fr\\\/bulletin\\\/vagues-chaleur-europe-juin-2023\\\/\"]}]},{\"@type\":\"ImageObject\",\"inLanguage\":\"fr-FR\",\"@id\":\"https:\\\/\\\/www.mercator-ocean.eu\\\/fr\\\/bulletin\\\/vagues-chaleur-europe-juin-2023\\\/#primaryimage\",\"url\":\"https:\\\/\\\/www.mercator-ocean.eu\\\/wp-content\\\/uploads\\\/2024\\\/03\\\/MarineHeatWaveBulletin_BG2LogoBlanc-min.png\",\"contentUrl\":\"https:\\\/\\\/www.mercator-ocean.eu\\\/wp-content\\\/uploads\\\/2024\\\/03\\\/MarineHeatWaveBulletin_BG2LogoBlanc-min.png\",\"width\":1920,\"height\":1080},{\"@type\":\"BreadcrumbList\",\"@id\":\"https:\\\/\\\/www.mercator-ocean.eu\\\/fr\\\/bulletin\\\/vagues-chaleur-europe-juin-2023\\\/#breadcrumb\",\"itemListElement\":[{\"@type\":\"ListItem\",\"position\":1,\"name\":\"Home\",\"item\":\"https:\\\/\\\/www.mercator-ocean.eu\\\/fr\\\/\"},{\"@type\":\"ListItem\",\"position\":2,\"name\":\"Mercator Ocean : bulletin de canicule marine pour le 3 juillet 2023\"}]},{\"@type\":\"WebSite\",\"@id\":\"https:\\\/\\\/www.mercator-ocean.eu\\\/fr\\\/#website\",\"url\":\"https:\\\/\\\/www.mercator-ocean.eu\\\/fr\\\/\",\"name\":\"Mercator Ocean International\",\"description\":\"\",\"publisher\":{\"@id\":\"https:\\\/\\\/www.mercator-ocean.eu\\\/fr\\\/#organization\"},\"potentialAction\":[{\"@type\":\"SearchAction\",\"target\":{\"@type\":\"EntryPoint\",\"urlTemplate\":\"https:\\\/\\\/www.mercator-ocean.eu\\\/fr\\\/?s={search_term_string}\"},\"query-input\":{\"@type\":\"PropertyValueSpecification\",\"valueRequired\":true,\"valueName\":\"search_term_string\"}}],\"inLanguage\":\"fr-FR\"},{\"@type\":\"Organization\",\"@id\":\"https:\\\/\\\/www.mercator-ocean.eu\\\/fr\\\/#organization\",\"name\":\"Mercator Ocean International\",\"url\":\"https:\\\/\\\/www.mercator-ocean.eu\\\/fr\\\/\",\"logo\":{\"@type\":\"ImageObject\",\"inLanguage\":\"fr-FR\",\"@id\":\"https:\\\/\\\/www.mercator-ocean.eu\\\/fr\\\/#\\\/schema\\\/logo\\\/image\\\/\",\"url\":\"https:\\\/\\\/www.mercator-ocean.eu\\\/wp-content\\\/uploads\\\/2024\\\/12\\\/logo-mercator.png\",\"contentUrl\":\"https:\\\/\\\/www.mercator-ocean.eu\\\/wp-content\\\/uploads\\\/2024\\\/12\\\/logo-mercator.png\",\"width\":541,\"height\":547,\"caption\":\"Mercator Ocean International\"},\"image\":{\"@id\":\"https:\\\/\\\/www.mercator-ocean.eu\\\/fr\\\/#\\\/schema\\\/logo\\\/image\\\/\"},\"sameAs\":[\"https:\\\/\\\/www.facebook.com\\\/MercatorOcean\",\"https:\\\/\\\/x.com\\\/MercatorOcean\",\"https:\\\/\\\/www.instagram.com\\\/mercator_ocean\\\/\",\"https:\\\/\\\/www.linkedin.com\\\/company\\\/mercator-ocean\\\/\",\"https:\\\/\\\/www.youtube.com\\\/user\\\/MERCATOROCEAN\"]}]}<\/script>\n<!-- \/ Yoast SEO plugin. -->","yoast_head_json":{"title":"Mercator Ocean : bulletin de canicule marine pour le 3 juillet 2023 - Mercator Ocean International","robots":{"index":"index","follow":"follow","max-snippet":"max-snippet:-1","max-image-preview":"max-image-preview:large","max-video-preview":"max-video-preview:-1"},"canonical":"https:\/\/www.mercator-ocean.eu\/fr\/bulletin\/vagues-chaleur-europe-juin-2023\/","og_locale":"fr_FR","og_type":"article","og_title":"Mercator Ocean : bulletin de canicule marine pour le 3 juillet 2023 - Mercator Ocean International","og_description":"Les oc\u00e9anographes de Mercator Ocean International examinent les vagues de chaleur marine \u00e0 travers l&rsquo;oc\u00e9an mondial pour le mois de juin et les pr\u00e9visions pour la premi\u00e8re partie du mois de juillet 2023. Ils analysent divers jeux de donn\u00e9es allant des analyses d&rsquo;observations (cartes satellitaires de temp\u00e9rature de surface de la mer), aux analyses de [&hellip;]","og_url":"https:\/\/www.mercator-ocean.eu\/fr\/bulletin\/vagues-chaleur-europe-juin-2023\/","og_site_name":"Mercator Ocean International","article_publisher":"https:\/\/www.facebook.com\/MercatorOcean","article_modified_time":"2025-05-26T12:43:33+00:00","og_image":[{"width":1920,"height":1080,"url":"https:\/\/www.mercator-ocean.eu\/wp-content\/uploads\/2024\/03\/MarineHeatWaveBulletin_BG2LogoBlanc-min.png","type":"image\/png"}],"twitter_card":"summary_large_image","twitter_site":"@MercatorOcean","twitter_misc":{"Dur\u00e9e de lecture estim\u00e9e":"4 minutes"},"schema":{"@context":"https:\/\/schema.org","@graph":[{"@type":"WebPage","@id":"https:\/\/www.mercator-ocean.eu\/fr\/bulletin\/vagues-chaleur-europe-juin-2023\/","url":"https:\/\/www.mercator-ocean.eu\/fr\/bulletin\/vagues-chaleur-europe-juin-2023\/","name":"Mercator Ocean : bulletin de canicule marine pour le 3 juillet 2023 - Mercator Ocean International","isPartOf":{"@id":"https:\/\/www.mercator-ocean.eu\/fr\/#website"},"primaryImageOfPage":{"@id":"https:\/\/www.mercator-ocean.eu\/fr\/bulletin\/vagues-chaleur-europe-juin-2023\/#primaryimage"},"image":{"@id":"https:\/\/www.mercator-ocean.eu\/fr\/bulletin\/vagues-chaleur-europe-juin-2023\/#primaryimage"},"thumbnailUrl":"https:\/\/www.mercator-ocean.eu\/wp-content\/uploads\/2024\/03\/MarineHeatWaveBulletin_BG2LogoBlanc-min.png","datePublished":"2023-07-04T00:00:00+00:00","dateModified":"2025-05-26T12:43:33+00:00","breadcrumb":{"@id":"https:\/\/www.mercator-ocean.eu\/fr\/bulletin\/vagues-chaleur-europe-juin-2023\/#breadcrumb"},"inLanguage":"fr-FR","potentialAction":[{"@type":"ReadAction","target":["https:\/\/www.mercator-ocean.eu\/fr\/bulletin\/vagues-chaleur-europe-juin-2023\/"]}]},{"@type":"ImageObject","inLanguage":"fr-FR","@id":"https:\/\/www.mercator-ocean.eu\/fr\/bulletin\/vagues-chaleur-europe-juin-2023\/#primaryimage","url":"https:\/\/www.mercator-ocean.eu\/wp-content\/uploads\/2024\/03\/MarineHeatWaveBulletin_BG2LogoBlanc-min.png","contentUrl":"https:\/\/www.mercator-ocean.eu\/wp-content\/uploads\/2024\/03\/MarineHeatWaveBulletin_BG2LogoBlanc-min.png","width":1920,"height":1080},{"@type":"BreadcrumbList","@id":"https:\/\/www.mercator-ocean.eu\/fr\/bulletin\/vagues-chaleur-europe-juin-2023\/#breadcrumb","itemListElement":[{"@type":"ListItem","position":1,"name":"Home","item":"https:\/\/www.mercator-ocean.eu\/fr\/"},{"@type":"ListItem","position":2,"name":"Mercator Ocean : bulletin de canicule marine pour le 3 juillet 2023"}]},{"@type":"WebSite","@id":"https:\/\/www.mercator-ocean.eu\/fr\/#website","url":"https:\/\/www.mercator-ocean.eu\/fr\/","name":"Mercator Ocean International","description":"","publisher":{"@id":"https:\/\/www.mercator-ocean.eu\/fr\/#organization"},"potentialAction":[{"@type":"SearchAction","target":{"@type":"EntryPoint","urlTemplate":"https:\/\/www.mercator-ocean.eu\/fr\/?s={search_term_string}"},"query-input":{"@type":"PropertyValueSpecification","valueRequired":true,"valueName":"search_term_string"}}],"inLanguage":"fr-FR"},{"@type":"Organization","@id":"https:\/\/www.mercator-ocean.eu\/fr\/#organization","name":"Mercator Ocean International","url":"https:\/\/www.mercator-ocean.eu\/fr\/","logo":{"@type":"ImageObject","inLanguage":"fr-FR","@id":"https:\/\/www.mercator-ocean.eu\/fr\/#\/schema\/logo\/image\/","url":"https:\/\/www.mercator-ocean.eu\/wp-content\/uploads\/2024\/12\/logo-mercator.png","contentUrl":"https:\/\/www.mercator-ocean.eu\/wp-content\/uploads\/2024\/12\/logo-mercator.png","width":541,"height":547,"caption":"Mercator Ocean International"},"image":{"@id":"https:\/\/www.mercator-ocean.eu\/fr\/#\/schema\/logo\/image\/"},"sameAs":["https:\/\/www.facebook.com\/MercatorOcean","https:\/\/x.com\/MercatorOcean","https:\/\/www.instagram.com\/mercator_ocean\/","https:\/\/www.linkedin.com\/company\/mercator-ocean\/","https:\/\/www.youtube.com\/user\/MERCATOROCEAN"]}]}},"_links":{"self":[{"href":"https:\/\/www.mercator-ocean.eu\/fr\/wp-json\/wp\/v2\/bulletin\/10522","targetHints":{"allow":["GET"]}}],"collection":[{"href":"https:\/\/www.mercator-ocean.eu\/fr\/wp-json\/wp\/v2\/bulletin"}],"about":[{"href":"https:\/\/www.mercator-ocean.eu\/fr\/wp-json\/wp\/v2\/types\/bulletin"}],"wp:featuredmedia":[{"embeddable":true,"href":"https:\/\/www.mercator-ocean.eu\/fr\/wp-json\/wp\/v2\/media\/7314"}],"wp:attachment":[{"href":"https:\/\/www.mercator-ocean.eu\/fr\/wp-json\/wp\/v2\/media?parent=10522"}],"wp:term":[{"taxonomy":"category","embeddable":true,"href":"https:\/\/www.mercator-ocean.eu\/fr\/wp-json\/wp\/v2\/categories?post=10522"},{"taxonomy":"bulletin-templates","embeddable":true,"href":"https:\/\/www.mercator-ocean.eu\/fr\/wp-json\/wp\/v2\/bulletin-templates?post=10522"},{"taxonomy":"bulletins-type","embeddable":true,"href":"https:\/\/www.mercator-ocean.eu\/fr\/wp-json\/wp\/v2\/bulletins-type?post=10522"},{"taxonomy":"translation-status","embeddable":true,"href":"https:\/\/www.mercator-ocean.eu\/fr\/wp-json\/wp\/v2\/translation-status?post=10522"}],"curies":[{"name":"wp","href":"https:\/\/api.w.org\/{rel}","templated":true}]}}