{"id":10576,"date":"2023-10-23T00:00:00","date_gmt":"2023-10-23T00:00:00","guid":{"rendered":"https:\/\/www.mercator-ocean.eu\/vagues-chaleur-marine-20-oct-2023\/"},"modified":"2025-05-26T12:43:39","modified_gmt":"2025-05-26T12:43:39","slug":"vagues-chaleur-marine-20-oct-2023","status":"publish","type":"bulletin","link":"https:\/\/www.mercator-ocean.eu\/fr\/bulletin\/vagues-chaleur-marine-20-oct-2023\/","title":{"rendered":"Bulletin de canicule marine &#8211; 20 octobre 2023"},"content":{"rendered":"<p class=\"has-medium-font-size\"><strong><strong>Les oc\u00e9anographes de Mercator Ocean International (MOi) examinent les vagues de chaleur marine \u00e0 travers l&rsquo;oc\u00e9an mondial. Ils analysent une vari\u00e9t\u00e9 d&rsquo;ensembles de donn\u00e9es allant des analyses d&rsquo;observation (cartes de temp\u00e9rature de surface de la mer par satellite) aux analyses de mod\u00e8les (assimilation des observations par satellite et in situ) et aux pr\u00e9visions de mod\u00e8les<sup>. \u00b9<\/sup><\/strong><\/strong><\/p><h2 class=\"wp-block-heading\">Bilan pour octobre 17<\/h2><h5 class=\"wp-block-heading\">Zone Europe<\/h5><ul class=\"wp-block-list\"><li>la canicule marine le long de la c\u00f4te <strong>atlantique<\/strong> est toujours pr\u00e9sente, avec des cat\u00e9gories mod\u00e9r\u00e9es \u00e0 s\u00e9v\u00e8res, voire localement s\u00e9v\u00e8res, sur une large zone allant de la p\u00e9ninsule ib\u00e9rique \u00e0 la Manche. <\/li><li>La vague de chaleur marine en <strong>M\u00e9diterran\u00e9e<\/strong> occidentale s&rsquo;intensifie, avec une couverture plus \u00e9tendue des cat\u00e9gories s\u00e9v\u00e8res. <\/li><li>Les anomalies hebdomadaires de temp\u00e9rature vont de 1,5\u00b0C \u00e0 plus de 3\u00b0C le long de la c\u00f4te atlantique et en M\u00e9diterran\u00e9e occidentale.<\/li><\/ul><div class=\"wp-block-image\"><figure class=\"aligncenter size-large\"><img decoding=\"async\" src=\"https:\/\/www.mercator-ocean.eu\/wp-content\/uploads\/2023\/10\/categ_global_GLO12_ANA_2023-10-17-1-1024x561.jpg\" alt=\"\" class=\"wp-image-31630\"\/><figcaption>Figure 1 : Carte des cat\u00e9gories de vagues de chaleur marine pour l&rsquo;oc\u00e9an mondial pour le 17 octobre 2023. Analyse GLO12. Source : Mercator Ocean International : Mercator Ocean International<\/figcaption><\/figure><\/div><h5 class=\"wp-block-heading\">Zone globale<\/h5><ul class=\"wp-block-list\"><li>Dans l&rsquo; <strong>Atlantique tropical<\/strong>, la vague de chaleur marine qui s&rsquo;\u00e9tend de la p\u00e9ninsule ib\u00e9rique \u00e0 l&rsquo;\u00e9quateur s&rsquo;intensifie, devenant s\u00e9v\u00e8re sur toute la zone comprise entre 30\u00b0N et l&rsquo;\u00e9quateur. Les anomalies de temp\u00e9rature associ\u00e9es sont de l&rsquo;ordre de<strong> 1\u00b0C \u00e0 2\u00b0C<\/strong>. La zone de canicule marine couvrant le Golfe du Mexique et la Mer des Cara\u00efbes reste \u00e0 un niveau \u00e9lev\u00e9, dans la cat\u00e9gorie forte \u00e0 s\u00e9v\u00e8re, avec localement des cat\u00e9gories extr\u00eames. Les anomalies hebdomadaires de temp\u00e9rature dans ces zones sont de l&rsquo;ordre de<strong> 1,5\u00b0C<\/strong>. <\/li><li>Dans le<strong> Pacifique tropical<\/strong>, la vague de chaleur marine li\u00e9e \u00e0 la formation d&rsquo; <em>El Ni\u00f1o<\/em> reste stable \u00e0 une intensit\u00e9 mod\u00e9r\u00e9e. L&rsquo;anomalie hebdomadaire de temp\u00e9rature dans la partie orientale du bassin est de l&rsquo;ordre de <strong>1,5\u00b0C \u00e0 3\u00b0C<\/strong>. <\/li><li>Dans le <strong>Pacifique Nord<\/strong>, la vague de chaleur marine est toujours pr\u00e9sente mais diminue \u00e0 un niveau mod\u00e9r\u00e9. Les anomalies hebdomadaires de temp\u00e9rature sont de l&rsquo;ordre de <strong>1 \u00e0 2\u00b0C<\/strong>. <\/li><li>Dans l&rsquo;ouest de l<strong> &lsquo;oc\u00e9an Indien<\/strong>, la vague de chaleur marine au large de Madagascar et dans la mer d&rsquo;Arabie s&rsquo;intensifie, avec davantage de zones affect\u00e9es par des cat\u00e9gories fortes. Les anomalies hebdomadaires de temp\u00e9rature sont de l&rsquo;ordre de <strong>1\u00b0C \u00e0 2\u00b0C<\/strong>. <\/li><\/ul><div class=\"wp-block-image\"><figure class=\"aligncenter size-large\"><img decoding=\"async\" src=\"https:\/\/www.mercator-ocean.eu\/wp-content\/uploads\/2023\/10\/categ_global_GLO12_FCST_2023-10-17-2-1024x561.jpg\" alt=\"\" class=\"wp-image-31634\"\/><figcaption><em>Figure 2 : Carte des cat\u00e9gories de vagues de chaleur marine pour l&rsquo;oc\u00e9an mondial pour le 24 octobre 2023. Analyse GLO12. Source : Mercator Ocean International : Mercator Ocean International<\/em><\/figcaption><\/figure><\/div><h2 class=\"wp-block-heading\">Pr\u00e9visions pour le 24 octobre<\/h2><h5 class=\"wp-block-heading\">Zone Europe <\/h5><ul class=\"wp-block-list\"><li>Pour le 24 octobre, le syst\u00e8me de pr\u00e9vision de Mercator Ocean International (MOI) pr\u00e9voit une tr\u00e8s forte r\u00e9duction de la canicule marine le long de la c\u00f4te <strong>atlantique<\/strong> et autour de la p\u00e9ninsule ib\u00e9rique, o\u00f9 il ne reste plus que des zones de cat\u00e9gorie mod\u00e9r\u00e9e. <\/li><li>En revanche, la vague de chaleur marine autour de la Corse reste stable \u00e0 des niveaux forts \u00e0 localement s\u00e9v\u00e8res.<\/li><\/ul><h5 class=\"wp-block-heading\">Zone globale<\/h5><ul class=\"wp-block-list\"><li>Pour le 24 octobre, le MOI pr\u00e9voit une vague de chaleur marine stable en \u00e9tendue dans l&rsquo; <strong>Atlantique tropical<\/strong>, mais qui deviendra moins intense avec des passages de cat\u00e9gorie forte \u00e0 mod\u00e9r\u00e9e. La vague de chaleur marine dans la mer des Cara\u00efbes et le golfe du Mexique restera localement forte \u00e0 extr\u00eame.<\/li><\/ul><ul class=\"wp-block-list\"><li>Dans le<strong> Pacifique tropical<\/strong>, la situation reste stable.<\/li><\/ul><ul class=\"wp-block-list\"><li>La vague de chaleur marine dans le <strong>Pacifique Nord<\/strong> continue de s&rsquo;att\u00e9nuer, passant essentiellement \u00e0 la cat\u00e9gorie mod\u00e9r\u00e9e.<\/li><\/ul><ul class=\"wp-block-list\"><li>La vague de chaleur marine dans l&rsquo;ouest de l&rsquo; <strong>oc\u00e9an Indien <\/strong>est toujours pr\u00e9sente. La zone situ\u00e9e \u00e0 l&rsquo;ouest de la mer d&rsquo;Oman perd de son intensit\u00e9, passant de s\u00e9v\u00e8re \u00e0 forte ; plus \u00e0 l&rsquo;est, le long de la c\u00f4te ouest de l&rsquo;Inde, le minist\u00e8re de l&rsquo;environnement pr\u00e9voit une intensification de la vague de chaleur marine, qui passera \u00e0 une cat\u00e9gorie s\u00e9v\u00e8re.<\/li><\/ul><h2 class=\"wp-block-heading\">Qu&rsquo;est-ce qu&rsquo;une vague de chaleur marine ?<\/h2><p>Les vagues de chaleur marine (VTM) sont des hausses extr\u00eames de la temp\u00e9rature de l&rsquo;oc\u00e9an pendant une p\u00e9riode prolong\u00e9e. Elles peuvent se produire \u00e0 diff\u00e9rents endroits de l&rsquo;oc\u00e9an, et leur ampleur et leur fr\u00e9quence ont augment\u00e9 au cours des deux derni\u00e8res d\u00e9cennies, ce qui a eu des effets n\u00e9fastes sur les \u00e9cosyst\u00e8mes et les activit\u00e9s humaines. Selon le dernier rapport publi\u00e9 par le groupe d&rsquo;experts intergouvernemental sur l&rsquo;\u00e9volution du climat (GIEC AR6 SYR), on estime avec un degr\u00e9 de confiance \u00e9lev\u00e9 qu&rsquo;\u00e0 court terme, avec un r\u00e9chauffement plan\u00e9taire de 1,5 \u00b0C, la fr\u00e9quence croissante des vagues de chaleur marine augmentera les risques de perte de biodiversit\u00e9 dans les oc\u00e9ans, notamment en raison d&rsquo;\u00e9v\u00e9nements de mortalit\u00e9<sup>massive2<\/sup><\/p><h2 class=\"wp-block-heading\">Comment sont calcul\u00e9es les vagues de chaleur marine ?<\/h2><p>Une vague de chaleur marine est un \u00e9pisode de chaleur au cours duquel la temp\u00e9rature est significativement sup\u00e9rieure \u00e0 un certain seuil pendant au moins 5 jours cons\u00e9cutifs.<\/p><div class=\"wp-block-image\"><figure class=\"aligncenter size-large is-resized\"><img fetchpriority=\"high\" decoding=\"async\" src=\"https:\/\/www.mercator-ocean.eu\/wp-content\/uploads\/2023\/07\/Picture2-4.png\" alt=\"\" class=\"wp-image-29803\" width=\"740\" height=\"485\"\/><figcaption><em>Figure 4 : Adapt\u00e9e de Hobday et al. (2018)<\/em><\/figcaption><\/figure><\/div><p>Le seuil &nbsp;variable selon les saisons est d\u00e9fini quotidiennement en fonction d&rsquo;une p\u00e9riode climatique suffisamment longue (en l&rsquo;occurrence 1993-2016). Ainsi, pour un lieu et un jour donn\u00e9, connaissant l&rsquo;ensemble des temp\u00e9ratures de surface observ\u00e9es sur les 30 derni\u00e8res ann\u00e9es, une situation de canicule est d\u00e9finie comme une situation o\u00f9 la temp\u00e9rature mesur\u00e9e est comprise dans les 10 % des valeurs maximales observ\u00e9es (c&rsquo;est-\u00e0-dire au-dessus du 90e quantile, voir sch\u00e9ma), pendant au moins 5 jours cons\u00e9cutifs.<\/p><p>Les principales caract\u00e9ristiques des canicules sont leur dur\u00e9e et leur intensit\u00e9. L&rsquo;intensit\u00e9 pour un jour donn\u00e9 correspond \u00e0 la valeur en degr\u00e9s au-dessus du 90e quantile (fl\u00e8che bleue), qui peut \u00eatre calcul\u00e9e soit comme l&rsquo;intensit\u00e9 cumul\u00e9e tout au long de l&rsquo;\u00e9pisode de canicule, soit comme l&rsquo;intensit\u00e9 maximale.<\/p><p>Les vagues de chaleur sont class\u00e9es en fonction de leur \u00e9cart par rapport \u00e0 la temp\u00e9rature moyenne ou anomalie (fl\u00e8che verte) : un \u00e9cart de plus de 2 fois la diff\u00e9rence entre le 90e quantile et la moyenne correspond \u00e0 une vague de chaleur de la cat\u00e9gorie forte ; un \u00e9cart de plus de 3 fois correspond \u00e0 une vague de chaleur de la cat\u00e9gorie s\u00e9v\u00e8re ; et un \u00e9cart de plus de 4 fois correspond \u00e0 une vague de chaleur de la cat\u00e9gorie extr\u00eame.<\/p><hr class=\"wp-block-separator\"\/><p>\u00b9Analyse des ensembles de donn\u00e9es : Analyse des observations de la temp\u00e9rature de surface de la mer OSTIA (Copernicus Marine Service), analyse des observations de la temp\u00e9rature de surface de la mer OISST (NOAA), mod\u00e8le GLO12 (Copernicus Marine Service, Mercator Ocean International)<\/p><p>\u00b2 IPCC AR6 SYR 4.3 https:\/\/www.ipcc.ch\/report\/ar6\/syr\/downloads\/report\/IPCC_AR6_SYR_LongerReport.pdf<\/p>\n\n\n\n\n\n\n\n\n\n\n\n\n\n\n\n\n\n\n\n\n\n\n\n\n\n\n\n\n\n\n\n\n\n\n\n\n\n\n\n\n\n\n\n\n\n\n\n\n\n\n\n\n\n\n\n\n\n\n\n\n\n\n\n\n\n\n\n\n\n\n\n\n\n\n\n\n\n\n\n\n\n\n\n\n\n\n\n\n\n\n\n\n\n\n\n\n\n\n\n\n\n\n\n\n\n","protected":false},"excerpt":{"rendered":"<p>Les oc\u00e9anographes de Mercator Ocean International (MOi) examinent les vagues de chaleur marine \u00e0 travers l&rsquo;oc\u00e9an mondial. Ils analysent une vari\u00e9t\u00e9 d&rsquo;ensembles de donn\u00e9es allant des analyses d&rsquo;observation (cartes de temp\u00e9rature de surface de la mer par satellite) aux analyses de mod\u00e8les (assimilation des observations par satellite et in situ) et aux pr\u00e9visions de mod\u00e8les. [&hellip;]<\/p>\n","protected":false},"featured_media":7314,"template":"","categories":[42],"bulletin-templates":[],"bulletins-type":[2409],"translation-status":[2454],"class_list":["post-10576","bulletin","type-bulletin","status-publish","has-post-thumbnail","hentry","category-marine-heatwave-bulletin","bulletins-type-vague-de-chaleur-marines"],"acf":[],"yoast_head":"<!-- This site is optimized with the Yoast SEO plugin v27.4 - https:\/\/yoast.com\/product\/yoast-seo-wordpress\/ -->\n<title>Bulletin de canicule marine - 20 octobre 2023 - Mercator Ocean International<\/title>\n<meta name=\"robots\" content=\"index, follow, max-snippet:-1, max-image-preview:large, max-video-preview:-1\" \/>\n<link rel=\"canonical\" href=\"https:\/\/www.mercator-ocean.eu\/fr\/bulletin\/vagues-chaleur-marine-20-oct-2023\/\" \/>\n<meta property=\"og:locale\" content=\"fr_FR\" \/>\n<meta property=\"og:type\" content=\"article\" \/>\n<meta property=\"og:title\" content=\"Bulletin de canicule marine - 20 octobre 2023 - Mercator Ocean International\" \/>\n<meta property=\"og:description\" content=\"Les oc\u00e9anographes de Mercator Ocean International (MOi) examinent les vagues de chaleur marine \u00e0 travers l&rsquo;oc\u00e9an mondial. Ils analysent une vari\u00e9t\u00e9 d&rsquo;ensembles de donn\u00e9es allant des analyses d&rsquo;observation (cartes de temp\u00e9rature de surface de la mer par satellite) aux analyses de mod\u00e8les (assimilation des observations par satellite et in situ) et aux pr\u00e9visions de mod\u00e8les. [&hellip;]\" \/>\n<meta property=\"og:url\" content=\"https:\/\/www.mercator-ocean.eu\/fr\/bulletin\/vagues-chaleur-marine-20-oct-2023\/\" \/>\n<meta property=\"og:site_name\" content=\"Mercator Ocean International\" \/>\n<meta property=\"article:publisher\" content=\"https:\/\/www.facebook.com\/MercatorOcean\" \/>\n<meta property=\"article:modified_time\" content=\"2025-05-26T12:43:39+00:00\" \/>\n<meta property=\"og:image\" content=\"https:\/\/www.mercator-ocean.eu\/wp-content\/uploads\/2024\/03\/MarineHeatWaveBulletin_BG2LogoBlanc-min.png\" \/>\n\t<meta property=\"og:image:width\" content=\"1920\" \/>\n\t<meta property=\"og:image:height\" content=\"1080\" \/>\n\t<meta property=\"og:image:type\" content=\"image\/png\" \/>\n<meta name=\"twitter:card\" content=\"summary_large_image\" \/>\n<meta name=\"twitter:site\" content=\"@MercatorOcean\" \/>\n<meta name=\"twitter:label1\" content=\"Dur\u00e9e de lecture estim\u00e9e\" \/>\n\t<meta name=\"twitter:data1\" content=\"6 minutes\" \/>\n<script type=\"application\/ld+json\" class=\"yoast-schema-graph\">{\"@context\":\"https:\\\/\\\/schema.org\",\"@graph\":[{\"@type\":\"WebPage\",\"@id\":\"https:\\\/\\\/www.mercator-ocean.eu\\\/fr\\\/bulletin\\\/vagues-chaleur-marine-20-oct-2023\\\/\",\"url\":\"https:\\\/\\\/www.mercator-ocean.eu\\\/fr\\\/bulletin\\\/vagues-chaleur-marine-20-oct-2023\\\/\",\"name\":\"Bulletin de canicule marine - 20 octobre 2023 - Mercator Ocean International\",\"isPartOf\":{\"@id\":\"https:\\\/\\\/www.mercator-ocean.eu\\\/fr\\\/#website\"},\"primaryImageOfPage\":{\"@id\":\"https:\\\/\\\/www.mercator-ocean.eu\\\/fr\\\/bulletin\\\/vagues-chaleur-marine-20-oct-2023\\\/#primaryimage\"},\"image\":{\"@id\":\"https:\\\/\\\/www.mercator-ocean.eu\\\/fr\\\/bulletin\\\/vagues-chaleur-marine-20-oct-2023\\\/#primaryimage\"},\"thumbnailUrl\":\"https:\\\/\\\/www.mercator-ocean.eu\\\/wp-content\\\/uploads\\\/2024\\\/03\\\/MarineHeatWaveBulletin_BG2LogoBlanc-min.png\",\"datePublished\":\"2023-10-23T00:00:00+00:00\",\"dateModified\":\"2025-05-26T12:43:39+00:00\",\"breadcrumb\":{\"@id\":\"https:\\\/\\\/www.mercator-ocean.eu\\\/fr\\\/bulletin\\\/vagues-chaleur-marine-20-oct-2023\\\/#breadcrumb\"},\"inLanguage\":\"fr-FR\",\"potentialAction\":[{\"@type\":\"ReadAction\",\"target\":[\"https:\\\/\\\/www.mercator-ocean.eu\\\/fr\\\/bulletin\\\/vagues-chaleur-marine-20-oct-2023\\\/\"]}]},{\"@type\":\"ImageObject\",\"inLanguage\":\"fr-FR\",\"@id\":\"https:\\\/\\\/www.mercator-ocean.eu\\\/fr\\\/bulletin\\\/vagues-chaleur-marine-20-oct-2023\\\/#primaryimage\",\"url\":\"https:\\\/\\\/www.mercator-ocean.eu\\\/wp-content\\\/uploads\\\/2024\\\/03\\\/MarineHeatWaveBulletin_BG2LogoBlanc-min.png\",\"contentUrl\":\"https:\\\/\\\/www.mercator-ocean.eu\\\/wp-content\\\/uploads\\\/2024\\\/03\\\/MarineHeatWaveBulletin_BG2LogoBlanc-min.png\",\"width\":1920,\"height\":1080},{\"@type\":\"BreadcrumbList\",\"@id\":\"https:\\\/\\\/www.mercator-ocean.eu\\\/fr\\\/bulletin\\\/vagues-chaleur-marine-20-oct-2023\\\/#breadcrumb\",\"itemListElement\":[{\"@type\":\"ListItem\",\"position\":1,\"name\":\"Home\",\"item\":\"https:\\\/\\\/www.mercator-ocean.eu\\\/fr\\\/\"},{\"@type\":\"ListItem\",\"position\":2,\"name\":\"Bulletin de canicule marine &#8211; 20 octobre 2023\"}]},{\"@type\":\"WebSite\",\"@id\":\"https:\\\/\\\/www.mercator-ocean.eu\\\/fr\\\/#website\",\"url\":\"https:\\\/\\\/www.mercator-ocean.eu\\\/fr\\\/\",\"name\":\"Mercator Ocean International\",\"description\":\"\",\"publisher\":{\"@id\":\"https:\\\/\\\/www.mercator-ocean.eu\\\/fr\\\/#organization\"},\"potentialAction\":[{\"@type\":\"SearchAction\",\"target\":{\"@type\":\"EntryPoint\",\"urlTemplate\":\"https:\\\/\\\/www.mercator-ocean.eu\\\/fr\\\/?s={search_term_string}\"},\"query-input\":{\"@type\":\"PropertyValueSpecification\",\"valueRequired\":true,\"valueName\":\"search_term_string\"}}],\"inLanguage\":\"fr-FR\"},{\"@type\":\"Organization\",\"@id\":\"https:\\\/\\\/www.mercator-ocean.eu\\\/fr\\\/#organization\",\"name\":\"Mercator Ocean International\",\"url\":\"https:\\\/\\\/www.mercator-ocean.eu\\\/fr\\\/\",\"logo\":{\"@type\":\"ImageObject\",\"inLanguage\":\"fr-FR\",\"@id\":\"https:\\\/\\\/www.mercator-ocean.eu\\\/fr\\\/#\\\/schema\\\/logo\\\/image\\\/\",\"url\":\"https:\\\/\\\/www.mercator-ocean.eu\\\/wp-content\\\/uploads\\\/2024\\\/12\\\/logo-mercator.png\",\"contentUrl\":\"https:\\\/\\\/www.mercator-ocean.eu\\\/wp-content\\\/uploads\\\/2024\\\/12\\\/logo-mercator.png\",\"width\":541,\"height\":547,\"caption\":\"Mercator Ocean International\"},\"image\":{\"@id\":\"https:\\\/\\\/www.mercator-ocean.eu\\\/fr\\\/#\\\/schema\\\/logo\\\/image\\\/\"},\"sameAs\":[\"https:\\\/\\\/www.facebook.com\\\/MercatorOcean\",\"https:\\\/\\\/x.com\\\/MercatorOcean\",\"https:\\\/\\\/www.instagram.com\\\/mercator_ocean\\\/\",\"https:\\\/\\\/www.linkedin.com\\\/company\\\/mercator-ocean\\\/\",\"https:\\\/\\\/www.youtube.com\\\/user\\\/MERCATOROCEAN\"]}]}<\/script>\n<!-- \/ Yoast SEO plugin. -->","yoast_head_json":{"title":"Bulletin de canicule marine - 20 octobre 2023 - Mercator Ocean International","robots":{"index":"index","follow":"follow","max-snippet":"max-snippet:-1","max-image-preview":"max-image-preview:large","max-video-preview":"max-video-preview:-1"},"canonical":"https:\/\/www.mercator-ocean.eu\/fr\/bulletin\/vagues-chaleur-marine-20-oct-2023\/","og_locale":"fr_FR","og_type":"article","og_title":"Bulletin de canicule marine - 20 octobre 2023 - Mercator Ocean International","og_description":"Les oc\u00e9anographes de Mercator Ocean International (MOi) examinent les vagues de chaleur marine \u00e0 travers l&rsquo;oc\u00e9an mondial. Ils analysent une vari\u00e9t\u00e9 d&rsquo;ensembles de donn\u00e9es allant des analyses d&rsquo;observation (cartes de temp\u00e9rature de surface de la mer par satellite) aux analyses de mod\u00e8les (assimilation des observations par satellite et in situ) et aux pr\u00e9visions de mod\u00e8les. [&hellip;]","og_url":"https:\/\/www.mercator-ocean.eu\/fr\/bulletin\/vagues-chaleur-marine-20-oct-2023\/","og_site_name":"Mercator Ocean International","article_publisher":"https:\/\/www.facebook.com\/MercatorOcean","article_modified_time":"2025-05-26T12:43:39+00:00","og_image":[{"width":1920,"height":1080,"url":"https:\/\/www.mercator-ocean.eu\/wp-content\/uploads\/2024\/03\/MarineHeatWaveBulletin_BG2LogoBlanc-min.png","type":"image\/png"}],"twitter_card":"summary_large_image","twitter_site":"@MercatorOcean","twitter_misc":{"Dur\u00e9e de lecture estim\u00e9e":"6 minutes"},"schema":{"@context":"https:\/\/schema.org","@graph":[{"@type":"WebPage","@id":"https:\/\/www.mercator-ocean.eu\/fr\/bulletin\/vagues-chaleur-marine-20-oct-2023\/","url":"https:\/\/www.mercator-ocean.eu\/fr\/bulletin\/vagues-chaleur-marine-20-oct-2023\/","name":"Bulletin de canicule marine - 20 octobre 2023 - Mercator Ocean International","isPartOf":{"@id":"https:\/\/www.mercator-ocean.eu\/fr\/#website"},"primaryImageOfPage":{"@id":"https:\/\/www.mercator-ocean.eu\/fr\/bulletin\/vagues-chaleur-marine-20-oct-2023\/#primaryimage"},"image":{"@id":"https:\/\/www.mercator-ocean.eu\/fr\/bulletin\/vagues-chaleur-marine-20-oct-2023\/#primaryimage"},"thumbnailUrl":"https:\/\/www.mercator-ocean.eu\/wp-content\/uploads\/2024\/03\/MarineHeatWaveBulletin_BG2LogoBlanc-min.png","datePublished":"2023-10-23T00:00:00+00:00","dateModified":"2025-05-26T12:43:39+00:00","breadcrumb":{"@id":"https:\/\/www.mercator-ocean.eu\/fr\/bulletin\/vagues-chaleur-marine-20-oct-2023\/#breadcrumb"},"inLanguage":"fr-FR","potentialAction":[{"@type":"ReadAction","target":["https:\/\/www.mercator-ocean.eu\/fr\/bulletin\/vagues-chaleur-marine-20-oct-2023\/"]}]},{"@type":"ImageObject","inLanguage":"fr-FR","@id":"https:\/\/www.mercator-ocean.eu\/fr\/bulletin\/vagues-chaleur-marine-20-oct-2023\/#primaryimage","url":"https:\/\/www.mercator-ocean.eu\/wp-content\/uploads\/2024\/03\/MarineHeatWaveBulletin_BG2LogoBlanc-min.png","contentUrl":"https:\/\/www.mercator-ocean.eu\/wp-content\/uploads\/2024\/03\/MarineHeatWaveBulletin_BG2LogoBlanc-min.png","width":1920,"height":1080},{"@type":"BreadcrumbList","@id":"https:\/\/www.mercator-ocean.eu\/fr\/bulletin\/vagues-chaleur-marine-20-oct-2023\/#breadcrumb","itemListElement":[{"@type":"ListItem","position":1,"name":"Home","item":"https:\/\/www.mercator-ocean.eu\/fr\/"},{"@type":"ListItem","position":2,"name":"Bulletin de canicule marine &#8211; 20 octobre 2023"}]},{"@type":"WebSite","@id":"https:\/\/www.mercator-ocean.eu\/fr\/#website","url":"https:\/\/www.mercator-ocean.eu\/fr\/","name":"Mercator Ocean International","description":"","publisher":{"@id":"https:\/\/www.mercator-ocean.eu\/fr\/#organization"},"potentialAction":[{"@type":"SearchAction","target":{"@type":"EntryPoint","urlTemplate":"https:\/\/www.mercator-ocean.eu\/fr\/?s={search_term_string}"},"query-input":{"@type":"PropertyValueSpecification","valueRequired":true,"valueName":"search_term_string"}}],"inLanguage":"fr-FR"},{"@type":"Organization","@id":"https:\/\/www.mercator-ocean.eu\/fr\/#organization","name":"Mercator Ocean International","url":"https:\/\/www.mercator-ocean.eu\/fr\/","logo":{"@type":"ImageObject","inLanguage":"fr-FR","@id":"https:\/\/www.mercator-ocean.eu\/fr\/#\/schema\/logo\/image\/","url":"https:\/\/www.mercator-ocean.eu\/wp-content\/uploads\/2024\/12\/logo-mercator.png","contentUrl":"https:\/\/www.mercator-ocean.eu\/wp-content\/uploads\/2024\/12\/logo-mercator.png","width":541,"height":547,"caption":"Mercator Ocean International"},"image":{"@id":"https:\/\/www.mercator-ocean.eu\/fr\/#\/schema\/logo\/image\/"},"sameAs":["https:\/\/www.facebook.com\/MercatorOcean","https:\/\/x.com\/MercatorOcean","https:\/\/www.instagram.com\/mercator_ocean\/","https:\/\/www.linkedin.com\/company\/mercator-ocean\/","https:\/\/www.youtube.com\/user\/MERCATOROCEAN"]}]}},"_links":{"self":[{"href":"https:\/\/www.mercator-ocean.eu\/fr\/wp-json\/wp\/v2\/bulletin\/10576","targetHints":{"allow":["GET"]}}],"collection":[{"href":"https:\/\/www.mercator-ocean.eu\/fr\/wp-json\/wp\/v2\/bulletin"}],"about":[{"href":"https:\/\/www.mercator-ocean.eu\/fr\/wp-json\/wp\/v2\/types\/bulletin"}],"wp:featuredmedia":[{"embeddable":true,"href":"https:\/\/www.mercator-ocean.eu\/fr\/wp-json\/wp\/v2\/media\/7314"}],"wp:attachment":[{"href":"https:\/\/www.mercator-ocean.eu\/fr\/wp-json\/wp\/v2\/media?parent=10576"}],"wp:term":[{"taxonomy":"category","embeddable":true,"href":"https:\/\/www.mercator-ocean.eu\/fr\/wp-json\/wp\/v2\/categories?post=10576"},{"taxonomy":"bulletin-templates","embeddable":true,"href":"https:\/\/www.mercator-ocean.eu\/fr\/wp-json\/wp\/v2\/bulletin-templates?post=10576"},{"taxonomy":"bulletins-type","embeddable":true,"href":"https:\/\/www.mercator-ocean.eu\/fr\/wp-json\/wp\/v2\/bulletins-type?post=10576"},{"taxonomy":"translation-status","embeddable":true,"href":"https:\/\/www.mercator-ocean.eu\/fr\/wp-json\/wp\/v2\/translation-status?post=10576"}],"curies":[{"name":"wp","href":"https:\/\/api.w.org\/{rel}","templated":true}]}}