{"id":16399,"date":"2024-05-15T00:00:00","date_gmt":"2024-05-15T00:00:00","guid":{"rendered":"https:\/\/www.mercator-ocean.eu\/bulletin\/bulletin-mercator-ocean-previsions-maritimes-pour-la-canicule-14-mai-2024\/"},"modified":"2025-05-26T12:43:55","modified_gmt":"2025-05-26T12:43:55","slug":"bulletin-mercator-ocean-previsions-maritimes-pour-la-canicule-14-mai-2024","status":"publish","type":"bulletin","link":"https:\/\/www.mercator-ocean.eu\/fr\/bulletin\/bulletin-mercator-ocean-previsions-maritimes-pour-la-canicule-14-mai-2024\/","title":{"rendered":"Bulletin Mercator Ocean : Pr\u00e9visions maritimes pour la canicule &#8211; 14 mai 2024"},"content":{"rendered":"<p style=\"font-size:15px\">Les oc\u00e9anographes de Mercator Ocean International (MOi) examinent les vagues de chaleur marine \u00e0 travers l&rsquo;oc\u00e9an mondial. Ils analysent une vari\u00e9t\u00e9 d&rsquo;ensembles de donn\u00e9es allant des observations (cartes satellitaires de la temp\u00e9rature de surface de la mer) aux analyses de mod\u00e8les num\u00e9riques (assimilant les observations satellitaires et in situ) et en d\u00e9duisent des pr\u00e9visions pour une p\u00e9riode de 7 jours<a href=\"https:\/\/www.mercator-ocean.eu\/wp-admin\/post.php?post=33858&amp;action=edit#_ftn1\"><\/a><\/p><p><\/p><h2 class=\"has-text-align-center wp-block-heading\"><strong> Pr\u00e9visions pour le 14 mai<\/strong> <\/h2><div class=\"wp-block-image\"><figure class=\"aligncenter size-large\"><img decoding=\"async\" src=\"https:\/\/www.mercator-ocean.eu\/wp-content\/uploads\/2024\/05\/categ_global_GLO12_FCST_2024-05-07-1024x561.jpg\" alt=\"Carte des cat\u00e9gories de canicules marines\" class=\"wp-image-34648\"\/><figcaption><em><em>Figure 1 : Carte des cat\u00e9gories de vagues de chaleur marine pour la pr\u00e9vision du 14 mai 2024 pour l&rsquo;ensemble de l&rsquo;oc\u00e9an mondial. Analyse GLO12. Source : Mercator Ocean International<\/em><\/em><\/figcaption><\/figure><\/div><h3 class=\"has-text-align-center wp-block-heading\">Zone Europe<\/h3><h6 class=\"wp-block-heading\"><strong>Mer du Nord<\/strong><\/h6><p><strong><strong><strong><strong><strong><\/strong><\/strong><\/strong><\/strong> <\/strong>Pour le 14 mai, Mercator Ocean International pr\u00e9voit une intensification de la canicule marine en Mer du Nord avec une extension de la zone impact\u00e9e par les fortes cat\u00e9gories. La vague de chaleur marine situ\u00e9e \u00e0 l&rsquo;ouest et au sud des \u00eeles britanniques dispara\u00eet, seules des vagues de chaleur marine de cat\u00e9gorie mod\u00e9r\u00e9e persistent au nord des \u00eeles britanniques.&nbsp;<\/p><h3 class=\"has-text-align-center wp-block-heading\">Oc\u00e9an mondial<\/h3><h6 class=\"wp-block-heading\"><strong>Oc\u00e9an Atlantique&nbsp;<\/strong><\/h6><p><strong><strong><strong><strong><strong><strong><strong><strong><strong><strong><\/strong><\/strong><\/strong><\/strong><\/strong><\/strong><\/strong><\/strong><\/strong><\/strong> <strong>Atlantique Nord<\/strong> &#8211; Le MOi pr\u00e9voit que dans l&rsquo;Atlantique Nord, entre 50\u00b0W et la c\u00f4te marocaine, la vague de chaleur marine diminue d&rsquo;intensit\u00e9 et est principalement de cat\u00e9gorie mod\u00e9r\u00e9e. <br\/>Au milieu de l&rsquo;oc\u00e9an Atlantique Nord, autour de 45\u00b0N, une vague de chaleur marine mod\u00e9r\u00e9e \u00e0 s\u00e9v\u00e8re appara\u00eet&nbsp;<\/p><p><strong><strong><strong><strong><\/strong><\/strong><\/strong><\/strong> <strong>Atlantique tropical<\/strong> Nord &#8211; Dans l&rsquo;Atlantique tropical Nord, entre 50\u00b0W et la mer des Cara\u00efbes, la vague de chaleur marine diminue d&rsquo;intensit\u00e9 et est le plus souvent mod\u00e9r\u00e9e. La vague de chaleur marine au nord de l&rsquo;\u00e9quateur \u00e0 l&rsquo;est du bassin&nbsp; augmente en intensit\u00e9, devenant le plus souvent forte et s\u00e9v\u00e8re \u00e0 localement extr\u00eame. La vague de chaleur marine \u00e0 l&rsquo;\u00e9quateur continue de dispara\u00eetre.<\/p><p><strong><strong><\/strong><\/strong> <strong>Sud de l&rsquo;Atlantique tropical et \u00e0 l&rsquo;\u00e9quateur <\/strong>&#8211; La vague de chaleur marine reste stable, avec des cat\u00e9gories allant de mod\u00e9r\u00e9 \u00e0 s\u00e9v\u00e8re.&nbsp;<\/p><h6 class=\"wp-block-heading\"><strong><strong>Oc\u00e9an Austral<\/strong><\/strong><\/h6><p><strong><strong><strong><strong><strong><strong><strong><strong><\/strong><\/strong><\/strong><\/strong><\/strong><\/strong><\/strong><\/strong> La vague de chaleur marine dans l&rsquo;Oc\u00e9an Austral, au large des c\u00f4tes sud-africaines (entre 30\u00b0W et 30\u00b0E) est stable avec des cat\u00e9gories majoritairement fortes et localement extr\u00eames.&nbsp;<\/p><h6 class=\"wp-block-heading\"><strong>Oc\u00e9an Pacifique&nbsp;<\/strong><\/h6><p><strong><strong><strong><strong><strong> <\/strong><\/strong><\/strong>Tropical<\/strong><\/strong> <strong>Pacifique <\/strong>&#8211; Dans le Pacifique tropical entre 150\u00b0W et les c\u00f4tes du continent am\u00e9ricain, la vague de chaleur marine reste stable. &nbsp;<br\/><strong><\/strong>Entre 150\u00b0W et la Papouasie-Nouvelle-Guin\u00e9e, l&rsquo;intensit\u00e9 de la vague de chaleur marine diminue fortement, passant d&rsquo;une pr\u00e9dominance forte, s\u00e9v\u00e8re \u00e0 localement extr\u00eame \u00e0 une pr\u00e9dominance mod\u00e9r\u00e9e et forte.<\/p><p><strong> Pacifique Nord <\/strong>&#8211; La vague de chaleur marine situ\u00e9e autour de 45\u00b0N et 170\u00b0W diminue d&rsquo;intensit\u00e9, la surface de la cat\u00e9gorie forte passant \u00e0 mod\u00e9r\u00e9e.&nbsp;<\/p><p><strong><strong> <strong>Mers d&rsquo;Asie du Sud-Est<\/strong>&nbsp;<\/strong><\/strong>&#8211; La vague de chaleur marine au nord de la mer de Chine m\u00e9ridionale s&rsquo;att\u00e9nue.<br\/><strong><strong><\/strong><\/strong> Le reste de la vague de chaleur marine en mer de Chine m\u00e9ridionale et dans les mers d&rsquo;Asie du Sud-Est reste stable, avec des cat\u00e9gories principalement mod\u00e9r\u00e9es et fortes.&nbsp;<\/p><p><strong><strong><strong><\/strong><\/strong><\/strong> <strong>Pacifique Sud, \u00e0 l <s>&lsquo;Est<\/s>de la Nouvelle-Z\u00e9lande<\/strong> &#8211; La vague de chaleur marine reste stable.&nbsp;&nbsp;<\/p><h6 class=\"wp-block-heading\"><strong>Oc\u00e9an Indien <\/strong><\/h6><p><strong><strong><\/strong><\/strong> <strong>Mer d&rsquo;Arabie<\/strong> &#8211; La vague de chaleur marine est rest\u00e9e stable, la plupart des zones se situant dans les cat\u00e9gories mod\u00e9r\u00e9e et forte.<\/p><p><strong><strong><\/strong> Baie du Bengale<\/strong> &#8211; La vague de chaleur marine augmente en intensit\u00e9, avec une plus grande zone expos\u00e9e \u00e0 des vagues de chaleur marine de cat\u00e9gorie forte.<\/p><p><strong><strong><\/strong><\/strong> <strong>Sud de l&rsquo;Oc\u00e9an Indien, entre 30\u00b0S et 60\u00b0S<\/strong> &#8211; La vague de chaleur marine \u00e0 dominante mod\u00e9r\u00e9e \u00e0 forte reste stable.<\/p><h2 class=\"has-text-align-center wp-block-heading\"><strong> Anomalies hebdomadaires de temp\u00e9rature<\/strong><\/h2><figure class=\"wp-block-image size-large\"><img decoding=\"async\" src=\"https:\/\/www.mercator-ocean.eu\/wp-content\/uploads\/2024\/05\/Anom_global_GLO12_FCST_2024-05-07-1024x637.jpg\" alt=\"Cartes des anomalies hebdomadaires de temp\u00e9rature pour la vague de chaleur marine\" class=\"wp-image-34646\"\/><figcaption><em><em><em>Figure 2 : Carte des anomalies hebdomadaires de temp\u00e9rature de surface pour la semaine du 7 mai au 14 mai 2024. Pr\u00e9visions GLO12. Source : Mercator Ocean International<\/em><\/em><\/em><\/figcaption><\/figure><figure class=\"wp-block-table\"><table><tbody><tr><td><strong>Mer du Nord<\/strong><\/td><td><br\/>-0,5\u00b0C \u00e0 2\u00b0C<\/td><td><\/td><td><\/td><td><\/td><\/tr><tr><td><strong><strong>Oc\u00e9an Atlantique<\/strong><\/strong><\/td><td><strong>Nord<\/strong><br\/>0,5\u00b0C \u00e0 1,5\u00b0C<\/td><td><strong><strong>Nord Tropical<\/strong><\/strong><br\/>0.5\u00b0C \u00e0 2,5\u00b0C<\/td><td><strong><strong>Sud Tropical<\/strong><\/strong><br\/>0.5\u00b0C \u00e0 2\u00b0C<\/td><td><\/td><\/tr><tr><td><strong>Oc\u00e9an Austral<\/strong><\/td><td><br\/>0.5\u00b0C \u00e0 3\u00b0C<\/td><td><\/td><td><\/td><td><\/td><\/tr><tr><td><strong>Oc\u00e9an Pacifique<\/strong><\/td><td><strong><strong>Nord<\/strong><\/strong><br\/>2\u00b0C \u00e0 3\u00b0C<\/td><td><strong><strong>Tropicale<\/strong><\/strong><br\/>0.5\u00b0C \u00e0 1\u00b0C<\/td><td><strong><strong>Sud<\/strong><\/strong><br\/>1\u00b0C \u00e0 3\u00b0C<\/td><td><strong><strong>Mers d&rsquo;Asie du Sud-Est<\/strong><\/strong><br\/>0.5\u00b0C \u00e0 1,5\u00b0C<\/td><\/tr><tr><td><strong>Oc\u00e9an Indien<\/strong><\/td><td><br\/>0.5\u00b0C \u00e0 2,5\u00b0C<\/td><td><\/td><td><\/td><td><\/td><\/tr><\/tbody><\/table><\/figure><div style=\"height:20px\" aria-hidden=\"true\" class=\"wp-block-spacer\"><\/div><p><em>Consultez notre Bulletin physique mondial quotidien pour une pr\u00e9vision \u00e0 9 jours <a href=\"https:\/\/bulletin.mercator-ocean.fr\/fr\/PSY4#3\/75.50\/-50.98\" target=\"_blank\" rel=\"noreferrer noopener\">ici.<\/a><\/em><\/p><hr class=\"wp-block-separator\"\/><h2 class=\"wp-block-heading\" id=\"block-e8c1440a-fa66-4ddb-81dc-c597ebb3ce42\">Qu&rsquo;est-ce qu&rsquo;une vague de chaleur marine ?<\/h2><p id=\"block-a69109bf-b649-46df-b985-b95bec863f7d\">Les vagues de chaleur marine sont des hausses extr\u00eames de la temp\u00e9rature des oc\u00e9ans pendant une p\u00e9riode prolong\u00e9e. Ils peuvent se produire \u00e0 diff\u00e9rents endroits de l&rsquo;oc\u00e9an, et leur ampleur et leur fr\u00e9quence ont augment\u00e9 au cours des deux derni\u00e8res d\u00e9cennies, avec des effets n\u00e9fastes sur les \u00e9cosyst\u00e8mes et les activit\u00e9s humaines. Selon le dernier rapport publi\u00e9 par le Groupe d&rsquo;experts intergouvernemental sur l&rsquo;\u00e9volution du climat (GIEC AR6 SYR), on estime avec un degr\u00e9 de confiance \u00e9lev\u00e9 qu&rsquo;\u00e0 court terme, avec un r\u00e9chauffement climatique de 1,5 \u00b0C, la fr\u00e9quence croissante des vagues de chaleur marine augmentera les risques de perte de biodiversit\u00e9 dans les oc\u00e9ans, notamment en raison d&rsquo;\u00e9v\u00e9nements de mortalit\u00e9 massive<a href=\"https:\/\/www.mercator-ocean.eu\/en\/mhw-bulletin\/mercator-ocean-marine-heatwaves-bulletin-march-5-2024\/#_ftn1\"><\/a><\/p><h2 class=\"wp-block-heading\" id=\"block-56eda245-2340-4865-b058-48818ee88b0c\">Comment les vagues de chaleur marine sont-elles calcul\u00e9es ?&nbsp;<\/h2><p id=\"block-ce4dd104-aa4e-402f-981f-81655182c724\">Une vague de chaleur marine est un \u00e9pisode de chaleur au cours duquel la temp\u00e9rature est nettement sup\u00e9rieure \u00e0 un certain seuil pendant au moins 5 jours cons\u00e9cutifs.<\/p><div class=\"wp-block-image\"><figure class=\"aligncenter size-large is-resized\"><img fetchpriority=\"high\" decoding=\"async\" src=\"https:\/\/www.mercator-ocean.eu\/wp-content\/uploads\/2023\/07\/Picture2-4.png\" alt=\"\" class=\"wp-image-29802\" width=\"557\" height=\"365\"\/><\/figure><\/div><p class=\"has-text-align-center\"><em>Figure adapt\u00e9e de Hobday et al. (2018)<\/em><\/p><p id=\"block-37366cb7-358b-4cc7-811b-1028a148d28e\">Le seuil saisonnier est d\u00e9fini sur une base journali\u00e8re en fonction d&rsquo;une p\u00e9riode climatique suffisamment longue (dans ce cas 1993-2016). Ainsi, pour un lieu et un jour donn\u00e9s, connaissant toutes les temp\u00e9ratures de surface observ\u00e9es au cours des 30 derni\u00e8res ann\u00e9es, une situation de canicule est d\u00e9finie comme une situation o\u00f9 la temp\u00e9rature mesur\u00e9e se situe \u00e0 moins de 10% des valeurs maximales observ\u00e9es (c&rsquo;est-\u00e0-dire au-dessus du 90\u00e8me quantile, voir sch\u00e9ma), pendant au moins 5 jours cons\u00e9cutifs.<\/p><p id=\"block-0d34e339-91d4-4072-bd6b-d019ac34fddf\">Les principales caract\u00e9ristiques des vagues de chaleur sont leur dur\u00e9e et leur intensit\u00e9. L&rsquo;intensit\u00e9 pour un jour donn\u00e9 correspond \u00e0 la valeur en degr\u00e9s au-dessus du 90e quantile (fl\u00e8che bleue), qui peut \u00eatre calcul\u00e9e soit comme l&rsquo;intensit\u00e9 cumul\u00e9e tout au long de la vague de chaleur, soit comme l&rsquo;intensit\u00e9 maximale.<\/p><p id=\"block-b856cc2f-6050-4862-bc0d-74abb2a25536\">Les vagues de chaleur sont class\u00e9es en fonction de leur \u00e9cart par rapport \u00e0 la temp\u00e9rature moyenne ou anomalie (fl\u00e8che verte) : un \u00e9cart de plus de 2 fois la diff\u00e9rence entre le 90e quantile et la moyenne correspond \u00e0 une vague de chaleur de la cat\u00e9gorie forte ; un \u00e9cart de plus de 3 fois correspond \u00e0 une vague de chaleur de la cat\u00e9gorie s\u00e9v\u00e8re ; et un \u00e9cart de plus de 4 fois correspond \u00e0 une vague de chaleur de la cat\u00e9gorie extr\u00eame.<\/p><hr class=\"wp-block-separator\" id=\"block-8b317ce5-00e5-4ec6-aa11-7ce00cf8a0fe\"\/><p id=\"block-8f82d5de-edc7-4911-8b23-3ad6a648a68e\"><a href=\"https:\/\/www.mercator-ocean.eu\/wp-admin\/post.php?lang=fr&amp;action=edit&amp;post_type=post&amp;post=29627#_ftnref1\"><\/a>&nbsp;Analyse des ensembles de donn\u00e9es : SST OSTIA (Copernicus Marine Service), OISST (NOAA), GLO12 (Copernicus Marine Service \/ Mercator Ocean International), PSY4 (Copernicus Marine Service \/ Mercator Ocean International), et pr\u00e9visions GLO12 et PSY4.<\/p><p id=\"block-fe37cb73-50e0-43d9-a1d2-aba9bead17be\"><a href=\"https:\/\/www.mercator-ocean.eu\/wp-admin\/post.php?post=29627&amp;action=edit#_ftnref1\"><\/a>&nbsp;IPCC AR6 SYR chapitre 4.3 https:\/\/www.ipcc.ch\/report\/ar6\/syr\/downloads\/report\/IPCC_AR6_SYR_LongerReport.pdf<\/p>\n\n\n\n\n\n\n\n\n\n\n\n\n\n\n\n\n\n\n\n\n\n\n\n\n\n\n\n\n\n\n\n\n\n\n\n\n\n\n\n\n\n\n\n\n\n\n\n\n\n\n\n\n\n\n\n\n\n\n\n\n\n\n\n\n\n\n\n\n\n\n\n\n\n\n\n\n\n\n\n\n\n\n\n\n\n\n\n\n\n\n\n\n\n\n\n\n\n\n\n\n\n\n\n\n\n\n\n\n\n\n\n\n\n\n\n\n\n\n\n\n\n\n\n\n\n\n\n\n\n\n\n\n\n\n\n\n\n\n\n\n\n\n\n\n\n\n\n\n\n\n\n\n\n\n\n\n\n\n\n\n\n","protected":false},"excerpt":{"rendered":"<p>Les oc\u00e9anographes de Mercator Ocean International (MOi) examinent les vagues de chaleur marine \u00e0 travers l&rsquo;oc\u00e9an mondial. Ils analysent une vari\u00e9t\u00e9 d&rsquo;ensembles de donn\u00e9es allant des observations (cartes satellitaires de la temp\u00e9rature de surface de la mer) aux analyses de mod\u00e8les num\u00e9riques (assimilant les observations satellitaires et in situ) et en d\u00e9duisent des pr\u00e9visions pour [&hellip;]<\/p>\n","protected":false},"featured_media":0,"template":"","categories":[427],"bulletin-templates":[],"bulletins-type":[2409],"translation-status":[2454],"class_list":["post-16399","bulletin","type-bulletin","status-publish","hentry","category-non-classifiee-fr","bulletins-type-vague-de-chaleur-marines"],"acf":[],"yoast_head":"<!-- This site is optimized with the Yoast SEO plugin v27.4 - https:\/\/yoast.com\/product\/yoast-seo-wordpress\/ -->\n<title>Bulletin Mercator Ocean : Pr\u00e9visions maritimes pour la canicule - 14 mai 2024 - Mercator Ocean International<\/title>\n<meta name=\"robots\" content=\"index, follow, max-snippet:-1, max-image-preview:large, max-video-preview:-1\" \/>\n<link rel=\"canonical\" href=\"https:\/\/www.mercator-ocean.eu\/fr\/bulletin\/bulletin-mercator-ocean-previsions-maritimes-pour-la-canicule-14-mai-2024\/\" \/>\n<meta property=\"og:locale\" content=\"fr_FR\" \/>\n<meta property=\"og:type\" content=\"article\" \/>\n<meta property=\"og:title\" content=\"Bulletin Mercator Ocean : Pr\u00e9visions maritimes pour la canicule - 14 mai 2024 - Mercator Ocean International\" \/>\n<meta property=\"og:description\" content=\"Les oc\u00e9anographes de Mercator Ocean International (MOi) examinent les vagues de chaleur marine \u00e0 travers l&rsquo;oc\u00e9an mondial. Ils analysent une vari\u00e9t\u00e9 d&rsquo;ensembles de donn\u00e9es allant des observations (cartes satellitaires de la temp\u00e9rature de surface de la mer) aux analyses de mod\u00e8les num\u00e9riques (assimilant les observations satellitaires et in situ) et en d\u00e9duisent des pr\u00e9visions pour [&hellip;]\" \/>\n<meta property=\"og:url\" content=\"https:\/\/www.mercator-ocean.eu\/fr\/bulletin\/bulletin-mercator-ocean-previsions-maritimes-pour-la-canicule-14-mai-2024\/\" \/>\n<meta property=\"og:site_name\" content=\"Mercator Ocean International\" \/>\n<meta property=\"article:publisher\" content=\"https:\/\/www.facebook.com\/MercatorOcean\" \/>\n<meta property=\"article:modified_time\" content=\"2025-05-26T12:43:55+00:00\" \/>\n<meta property=\"og:image\" content=\"https:\/\/www.mercator-ocean.eu\/wp-content\/uploads\/2024\/05\/categ_global_GLO12_FCST_2024-05-07-1024x561.jpg\" \/>\n<meta name=\"twitter:card\" content=\"summary_large_image\" \/>\n<meta name=\"twitter:site\" content=\"@MercatorOcean\" \/>\n<meta name=\"twitter:label1\" content=\"Dur\u00e9e de lecture estim\u00e9e\" \/>\n\t<meta name=\"twitter:data1\" content=\"6 minutes\" \/>\n<script type=\"application\/ld+json\" class=\"yoast-schema-graph\">{\"@context\":\"https:\\\/\\\/schema.org\",\"@graph\":[{\"@type\":\"WebPage\",\"@id\":\"https:\\\/\\\/www.mercator-ocean.eu\\\/fr\\\/bulletin\\\/bulletin-mercator-ocean-previsions-maritimes-pour-la-canicule-14-mai-2024\\\/\",\"url\":\"https:\\\/\\\/www.mercator-ocean.eu\\\/fr\\\/bulletin\\\/bulletin-mercator-ocean-previsions-maritimes-pour-la-canicule-14-mai-2024\\\/\",\"name\":\"Bulletin Mercator Ocean : Pr\u00e9visions maritimes pour la canicule - 14 mai 2024 - Mercator Ocean International\",\"isPartOf\":{\"@id\":\"https:\\\/\\\/www.mercator-ocean.eu\\\/fr\\\/#website\"},\"primaryImageOfPage\":{\"@id\":\"https:\\\/\\\/www.mercator-ocean.eu\\\/fr\\\/bulletin\\\/bulletin-mercator-ocean-previsions-maritimes-pour-la-canicule-14-mai-2024\\\/#primaryimage\"},\"image\":{\"@id\":\"https:\\\/\\\/www.mercator-ocean.eu\\\/fr\\\/bulletin\\\/bulletin-mercator-ocean-previsions-maritimes-pour-la-canicule-14-mai-2024\\\/#primaryimage\"},\"thumbnailUrl\":\"https:\\\/\\\/www.mercator-ocean.eu\\\/wp-content\\\/uploads\\\/2024\\\/05\\\/categ_global_GLO12_FCST_2024-05-07-1024x561.jpg\",\"datePublished\":\"2024-05-15T00:00:00+00:00\",\"dateModified\":\"2025-05-26T12:43:55+00:00\",\"breadcrumb\":{\"@id\":\"https:\\\/\\\/www.mercator-ocean.eu\\\/fr\\\/bulletin\\\/bulletin-mercator-ocean-previsions-maritimes-pour-la-canicule-14-mai-2024\\\/#breadcrumb\"},\"inLanguage\":\"fr-FR\",\"potentialAction\":[{\"@type\":\"ReadAction\",\"target\":[\"https:\\\/\\\/www.mercator-ocean.eu\\\/fr\\\/bulletin\\\/bulletin-mercator-ocean-previsions-maritimes-pour-la-canicule-14-mai-2024\\\/\"]}]},{\"@type\":\"ImageObject\",\"inLanguage\":\"fr-FR\",\"@id\":\"https:\\\/\\\/www.mercator-ocean.eu\\\/fr\\\/bulletin\\\/bulletin-mercator-ocean-previsions-maritimes-pour-la-canicule-14-mai-2024\\\/#primaryimage\",\"url\":\"https:\\\/\\\/www.mercator-ocean.eu\\\/wp-content\\\/uploads\\\/2024\\\/05\\\/categ_global_GLO12_FCST_2024-05-07-1024x561.jpg\",\"contentUrl\":\"https:\\\/\\\/www.mercator-ocean.eu\\\/wp-content\\\/uploads\\\/2024\\\/05\\\/categ_global_GLO12_FCST_2024-05-07-1024x561.jpg\"},{\"@type\":\"BreadcrumbList\",\"@id\":\"https:\\\/\\\/www.mercator-ocean.eu\\\/fr\\\/bulletin\\\/bulletin-mercator-ocean-previsions-maritimes-pour-la-canicule-14-mai-2024\\\/#breadcrumb\",\"itemListElement\":[{\"@type\":\"ListItem\",\"position\":1,\"name\":\"Home\",\"item\":\"https:\\\/\\\/www.mercator-ocean.eu\\\/fr\\\/\"},{\"@type\":\"ListItem\",\"position\":2,\"name\":\"Bulletin Mercator Ocean : Pr\u00e9visions maritimes pour la canicule &#8211; 14 mai 2024\"}]},{\"@type\":\"WebSite\",\"@id\":\"https:\\\/\\\/www.mercator-ocean.eu\\\/fr\\\/#website\",\"url\":\"https:\\\/\\\/www.mercator-ocean.eu\\\/fr\\\/\",\"name\":\"Mercator Ocean International\",\"description\":\"\",\"publisher\":{\"@id\":\"https:\\\/\\\/www.mercator-ocean.eu\\\/fr\\\/#organization\"},\"potentialAction\":[{\"@type\":\"SearchAction\",\"target\":{\"@type\":\"EntryPoint\",\"urlTemplate\":\"https:\\\/\\\/www.mercator-ocean.eu\\\/fr\\\/?s={search_term_string}\"},\"query-input\":{\"@type\":\"PropertyValueSpecification\",\"valueRequired\":true,\"valueName\":\"search_term_string\"}}],\"inLanguage\":\"fr-FR\"},{\"@type\":\"Organization\",\"@id\":\"https:\\\/\\\/www.mercator-ocean.eu\\\/fr\\\/#organization\",\"name\":\"Mercator Ocean International\",\"url\":\"https:\\\/\\\/www.mercator-ocean.eu\\\/fr\\\/\",\"logo\":{\"@type\":\"ImageObject\",\"inLanguage\":\"fr-FR\",\"@id\":\"https:\\\/\\\/www.mercator-ocean.eu\\\/fr\\\/#\\\/schema\\\/logo\\\/image\\\/\",\"url\":\"https:\\\/\\\/www.mercator-ocean.eu\\\/wp-content\\\/uploads\\\/2024\\\/12\\\/logo-mercator.png\",\"contentUrl\":\"https:\\\/\\\/www.mercator-ocean.eu\\\/wp-content\\\/uploads\\\/2024\\\/12\\\/logo-mercator.png\",\"width\":541,\"height\":547,\"caption\":\"Mercator Ocean International\"},\"image\":{\"@id\":\"https:\\\/\\\/www.mercator-ocean.eu\\\/fr\\\/#\\\/schema\\\/logo\\\/image\\\/\"},\"sameAs\":[\"https:\\\/\\\/www.facebook.com\\\/MercatorOcean\",\"https:\\\/\\\/x.com\\\/MercatorOcean\",\"https:\\\/\\\/www.instagram.com\\\/mercator_ocean\\\/\",\"https:\\\/\\\/www.linkedin.com\\\/company\\\/mercator-ocean\\\/\",\"https:\\\/\\\/www.youtube.com\\\/user\\\/MERCATOROCEAN\"]}]}<\/script>\n<!-- \/ Yoast SEO plugin. -->","yoast_head_json":{"title":"Bulletin Mercator Ocean : Pr\u00e9visions maritimes pour la canicule - 14 mai 2024 - Mercator Ocean International","robots":{"index":"index","follow":"follow","max-snippet":"max-snippet:-1","max-image-preview":"max-image-preview:large","max-video-preview":"max-video-preview:-1"},"canonical":"https:\/\/www.mercator-ocean.eu\/fr\/bulletin\/bulletin-mercator-ocean-previsions-maritimes-pour-la-canicule-14-mai-2024\/","og_locale":"fr_FR","og_type":"article","og_title":"Bulletin Mercator Ocean : Pr\u00e9visions maritimes pour la canicule - 14 mai 2024 - Mercator Ocean International","og_description":"Les oc\u00e9anographes de Mercator Ocean International (MOi) examinent les vagues de chaleur marine \u00e0 travers l&rsquo;oc\u00e9an mondial. Ils analysent une vari\u00e9t\u00e9 d&rsquo;ensembles de donn\u00e9es allant des observations (cartes satellitaires de la temp\u00e9rature de surface de la mer) aux analyses de mod\u00e8les num\u00e9riques (assimilant les observations satellitaires et in situ) et en d\u00e9duisent des pr\u00e9visions pour [&hellip;]","og_url":"https:\/\/www.mercator-ocean.eu\/fr\/bulletin\/bulletin-mercator-ocean-previsions-maritimes-pour-la-canicule-14-mai-2024\/","og_site_name":"Mercator Ocean International","article_publisher":"https:\/\/www.facebook.com\/MercatorOcean","article_modified_time":"2025-05-26T12:43:55+00:00","og_image":[{"url":"https:\/\/www.mercator-ocean.eu\/wp-content\/uploads\/2024\/05\/categ_global_GLO12_FCST_2024-05-07-1024x561.jpg","type":"","width":"","height":""}],"twitter_card":"summary_large_image","twitter_site":"@MercatorOcean","twitter_misc":{"Dur\u00e9e de lecture estim\u00e9e":"6 minutes"},"schema":{"@context":"https:\/\/schema.org","@graph":[{"@type":"WebPage","@id":"https:\/\/www.mercator-ocean.eu\/fr\/bulletin\/bulletin-mercator-ocean-previsions-maritimes-pour-la-canicule-14-mai-2024\/","url":"https:\/\/www.mercator-ocean.eu\/fr\/bulletin\/bulletin-mercator-ocean-previsions-maritimes-pour-la-canicule-14-mai-2024\/","name":"Bulletin Mercator Ocean : Pr\u00e9visions maritimes pour la canicule - 14 mai 2024 - Mercator Ocean International","isPartOf":{"@id":"https:\/\/www.mercator-ocean.eu\/fr\/#website"},"primaryImageOfPage":{"@id":"https:\/\/www.mercator-ocean.eu\/fr\/bulletin\/bulletin-mercator-ocean-previsions-maritimes-pour-la-canicule-14-mai-2024\/#primaryimage"},"image":{"@id":"https:\/\/www.mercator-ocean.eu\/fr\/bulletin\/bulletin-mercator-ocean-previsions-maritimes-pour-la-canicule-14-mai-2024\/#primaryimage"},"thumbnailUrl":"https:\/\/www.mercator-ocean.eu\/wp-content\/uploads\/2024\/05\/categ_global_GLO12_FCST_2024-05-07-1024x561.jpg","datePublished":"2024-05-15T00:00:00+00:00","dateModified":"2025-05-26T12:43:55+00:00","breadcrumb":{"@id":"https:\/\/www.mercator-ocean.eu\/fr\/bulletin\/bulletin-mercator-ocean-previsions-maritimes-pour-la-canicule-14-mai-2024\/#breadcrumb"},"inLanguage":"fr-FR","potentialAction":[{"@type":"ReadAction","target":["https:\/\/www.mercator-ocean.eu\/fr\/bulletin\/bulletin-mercator-ocean-previsions-maritimes-pour-la-canicule-14-mai-2024\/"]}]},{"@type":"ImageObject","inLanguage":"fr-FR","@id":"https:\/\/www.mercator-ocean.eu\/fr\/bulletin\/bulletin-mercator-ocean-previsions-maritimes-pour-la-canicule-14-mai-2024\/#primaryimage","url":"https:\/\/www.mercator-ocean.eu\/wp-content\/uploads\/2024\/05\/categ_global_GLO12_FCST_2024-05-07-1024x561.jpg","contentUrl":"https:\/\/www.mercator-ocean.eu\/wp-content\/uploads\/2024\/05\/categ_global_GLO12_FCST_2024-05-07-1024x561.jpg"},{"@type":"BreadcrumbList","@id":"https:\/\/www.mercator-ocean.eu\/fr\/bulletin\/bulletin-mercator-ocean-previsions-maritimes-pour-la-canicule-14-mai-2024\/#breadcrumb","itemListElement":[{"@type":"ListItem","position":1,"name":"Home","item":"https:\/\/www.mercator-ocean.eu\/fr\/"},{"@type":"ListItem","position":2,"name":"Bulletin Mercator Ocean : Pr\u00e9visions maritimes pour la canicule &#8211; 14 mai 2024"}]},{"@type":"WebSite","@id":"https:\/\/www.mercator-ocean.eu\/fr\/#website","url":"https:\/\/www.mercator-ocean.eu\/fr\/","name":"Mercator Ocean International","description":"","publisher":{"@id":"https:\/\/www.mercator-ocean.eu\/fr\/#organization"},"potentialAction":[{"@type":"SearchAction","target":{"@type":"EntryPoint","urlTemplate":"https:\/\/www.mercator-ocean.eu\/fr\/?s={search_term_string}"},"query-input":{"@type":"PropertyValueSpecification","valueRequired":true,"valueName":"search_term_string"}}],"inLanguage":"fr-FR"},{"@type":"Organization","@id":"https:\/\/www.mercator-ocean.eu\/fr\/#organization","name":"Mercator Ocean International","url":"https:\/\/www.mercator-ocean.eu\/fr\/","logo":{"@type":"ImageObject","inLanguage":"fr-FR","@id":"https:\/\/www.mercator-ocean.eu\/fr\/#\/schema\/logo\/image\/","url":"https:\/\/www.mercator-ocean.eu\/wp-content\/uploads\/2024\/12\/logo-mercator.png","contentUrl":"https:\/\/www.mercator-ocean.eu\/wp-content\/uploads\/2024\/12\/logo-mercator.png","width":541,"height":547,"caption":"Mercator Ocean International"},"image":{"@id":"https:\/\/www.mercator-ocean.eu\/fr\/#\/schema\/logo\/image\/"},"sameAs":["https:\/\/www.facebook.com\/MercatorOcean","https:\/\/x.com\/MercatorOcean","https:\/\/www.instagram.com\/mercator_ocean\/","https:\/\/www.linkedin.com\/company\/mercator-ocean\/","https:\/\/www.youtube.com\/user\/MERCATOROCEAN"]}]}},"_links":{"self":[{"href":"https:\/\/www.mercator-ocean.eu\/fr\/wp-json\/wp\/v2\/bulletin\/16399","targetHints":{"allow":["GET"]}}],"collection":[{"href":"https:\/\/www.mercator-ocean.eu\/fr\/wp-json\/wp\/v2\/bulletin"}],"about":[{"href":"https:\/\/www.mercator-ocean.eu\/fr\/wp-json\/wp\/v2\/types\/bulletin"}],"wp:attachment":[{"href":"https:\/\/www.mercator-ocean.eu\/fr\/wp-json\/wp\/v2\/media?parent=16399"}],"wp:term":[{"taxonomy":"category","embeddable":true,"href":"https:\/\/www.mercator-ocean.eu\/fr\/wp-json\/wp\/v2\/categories?post=16399"},{"taxonomy":"bulletin-templates","embeddable":true,"href":"https:\/\/www.mercator-ocean.eu\/fr\/wp-json\/wp\/v2\/bulletin-templates?post=16399"},{"taxonomy":"bulletins-type","embeddable":true,"href":"https:\/\/www.mercator-ocean.eu\/fr\/wp-json\/wp\/v2\/bulletins-type?post=16399"},{"taxonomy":"translation-status","embeddable":true,"href":"https:\/\/www.mercator-ocean.eu\/fr\/wp-json\/wp\/v2\/translation-status?post=16399"}],"curies":[{"name":"wp","href":"https:\/\/api.w.org\/{rel}","templated":true}]}}