{"id":10146,"date":"2015-10-27T00:00:00","date_gmt":"2015-10-27T00:00:00","guid":{"rendered":"https:\/\/www.mercator-ocean.eu\/cop21-mercator-ocean-se-mobilise-pour-locean-et-le-climat\/"},"modified":"2025-05-26T12:43:15","modified_gmt":"2025-05-26T12:43:15","slug":"cop21-mercator-ocean-se-mobilise-pour-locean-et-le-climat","status":"publish","type":"event","link":"https:\/\/www.mercator-ocean.eu\/fr\/event\/cop21-mercator-ocean-se-mobilise-pour-locean-et-le-climat\/","title":{"rendered":"COP21 : Mercator Ocean prend position pour l&rsquo;oc\u00e9an et le climat"},"content":{"rendered":"<h3>Jeudi 3 d\u00e9cembre 2015 : Journ\u00e9e de l&rsquo;oc\u00e9an \u00e0 la COP21<\/h3>\n<h6>Mercator Ocean et <a href=\"https:\/\/marine.copernicus.eu\/\" target=\"_blank\" rel=\"noopener\">Copernicus Marine Service<\/a> seront pr\u00e9sents pendant la COP21 pour souligner l&rsquo;importance des oc\u00e9ans durables dans le changement climatique.<\/h6>\n<p><figure id=\"attachment_9131\" aria-describedby=\"caption-attachment-9131\" style=\"width: 209px\" class=\"wp-caption alignright\"><a href=\"http:\/\/www.ocean-climate.org\/\" target=\"_blank\" rel=\"noopener\"><img decoding=\"async\" class=\"wp-image-9131\" src=\"https:\/\/www.mercator-ocean.eu\/wp-content\/uploads\/2015\/10\/Logo_ocean-climate_500px-300x300.png\" alt=\"Logo_cean-climate_500px\" width=\"209\" height=\"209\"\/><\/a><figcaption id=\"caption-attachment-9131\" class=\"wp-caption-text\">En partenariat avec la plateforme Oc\u00e9an &amp; Climat<\/figcaption><\/figure>Du 30 novembre au 11 d\u00e9cembre 2015, la France accueille et pr\u00e9side la<sup>21e<\/sup> Conf\u00e9rence des Parties (COP21) \u00e0 la Convention-cadre des Nations unies sur les changements climatiques (CCNUCC). C&rsquo;est un moment crucial, car il faut signer un nouvel accord international sur le climat, qui s&rsquo;appliquera \u00e0 tous les pays, avec pour objectif de limiter le r\u00e9chauffement climatique \u00e0 +2\u00b0C<strong>. L&rsquo;oc\u00e9an joue un r\u00f4le majeur dans la machine climatique de la plan\u00e8te en stockant d&rsquo;\u00e9normes quantit\u00e9s de chaleur et en les redistribuant autour du globe<\/strong>, via les courants marins. Mais ce milieu immense et fragile est aussi la premi\u00e8re victime du r\u00e9chauffement climatique : les \u00e9cosyst\u00e8mes marins, dont d\u00e9pendent les soci\u00e9t\u00e9s humaines, risquent d&rsquo;\u00eatre affect\u00e9s par l&rsquo;acidification acc\u00e9l\u00e9r\u00e9e de l&rsquo;oc\u00e9an.Mercator Ocean, le centre fran\u00e7ais d&rsquo;analyse et de pr\u00e9vision oc\u00e9anique en charge du Copernicus Marine Service de l&rsquo;Union europ\u00e9enne, a d\u00e9cid\u00e9 de s&rsquo;associer \u00e0 ses partenaires pour sensibiliser le grand public et les d\u00e9cideurs politiques \u00e0 l&rsquo;importance de l&rsquo;oc\u00e9an dans la machine climatique plan\u00e9taire.Mercator<strong>Ocean sera pr\u00e9sent dans les espaces \u00a0\u00bb G\u00e9n\u00e9rations Climat \u00a0\u00bb du 30 novembre au 11 d\u00e9cembre au Bourget<\/strong>, o\u00f9 il animera des d\u00e9bats sur l&rsquo;importance de la protection des oc\u00e9ans dans la lutte contre le r\u00e9chauffement climatique. Elle repr\u00e9sentera \u00e9galement le Copernicus Marine Service sur un stand sp\u00e9cial.Avec ses partenaires, Mercator Ocean et le Copernicus Marine Service participent \u00e0 plusieurs des \u00e9v\u00e9nements autour de la COP21. Voir le calendrier ci-dessous :&nbsp;<\/p>\n","protected":false},"excerpt":{"rendered":"<p>Jeudi 3 d\u00e9cembre 2015 : Journ\u00e9e de l&rsquo;oc\u00e9an \u00e0 la COP21 Mercator Ocean et Copernicus Marine Service seront pr\u00e9sents pendant la COP21 pour souligner l&rsquo;importance des oc\u00e9ans durables dans le changement climatique. Du 30 novembre au 11 d\u00e9cembre 2015, la France accueille et pr\u00e9side la21e Conf\u00e9rence des Parties (COP21) \u00e0 la Convention-cadre des Nations unies [&hellip;]<\/p>\n","protected":false},"featured_media":6564,"template":"","categories":[2459,2457],"tags":[],"translation-status":[2454],"class_list":["post-10146","event","type-event","status-publish","has-post-thumbnail","hentry","category-evenements","category-nouvelles-de-lentreprise"],"acf":[],"yoast_head":"<!-- This site is optimized with the Yoast SEO plugin v27.4 - https:\/\/yoast.com\/product\/yoast-seo-wordpress\/ -->\n<title>COP21 : Mercator Ocean prend position pour l&#039;oc\u00e9an et le climat - Mercator Ocean International<\/title>\n<meta name=\"robots\" content=\"index, follow, max-snippet:-1, max-image-preview:large, max-video-preview:-1\" \/>\n<link rel=\"canonical\" href=\"https:\/\/www.mercator-ocean.eu\/fr\/event\/cop21-mercator-ocean-se-mobilise-pour-locean-et-le-climat\/\" \/>\n<meta property=\"og:locale\" content=\"fr_FR\" \/>\n<meta property=\"og:type\" content=\"article\" \/>\n<meta property=\"og:title\" content=\"COP21 : Mercator Ocean prend position pour l&#039;oc\u00e9an et le climat - Mercator Ocean International\" \/>\n<meta property=\"og:description\" content=\"Jeudi 3 d\u00e9cembre 2015 : Journ\u00e9e de l&rsquo;oc\u00e9an \u00e0 la COP21 Mercator Ocean et Copernicus Marine Service seront pr\u00e9sents pendant la COP21 pour souligner l&rsquo;importance des oc\u00e9ans durables dans le changement climatique. Du 30 novembre au 11 d\u00e9cembre 2015, la France accueille et pr\u00e9side la21e Conf\u00e9rence des Parties (COP21) \u00e0 la Convention-cadre des Nations unies [&hellip;]\" \/>\n<meta property=\"og:url\" content=\"https:\/\/www.mercator-ocean.eu\/fr\/event\/cop21-mercator-ocean-se-mobilise-pour-locean-et-le-climat\/\" \/>\n<meta property=\"og:site_name\" content=\"Mercator Ocean International\" \/>\n<meta property=\"article:publisher\" content=\"https:\/\/www.facebook.com\/MercatorOcean\" \/>\n<meta property=\"article:modified_time\" content=\"2025-05-26T12:43:15+00:00\" \/>\n<meta property=\"og:image\" content=\"https:\/\/www.mercator-ocean.eu\/wp-content\/uploads\/2024\/03\/Logo-COP21_500px.jpg\" \/>\n\t<meta property=\"og:image:width\" content=\"500\" \/>\n\t<meta property=\"og:image:height\" content=\"500\" \/>\n\t<meta property=\"og:image:type\" content=\"image\/jpeg\" \/>\n<meta name=\"twitter:card\" content=\"summary_large_image\" \/>\n<meta name=\"twitter:site\" content=\"@MercatorOcean\" \/>\n<meta name=\"twitter:label1\" content=\"Dur\u00e9e de lecture estim\u00e9e\" \/>\n\t<meta name=\"twitter:data1\" content=\"2 minutes\" \/>\n<script type=\"application\/ld+json\" class=\"yoast-schema-graph\">{\"@context\":\"https:\\\/\\\/schema.org\",\"@graph\":[{\"@type\":\"WebPage\",\"@id\":\"https:\\\/\\\/www.mercator-ocean.eu\\\/fr\\\/event\\\/cop21-mercator-ocean-se-mobilise-pour-locean-et-le-climat\\\/\",\"url\":\"https:\\\/\\\/www.mercator-ocean.eu\\\/fr\\\/event\\\/cop21-mercator-ocean-se-mobilise-pour-locean-et-le-climat\\\/\",\"name\":\"COP21 : Mercator Ocean prend position pour l'oc\u00e9an et le climat - Mercator Ocean International\",\"isPartOf\":{\"@id\":\"https:\\\/\\\/www.mercator-ocean.eu\\\/fr\\\/#website\"},\"primaryImageOfPage\":{\"@id\":\"https:\\\/\\\/www.mercator-ocean.eu\\\/fr\\\/event\\\/cop21-mercator-ocean-se-mobilise-pour-locean-et-le-climat\\\/#primaryimage\"},\"image\":{\"@id\":\"https:\\\/\\\/www.mercator-ocean.eu\\\/fr\\\/event\\\/cop21-mercator-ocean-se-mobilise-pour-locean-et-le-climat\\\/#primaryimage\"},\"thumbnailUrl\":\"https:\\\/\\\/www.mercator-ocean.eu\\\/wp-content\\\/uploads\\\/2024\\\/03\\\/Logo-COP21_500px.jpg\",\"datePublished\":\"2015-10-27T00:00:00+00:00\",\"dateModified\":\"2025-05-26T12:43:15+00:00\",\"breadcrumb\":{\"@id\":\"https:\\\/\\\/www.mercator-ocean.eu\\\/fr\\\/event\\\/cop21-mercator-ocean-se-mobilise-pour-locean-et-le-climat\\\/#breadcrumb\"},\"inLanguage\":\"fr-FR\",\"potentialAction\":[{\"@type\":\"ReadAction\",\"target\":[\"https:\\\/\\\/www.mercator-ocean.eu\\\/fr\\\/event\\\/cop21-mercator-ocean-se-mobilise-pour-locean-et-le-climat\\\/\"]}]},{\"@type\":\"ImageObject\",\"inLanguage\":\"fr-FR\",\"@id\":\"https:\\\/\\\/www.mercator-ocean.eu\\\/fr\\\/event\\\/cop21-mercator-ocean-se-mobilise-pour-locean-et-le-climat\\\/#primaryimage\",\"url\":\"https:\\\/\\\/www.mercator-ocean.eu\\\/wp-content\\\/uploads\\\/2024\\\/03\\\/Logo-COP21_500px.jpg\",\"contentUrl\":\"https:\\\/\\\/www.mercator-ocean.eu\\\/wp-content\\\/uploads\\\/2024\\\/03\\\/Logo-COP21_500px.jpg\",\"width\":500,\"height\":500},{\"@type\":\"BreadcrumbList\",\"@id\":\"https:\\\/\\\/www.mercator-ocean.eu\\\/fr\\\/event\\\/cop21-mercator-ocean-se-mobilise-pour-locean-et-le-climat\\\/#breadcrumb\",\"itemListElement\":[{\"@type\":\"ListItem\",\"position\":1,\"name\":\"Home\",\"item\":\"https:\\\/\\\/www.mercator-ocean.eu\\\/fr\\\/\"},{\"@type\":\"ListItem\",\"position\":2,\"name\":\"COP21 : Mercator Ocean prend position pour l&#8217;oc\u00e9an et le climat\"}]},{\"@type\":\"WebSite\",\"@id\":\"https:\\\/\\\/www.mercator-ocean.eu\\\/fr\\\/#website\",\"url\":\"https:\\\/\\\/www.mercator-ocean.eu\\\/fr\\\/\",\"name\":\"Mercator Ocean International\",\"description\":\"\",\"publisher\":{\"@id\":\"https:\\\/\\\/www.mercator-ocean.eu\\\/fr\\\/#organization\"},\"potentialAction\":[{\"@type\":\"SearchAction\",\"target\":{\"@type\":\"EntryPoint\",\"urlTemplate\":\"https:\\\/\\\/www.mercator-ocean.eu\\\/fr\\\/?s={search_term_string}\"},\"query-input\":{\"@type\":\"PropertyValueSpecification\",\"valueRequired\":true,\"valueName\":\"search_term_string\"}}],\"inLanguage\":\"fr-FR\"},{\"@type\":\"Organization\",\"@id\":\"https:\\\/\\\/www.mercator-ocean.eu\\\/fr\\\/#organization\",\"name\":\"Mercator Ocean International\",\"url\":\"https:\\\/\\\/www.mercator-ocean.eu\\\/fr\\\/\",\"logo\":{\"@type\":\"ImageObject\",\"inLanguage\":\"fr-FR\",\"@id\":\"https:\\\/\\\/www.mercator-ocean.eu\\\/fr\\\/#\\\/schema\\\/logo\\\/image\\\/\",\"url\":\"https:\\\/\\\/www.mercator-ocean.eu\\\/wp-content\\\/uploads\\\/2024\\\/12\\\/logo-mercator.png\",\"contentUrl\":\"https:\\\/\\\/www.mercator-ocean.eu\\\/wp-content\\\/uploads\\\/2024\\\/12\\\/logo-mercator.png\",\"width\":541,\"height\":547,\"caption\":\"Mercator Ocean International\"},\"image\":{\"@id\":\"https:\\\/\\\/www.mercator-ocean.eu\\\/fr\\\/#\\\/schema\\\/logo\\\/image\\\/\"},\"sameAs\":[\"https:\\\/\\\/www.facebook.com\\\/MercatorOcean\",\"https:\\\/\\\/x.com\\\/MercatorOcean\",\"https:\\\/\\\/www.instagram.com\\\/mercator_ocean\\\/\",\"https:\\\/\\\/www.linkedin.com\\\/company\\\/mercator-ocean\\\/\",\"https:\\\/\\\/www.youtube.com\\\/user\\\/MERCATOROCEAN\"]}]}<\/script>\n<!-- \/ Yoast SEO plugin. -->","yoast_head_json":{"title":"COP21 : Mercator Ocean prend position pour l'oc\u00e9an et le climat - Mercator Ocean International","robots":{"index":"index","follow":"follow","max-snippet":"max-snippet:-1","max-image-preview":"max-image-preview:large","max-video-preview":"max-video-preview:-1"},"canonical":"https:\/\/www.mercator-ocean.eu\/fr\/event\/cop21-mercator-ocean-se-mobilise-pour-locean-et-le-climat\/","og_locale":"fr_FR","og_type":"article","og_title":"COP21 : Mercator Ocean prend position pour l'oc\u00e9an et le climat - Mercator Ocean International","og_description":"Jeudi 3 d\u00e9cembre 2015 : Journ\u00e9e de l&rsquo;oc\u00e9an \u00e0 la COP21 Mercator Ocean et Copernicus Marine Service seront pr\u00e9sents pendant la COP21 pour souligner l&rsquo;importance des oc\u00e9ans durables dans le changement climatique. Du 30 novembre au 11 d\u00e9cembre 2015, la France accueille et pr\u00e9side la21e Conf\u00e9rence des Parties (COP21) \u00e0 la Convention-cadre des Nations unies [&hellip;]","og_url":"https:\/\/www.mercator-ocean.eu\/fr\/event\/cop21-mercator-ocean-se-mobilise-pour-locean-et-le-climat\/","og_site_name":"Mercator Ocean International","article_publisher":"https:\/\/www.facebook.com\/MercatorOcean","article_modified_time":"2025-05-26T12:43:15+00:00","og_image":[{"width":500,"height":500,"url":"https:\/\/www.mercator-ocean.eu\/wp-content\/uploads\/2024\/03\/Logo-COP21_500px.jpg","type":"image\/jpeg"}],"twitter_card":"summary_large_image","twitter_site":"@MercatorOcean","twitter_misc":{"Dur\u00e9e de lecture estim\u00e9e":"2 minutes"},"schema":{"@context":"https:\/\/schema.org","@graph":[{"@type":"WebPage","@id":"https:\/\/www.mercator-ocean.eu\/fr\/event\/cop21-mercator-ocean-se-mobilise-pour-locean-et-le-climat\/","url":"https:\/\/www.mercator-ocean.eu\/fr\/event\/cop21-mercator-ocean-se-mobilise-pour-locean-et-le-climat\/","name":"COP21 : Mercator Ocean prend position pour l'oc\u00e9an et le climat - Mercator Ocean International","isPartOf":{"@id":"https:\/\/www.mercator-ocean.eu\/fr\/#website"},"primaryImageOfPage":{"@id":"https:\/\/www.mercator-ocean.eu\/fr\/event\/cop21-mercator-ocean-se-mobilise-pour-locean-et-le-climat\/#primaryimage"},"image":{"@id":"https:\/\/www.mercator-ocean.eu\/fr\/event\/cop21-mercator-ocean-se-mobilise-pour-locean-et-le-climat\/#primaryimage"},"thumbnailUrl":"https:\/\/www.mercator-ocean.eu\/wp-content\/uploads\/2024\/03\/Logo-COP21_500px.jpg","datePublished":"2015-10-27T00:00:00+00:00","dateModified":"2025-05-26T12:43:15+00:00","breadcrumb":{"@id":"https:\/\/www.mercator-ocean.eu\/fr\/event\/cop21-mercator-ocean-se-mobilise-pour-locean-et-le-climat\/#breadcrumb"},"inLanguage":"fr-FR","potentialAction":[{"@type":"ReadAction","target":["https:\/\/www.mercator-ocean.eu\/fr\/event\/cop21-mercator-ocean-se-mobilise-pour-locean-et-le-climat\/"]}]},{"@type":"ImageObject","inLanguage":"fr-FR","@id":"https:\/\/www.mercator-ocean.eu\/fr\/event\/cop21-mercator-ocean-se-mobilise-pour-locean-et-le-climat\/#primaryimage","url":"https:\/\/www.mercator-ocean.eu\/wp-content\/uploads\/2024\/03\/Logo-COP21_500px.jpg","contentUrl":"https:\/\/www.mercator-ocean.eu\/wp-content\/uploads\/2024\/03\/Logo-COP21_500px.jpg","width":500,"height":500},{"@type":"BreadcrumbList","@id":"https:\/\/www.mercator-ocean.eu\/fr\/event\/cop21-mercator-ocean-se-mobilise-pour-locean-et-le-climat\/#breadcrumb","itemListElement":[{"@type":"ListItem","position":1,"name":"Home","item":"https:\/\/www.mercator-ocean.eu\/fr\/"},{"@type":"ListItem","position":2,"name":"COP21 : Mercator Ocean prend position pour l&#8217;oc\u00e9an et le climat"}]},{"@type":"WebSite","@id":"https:\/\/www.mercator-ocean.eu\/fr\/#website","url":"https:\/\/www.mercator-ocean.eu\/fr\/","name":"Mercator Ocean International","description":"","publisher":{"@id":"https:\/\/www.mercator-ocean.eu\/fr\/#organization"},"potentialAction":[{"@type":"SearchAction","target":{"@type":"EntryPoint","urlTemplate":"https:\/\/www.mercator-ocean.eu\/fr\/?s={search_term_string}"},"query-input":{"@type":"PropertyValueSpecification","valueRequired":true,"valueName":"search_term_string"}}],"inLanguage":"fr-FR"},{"@type":"Organization","@id":"https:\/\/www.mercator-ocean.eu\/fr\/#organization","name":"Mercator Ocean International","url":"https:\/\/www.mercator-ocean.eu\/fr\/","logo":{"@type":"ImageObject","inLanguage":"fr-FR","@id":"https:\/\/www.mercator-ocean.eu\/fr\/#\/schema\/logo\/image\/","url":"https:\/\/www.mercator-ocean.eu\/wp-content\/uploads\/2024\/12\/logo-mercator.png","contentUrl":"https:\/\/www.mercator-ocean.eu\/wp-content\/uploads\/2024\/12\/logo-mercator.png","width":541,"height":547,"caption":"Mercator Ocean International"},"image":{"@id":"https:\/\/www.mercator-ocean.eu\/fr\/#\/schema\/logo\/image\/"},"sameAs":["https:\/\/www.facebook.com\/MercatorOcean","https:\/\/x.com\/MercatorOcean","https:\/\/www.instagram.com\/mercator_ocean\/","https:\/\/www.linkedin.com\/company\/mercator-ocean\/","https:\/\/www.youtube.com\/user\/MERCATOROCEAN"]}]}},"_links":{"self":[{"href":"https:\/\/www.mercator-ocean.eu\/fr\/wp-json\/wp\/v2\/event\/10146","targetHints":{"allow":["GET"]}}],"collection":[{"href":"https:\/\/www.mercator-ocean.eu\/fr\/wp-json\/wp\/v2\/event"}],"about":[{"href":"https:\/\/www.mercator-ocean.eu\/fr\/wp-json\/wp\/v2\/types\/event"}],"wp:featuredmedia":[{"embeddable":true,"href":"https:\/\/www.mercator-ocean.eu\/fr\/wp-json\/wp\/v2\/media\/6564"}],"wp:attachment":[{"href":"https:\/\/www.mercator-ocean.eu\/fr\/wp-json\/wp\/v2\/media?parent=10146"}],"wp:term":[{"taxonomy":"category","embeddable":true,"href":"https:\/\/www.mercator-ocean.eu\/fr\/wp-json\/wp\/v2\/categories?post=10146"},{"taxonomy":"post_tag","embeddable":true,"href":"https:\/\/www.mercator-ocean.eu\/fr\/wp-json\/wp\/v2\/tags?post=10146"},{"taxonomy":"translation-status","embeddable":true,"href":"https:\/\/www.mercator-ocean.eu\/fr\/wp-json\/wp\/v2\/translation-status?post=10146"}],"curies":[{"name":"wp","href":"https:\/\/api.w.org\/{rel}","templated":true}]}}