{"id":10394,"date":"2021-09-20T00:00:00","date_gmt":"2021-09-20T00:00:00","guid":{"rendered":"https:\/\/www.mercator-ocean.eu\/wearealloceancitizens-une-edition-mediterraneenne\/"},"modified":"2025-05-26T12:43:25","modified_gmt":"2025-05-26T12:43:25","slug":"wearealloceancitizens-une-edition-mediterraneenne","status":"publish","type":"event","link":"https:\/\/www.mercator-ocean.eu\/fr\/event\/wearealloceancitizens-une-edition-mediterraneenne\/","title":{"rendered":"#WeAreAllOceanCitizens, une \u00e9dition m\u00e9diterran\u00e9enne"},"content":{"rendered":"<p>Pour c\u00e9l\u00e9brer le Jour de la C\u00f4te m\u00e9diterran\u00e9enne le<sup>25<\/sup> septembre, Mercator Ocean International (MOi) participera au <a href=\"https:\/\/webgate.ec.europa.eu\/maritimeforum\/en\/node\/6344\" target=\"_blank\" rel=\"noreferrer noopener\">Med Ocean Literacy Festival<\/a>, organis\u00e9 par la <a href=\"https:\/\/webgate.ec.europa.eu\/maritimeforum\/en\/frontpage\/1482\" target=\"_blank\" rel=\"noreferrer noopener\">Coalition EU4Ocean<\/a>. Avec le Copernicus Marine Service et en partenariat avec&nbsp;<a href=\"https:\/\/www.sulitest.org\/en\/the-organization.html\" target=\"_blank\" rel=\"noreferrer noopener\">Sulitest<\/a>, le MOi accueillera l&rsquo;\u00e9v\u00e9nement en ligne #WeAreAllOceanCitizens pour pr\u00e9senter le module SDG14.<\/p><p>Coproduit par le MOi, Sulitest et le <a href=\"https:\/\/www.un.org\/development\/desa\/en\/\" target=\"_blank\" rel=\"noreferrer noopener\">D\u00e9partement des Affaires Economiques et Sociales des Nations Unies<\/a> (UN DESA), le module SDG14 est un outil interactif et participatif sur l&rsquo;Objectif de D\u00e9veloppement Durable 14 des Nations Unies, \u00ab\u00a0La vie sous l&rsquo;eau\u00a0\u00bb. Cet outil d&rsquo;\u00e9ducation \u00e0 l&rsquo;oc\u00e9an fournit des informations permettant de mieux comprendre les d\u00e9fis auxquels notre oc\u00e9an est confront\u00e9. Il aide \u00e9galement \u00e0 comprendre pourquoi l&rsquo;ODD 14 est essentiel pour la sant\u00e9 de notre plan\u00e8te et en quoi nous sommes tous concern\u00e9s. Compos\u00e9 par un <a href=\"https:\/\/www.mercator-ocean.eu\/wp-content\/uploads\/2021\/06\/Mercator_Ocean_Working_Group_Experts_list_JUNE2021_V2-1.pdf\" target=\"_blank\" rel=\"noreferrer noopener\">groupe de travail<\/a> d&rsquo;experts, ce test QCM est destin\u00e9 aux \u00e9tudiants, aux d\u00e9cideurs politiques, aux entrepreneurs de l&rsquo;\u00e9conomie bleue durable et au grand public.<\/p><p><strong>Rejoignez-nous \u00e0 11 heures le<sup>25<\/sup> septembre pour <\/strong>participer au concours de quiz et aider votre \u00e9quipe \u00e0 gagner le jeu ! R\u00e9partis en \u00e9quipes portant le nom d&rsquo;esp\u00e8ces m\u00e9diterran\u00e9ennes, les participants tenteront de trouver les bonnes r\u00e9ponses et de marquer des points. Chaque question sera discut\u00e9e avec les jeunes d\u00e9fenseurs des oc\u00e9ans de l&rsquo;UE, ce qui aboutira \u00e0 un appel \u00e0 l&rsquo;action. Ce quiz a \u00e9t\u00e9 cr\u00e9\u00e9 pour aider \u00e0 sensibiliser le monde \u00e0 l&rsquo;oc\u00e9an parce que #NousSommesTousDesCitoyensDeL&rsquo;oc\u00e9an. Alors partageons-le !<\/p><p>Rejoignez-nous et assistez \u00e0 l&rsquo;\u00e9v\u00e9nement <a href=\"https:\/\/copernicusmarineservice.clickmeeting.com\/waaocmed\">ici<\/a>!<br\/>Plus d&rsquo;informations sur le Festival m\u00e9diterran\u00e9en de la culture oc\u00e9anique <a href=\"https:\/\/webgate.ec.europa.eu\/maritimeforum\/en\/node\/6344\" target=\"_blank\" rel=\"noreferrer noopener\">ici<\/a>.<\/p>\n\n\n\n\n\n\n\n\n\n\n\n\n\n","protected":false},"excerpt":{"rendered":"<p>Pour c\u00e9l\u00e9brer le Jour de la C\u00f4te m\u00e9diterran\u00e9enne le25 septembre, Mercator Ocean International (MOi) participera au Med Ocean Literacy Festival, organis\u00e9 par la Coalition EU4Ocean. Avec le Copernicus Marine Service et en partenariat avec&nbsp;Sulitest, le MOi accueillera l&rsquo;\u00e9v\u00e9nement en ligne #WeAreAllOceanCitizens pour pr\u00e9senter le module SDG14. Coproduit par le MOi, Sulitest et le D\u00e9partement des [&hellip;]<\/p>\n","protected":false},"featured_media":7037,"template":"","categories":[2460,2459],"tags":[],"translation-status":[2454],"class_list":["post-10394","event","type-event","status-publish","has-post-thumbnail","hentry","category-conferences-et-sommets","category-evenements"],"acf":[],"yoast_head":"<!-- This site is optimized with the Yoast SEO plugin v27.5 - https:\/\/yoast.com\/product\/yoast-seo-wordpress\/ -->\n<title>#WeAreAllOceanCitizens, une \u00e9dition m\u00e9diterran\u00e9enne - Mercator Ocean International<\/title>\n<meta name=\"robots\" content=\"index, follow, max-snippet:-1, max-image-preview:large, max-video-preview:-1\" \/>\n<link rel=\"canonical\" href=\"https:\/\/www.mercator-ocean.eu\/fr\/event\/wearealloceancitizens-une-edition-mediterraneenne\/\" \/>\n<meta property=\"og:locale\" content=\"fr_FR\" \/>\n<meta property=\"og:type\" content=\"article\" \/>\n<meta property=\"og:title\" content=\"#WeAreAllOceanCitizens, une \u00e9dition m\u00e9diterran\u00e9enne - Mercator Ocean International\" \/>\n<meta property=\"og:description\" content=\"Pour c\u00e9l\u00e9brer le Jour de la C\u00f4te m\u00e9diterran\u00e9enne le25 septembre, Mercator Ocean International (MOi) participera au Med Ocean Literacy Festival, organis\u00e9 par la Coalition EU4Ocean. Avec le Copernicus Marine Service et en partenariat avec&nbsp;Sulitest, le MOi accueillera l&rsquo;\u00e9v\u00e9nement en ligne #WeAreAllOceanCitizens pour pr\u00e9senter le module SDG14. Coproduit par le MOi, Sulitest et le D\u00e9partement des [&hellip;]\" \/>\n<meta property=\"og:url\" content=\"https:\/\/www.mercator-ocean.eu\/fr\/event\/wearealloceancitizens-une-edition-mediterraneenne\/\" \/>\n<meta property=\"og:site_name\" content=\"Mercator Ocean International\" \/>\n<meta property=\"article:publisher\" content=\"https:\/\/www.facebook.com\/MercatorOcean\" \/>\n<meta property=\"article:modified_time\" content=\"2025-05-26T12:43:25+00:00\" \/>\n<meta property=\"og:image\" content=\"https:\/\/www.mercator-ocean.eu\/wp-content\/uploads\/2024\/03\/Med-OL-Festival-3.png\" \/>\n\t<meta property=\"og:image:width\" content=\"1920\" \/>\n\t<meta property=\"og:image:height\" content=\"1080\" \/>\n\t<meta property=\"og:image:type\" content=\"image\/png\" \/>\n<meta name=\"twitter:card\" content=\"summary_large_image\" \/>\n<meta name=\"twitter:site\" content=\"@MercatorOcean\" \/>\n<meta name=\"twitter:label1\" content=\"Dur\u00e9e de lecture estim\u00e9e\" \/>\n\t<meta name=\"twitter:data1\" content=\"1 minute\" \/>\n<script type=\"application\/ld+json\" class=\"yoast-schema-graph\">{\"@context\":\"https:\\\/\\\/schema.org\",\"@graph\":[{\"@type\":\"WebPage\",\"@id\":\"https:\\\/\\\/www.mercator-ocean.eu\\\/fr\\\/event\\\/wearealloceancitizens-une-edition-mediterraneenne\\\/\",\"url\":\"https:\\\/\\\/www.mercator-ocean.eu\\\/fr\\\/event\\\/wearealloceancitizens-une-edition-mediterraneenne\\\/\",\"name\":\"#WeAreAllOceanCitizens, une \u00e9dition m\u00e9diterran\u00e9enne - Mercator Ocean International\",\"isPartOf\":{\"@id\":\"https:\\\/\\\/www.mercator-ocean.eu\\\/fr\\\/#website\"},\"primaryImageOfPage\":{\"@id\":\"https:\\\/\\\/www.mercator-ocean.eu\\\/fr\\\/event\\\/wearealloceancitizens-une-edition-mediterraneenne\\\/#primaryimage\"},\"image\":{\"@id\":\"https:\\\/\\\/www.mercator-ocean.eu\\\/fr\\\/event\\\/wearealloceancitizens-une-edition-mediterraneenne\\\/#primaryimage\"},\"thumbnailUrl\":\"https:\\\/\\\/www.mercator-ocean.eu\\\/wp-content\\\/uploads\\\/2024\\\/03\\\/Med-OL-Festival-3.png\",\"datePublished\":\"2021-09-20T00:00:00+00:00\",\"dateModified\":\"2025-05-26T12:43:25+00:00\",\"breadcrumb\":{\"@id\":\"https:\\\/\\\/www.mercator-ocean.eu\\\/fr\\\/event\\\/wearealloceancitizens-une-edition-mediterraneenne\\\/#breadcrumb\"},\"inLanguage\":\"fr-FR\",\"potentialAction\":[{\"@type\":\"ReadAction\",\"target\":[\"https:\\\/\\\/www.mercator-ocean.eu\\\/fr\\\/event\\\/wearealloceancitizens-une-edition-mediterraneenne\\\/\"]}]},{\"@type\":\"ImageObject\",\"inLanguage\":\"fr-FR\",\"@id\":\"https:\\\/\\\/www.mercator-ocean.eu\\\/fr\\\/event\\\/wearealloceancitizens-une-edition-mediterraneenne\\\/#primaryimage\",\"url\":\"https:\\\/\\\/www.mercator-ocean.eu\\\/wp-content\\\/uploads\\\/2024\\\/03\\\/Med-OL-Festival-3.png\",\"contentUrl\":\"https:\\\/\\\/www.mercator-ocean.eu\\\/wp-content\\\/uploads\\\/2024\\\/03\\\/Med-OL-Festival-3.png\",\"width\":1920,\"height\":1080},{\"@type\":\"BreadcrumbList\",\"@id\":\"https:\\\/\\\/www.mercator-ocean.eu\\\/fr\\\/event\\\/wearealloceancitizens-une-edition-mediterraneenne\\\/#breadcrumb\",\"itemListElement\":[{\"@type\":\"ListItem\",\"position\":1,\"name\":\"Home\",\"item\":\"https:\\\/\\\/www.mercator-ocean.eu\\\/fr\\\/\"},{\"@type\":\"ListItem\",\"position\":2,\"name\":\"#WeAreAllOceanCitizens, une \u00e9dition m\u00e9diterran\u00e9enne\"}]},{\"@type\":\"WebSite\",\"@id\":\"https:\\\/\\\/www.mercator-ocean.eu\\\/fr\\\/#website\",\"url\":\"https:\\\/\\\/www.mercator-ocean.eu\\\/fr\\\/\",\"name\":\"Mercator Ocean International\",\"description\":\"\",\"publisher\":{\"@id\":\"https:\\\/\\\/www.mercator-ocean.eu\\\/fr\\\/#organization\"},\"potentialAction\":[{\"@type\":\"SearchAction\",\"target\":{\"@type\":\"EntryPoint\",\"urlTemplate\":\"https:\\\/\\\/www.mercator-ocean.eu\\\/fr\\\/?s={search_term_string}\"},\"query-input\":{\"@type\":\"PropertyValueSpecification\",\"valueRequired\":true,\"valueName\":\"search_term_string\"}}],\"inLanguage\":\"fr-FR\"},{\"@type\":\"Organization\",\"@id\":\"https:\\\/\\\/www.mercator-ocean.eu\\\/fr\\\/#organization\",\"name\":\"Mercator Ocean International\",\"url\":\"https:\\\/\\\/www.mercator-ocean.eu\\\/fr\\\/\",\"logo\":{\"@type\":\"ImageObject\",\"inLanguage\":\"fr-FR\",\"@id\":\"https:\\\/\\\/www.mercator-ocean.eu\\\/fr\\\/#\\\/schema\\\/logo\\\/image\\\/\",\"url\":\"https:\\\/\\\/www.mercator-ocean.eu\\\/wp-content\\\/uploads\\\/2024\\\/12\\\/logo-mercator.png\",\"contentUrl\":\"https:\\\/\\\/www.mercator-ocean.eu\\\/wp-content\\\/uploads\\\/2024\\\/12\\\/logo-mercator.png\",\"width\":541,\"height\":547,\"caption\":\"Mercator Ocean International\"},\"image\":{\"@id\":\"https:\\\/\\\/www.mercator-ocean.eu\\\/fr\\\/#\\\/schema\\\/logo\\\/image\\\/\"},\"sameAs\":[\"https:\\\/\\\/www.facebook.com\\\/MercatorOcean\",\"https:\\\/\\\/x.com\\\/MercatorOcean\",\"https:\\\/\\\/www.instagram.com\\\/mercator_ocean\\\/\",\"https:\\\/\\\/www.linkedin.com\\\/company\\\/mercator-ocean\\\/\",\"https:\\\/\\\/www.youtube.com\\\/user\\\/MERCATOROCEAN\"]}]}<\/script>\n<!-- \/ Yoast SEO plugin. -->","yoast_head_json":{"title":"#WeAreAllOceanCitizens, une \u00e9dition m\u00e9diterran\u00e9enne - Mercator Ocean International","robots":{"index":"index","follow":"follow","max-snippet":"max-snippet:-1","max-image-preview":"max-image-preview:large","max-video-preview":"max-video-preview:-1"},"canonical":"https:\/\/www.mercator-ocean.eu\/fr\/event\/wearealloceancitizens-une-edition-mediterraneenne\/","og_locale":"fr_FR","og_type":"article","og_title":"#WeAreAllOceanCitizens, une \u00e9dition m\u00e9diterran\u00e9enne - Mercator Ocean International","og_description":"Pour c\u00e9l\u00e9brer le Jour de la C\u00f4te m\u00e9diterran\u00e9enne le25 septembre, Mercator Ocean International (MOi) participera au Med Ocean Literacy Festival, organis\u00e9 par la Coalition EU4Ocean. Avec le Copernicus Marine Service et en partenariat avec&nbsp;Sulitest, le MOi accueillera l&rsquo;\u00e9v\u00e9nement en ligne #WeAreAllOceanCitizens pour pr\u00e9senter le module SDG14. Coproduit par le MOi, Sulitest et le D\u00e9partement des [&hellip;]","og_url":"https:\/\/www.mercator-ocean.eu\/fr\/event\/wearealloceancitizens-une-edition-mediterraneenne\/","og_site_name":"Mercator Ocean International","article_publisher":"https:\/\/www.facebook.com\/MercatorOcean","article_modified_time":"2025-05-26T12:43:25+00:00","og_image":[{"width":1920,"height":1080,"url":"https:\/\/www.mercator-ocean.eu\/wp-content\/uploads\/2024\/03\/Med-OL-Festival-3.png","type":"image\/png"}],"twitter_card":"summary_large_image","twitter_site":"@MercatorOcean","twitter_misc":{"Dur\u00e9e de lecture estim\u00e9e":"1 minute"},"schema":{"@context":"https:\/\/schema.org","@graph":[{"@type":"WebPage","@id":"https:\/\/www.mercator-ocean.eu\/fr\/event\/wearealloceancitizens-une-edition-mediterraneenne\/","url":"https:\/\/www.mercator-ocean.eu\/fr\/event\/wearealloceancitizens-une-edition-mediterraneenne\/","name":"#WeAreAllOceanCitizens, une \u00e9dition m\u00e9diterran\u00e9enne - Mercator Ocean International","isPartOf":{"@id":"https:\/\/www.mercator-ocean.eu\/fr\/#website"},"primaryImageOfPage":{"@id":"https:\/\/www.mercator-ocean.eu\/fr\/event\/wearealloceancitizens-une-edition-mediterraneenne\/#primaryimage"},"image":{"@id":"https:\/\/www.mercator-ocean.eu\/fr\/event\/wearealloceancitizens-une-edition-mediterraneenne\/#primaryimage"},"thumbnailUrl":"https:\/\/www.mercator-ocean.eu\/wp-content\/uploads\/2024\/03\/Med-OL-Festival-3.png","datePublished":"2021-09-20T00:00:00+00:00","dateModified":"2025-05-26T12:43:25+00:00","breadcrumb":{"@id":"https:\/\/www.mercator-ocean.eu\/fr\/event\/wearealloceancitizens-une-edition-mediterraneenne\/#breadcrumb"},"inLanguage":"fr-FR","potentialAction":[{"@type":"ReadAction","target":["https:\/\/www.mercator-ocean.eu\/fr\/event\/wearealloceancitizens-une-edition-mediterraneenne\/"]}]},{"@type":"ImageObject","inLanguage":"fr-FR","@id":"https:\/\/www.mercator-ocean.eu\/fr\/event\/wearealloceancitizens-une-edition-mediterraneenne\/#primaryimage","url":"https:\/\/www.mercator-ocean.eu\/wp-content\/uploads\/2024\/03\/Med-OL-Festival-3.png","contentUrl":"https:\/\/www.mercator-ocean.eu\/wp-content\/uploads\/2024\/03\/Med-OL-Festival-3.png","width":1920,"height":1080},{"@type":"BreadcrumbList","@id":"https:\/\/www.mercator-ocean.eu\/fr\/event\/wearealloceancitizens-une-edition-mediterraneenne\/#breadcrumb","itemListElement":[{"@type":"ListItem","position":1,"name":"Home","item":"https:\/\/www.mercator-ocean.eu\/fr\/"},{"@type":"ListItem","position":2,"name":"#WeAreAllOceanCitizens, une \u00e9dition m\u00e9diterran\u00e9enne"}]},{"@type":"WebSite","@id":"https:\/\/www.mercator-ocean.eu\/fr\/#website","url":"https:\/\/www.mercator-ocean.eu\/fr\/","name":"Mercator Ocean International","description":"","publisher":{"@id":"https:\/\/www.mercator-ocean.eu\/fr\/#organization"},"potentialAction":[{"@type":"SearchAction","target":{"@type":"EntryPoint","urlTemplate":"https:\/\/www.mercator-ocean.eu\/fr\/?s={search_term_string}"},"query-input":{"@type":"PropertyValueSpecification","valueRequired":true,"valueName":"search_term_string"}}],"inLanguage":"fr-FR"},{"@type":"Organization","@id":"https:\/\/www.mercator-ocean.eu\/fr\/#organization","name":"Mercator Ocean International","url":"https:\/\/www.mercator-ocean.eu\/fr\/","logo":{"@type":"ImageObject","inLanguage":"fr-FR","@id":"https:\/\/www.mercator-ocean.eu\/fr\/#\/schema\/logo\/image\/","url":"https:\/\/www.mercator-ocean.eu\/wp-content\/uploads\/2024\/12\/logo-mercator.png","contentUrl":"https:\/\/www.mercator-ocean.eu\/wp-content\/uploads\/2024\/12\/logo-mercator.png","width":541,"height":547,"caption":"Mercator Ocean International"},"image":{"@id":"https:\/\/www.mercator-ocean.eu\/fr\/#\/schema\/logo\/image\/"},"sameAs":["https:\/\/www.facebook.com\/MercatorOcean","https:\/\/x.com\/MercatorOcean","https:\/\/www.instagram.com\/mercator_ocean\/","https:\/\/www.linkedin.com\/company\/mercator-ocean\/","https:\/\/www.youtube.com\/user\/MERCATOROCEAN"]}]}},"_links":{"self":[{"href":"https:\/\/www.mercator-ocean.eu\/fr\/wp-json\/wp\/v2\/event\/10394","targetHints":{"allow":["GET"]}}],"collection":[{"href":"https:\/\/www.mercator-ocean.eu\/fr\/wp-json\/wp\/v2\/event"}],"about":[{"href":"https:\/\/www.mercator-ocean.eu\/fr\/wp-json\/wp\/v2\/types\/event"}],"wp:featuredmedia":[{"embeddable":true,"href":"https:\/\/www.mercator-ocean.eu\/fr\/wp-json\/wp\/v2\/media\/7037"}],"wp:attachment":[{"href":"https:\/\/www.mercator-ocean.eu\/fr\/wp-json\/wp\/v2\/media?parent=10394"}],"wp:term":[{"taxonomy":"category","embeddable":true,"href":"https:\/\/www.mercator-ocean.eu\/fr\/wp-json\/wp\/v2\/categories?post=10394"},{"taxonomy":"post_tag","embeddable":true,"href":"https:\/\/www.mercator-ocean.eu\/fr\/wp-json\/wp\/v2\/tags?post=10394"},{"taxonomy":"translation-status","embeddable":true,"href":"https:\/\/www.mercator-ocean.eu\/fr\/wp-json\/wp\/v2\/translation-status?post=10394"}],"curies":[{"name":"wp","href":"https:\/\/api.w.org\/{rel}","templated":true}]}}