{"id":10446,"date":"2022-06-27T00:00:00","date_gmt":"2022-06-27T00:00:00","guid":{"rendered":"https:\/\/www.mercator-ocean.eu\/digital-twin-ocean\/"},"modified":"2025-05-26T12:43:28","modified_gmt":"2025-05-26T12:43:28","slug":"digital-twin-ocean","status":"publish","type":"event","link":"https:\/\/www.mercator-ocean.eu\/fr\/event\/digital-twin-ocean\/","title":{"rendered":"Mercator Ocean International pr\u00e9sente le DTO lors du Colloque Mer &amp; Espace"},"content":{"rendered":"<\/p>\n<h3>Mercator Ocean International est invit\u00e9 par le CNES dans le cadre de son programme Connect by CNES \u00e0 intervenir lors du Colloque Mer &amp; Espace qui se d\u00e9roule \u00e0 Marseille du 28 au 30 Juin pour parler du&nbsp;<strong>Jumeau Num\u00e9rique de l&rsquo;Oc\u00e9an<\/strong>&nbsp;<\/h3>\n<section class=\"l-section wpb_row height_medium\">\n<div class=\"l-section-h i-cf\">\n<div class=\"g-cols vc_row type_default valign_top\">\n<div class=\"vc_col-sm-12 wpb_column vc_column_container\">\n<div class=\"vc_column-inner\">\n<div class=\"wpb_wrapper\">\n<div class=\"wpb_text_column\">\n<div class=\"wpb_wrapper\">\n<p><a href=\"https:\/\/www.mercator-ocean.eu\/wp-content\/uploads\/2022\/05\/real-twin-instagram-MOi.jpg\"><img fetchpriority=\"high\" decoding=\"async\" class=\"aligncenter wp-image-26679 size-us_600_0\" src=\"https:\/\/www.mercator-ocean.eu\/wp-content\/uploads\/2022\/05\/real-twin-instagram-MOi-600x600.jpg\" alt=\"\" width=\"600\" height=\"600\"\/><\/a><\/p>\n<p>Le&nbsp;<a href=\"https:\/\/www.euromaritime.fr\/9-visiteurs\" target=\"_blank\" rel=\"noopener\">salon EuroMaritime<\/a>, rendez-vous international de r\u00e9f\u00e9rence dans la mati\u00e8re se tiendra du 28 au 30 juin \u00e0 Marseille. Dans le cadre de ce prestigieux salon, le CNES organise un colloque \u00a0\u00bb Mer et espace \u00a0\u00bb qui met en \u00e9vidence les liens entre les technos\/donn\u00e9s satellitaires et le maritime du futur.<\/p>\n<p>Quatre tables rondes th\u00e9matiques seront anim\u00e9es par des experts et ils partageront avec l&rsquo;audience les retours d&rsquo;exp\u00e9rience. Entreprises et&nbsp; startups pr\u00e9senteront leurs solutions op\u00e9rationnelles construites sur la base de donn\u00e9es satellitaires.<\/p>\n<p>En tant qu&rsquo;entreprise r\u00e9f\u00e9rente dans l&rsquo;Oc\u00e9an digital, Mercator Ocean International donnera une vision du jumeau num\u00e9rique ou&nbsp;<a href=\"https:\/\/digitaltwinocean.mercator-ocean.eu\/\" target=\"_blank\" rel=\"noopener\"><strong>Jumeau Num\u00e9rique de l&rsquo;Oc\u00e9an<\/strong><\/a>&nbsp;(DTO) lors de&nbsp; la table ronde 3 ; Celle-ci sera d\u00e9di\u00e9e \u00e0 la th\u00e9matique \u00a0\u00bb&nbsp;La spatial au service de la donn\u00e9e&nbsp;\u00a0\u00bb et se d\u00e9roulera le Mercredi 29 juin de 16h00 \u00e0 17h30.<\/p>\n<p>Ci-dessous le d\u00e9tail de cette table ronde<\/p>\n<ul>\n<li><strong>Key note :&nbsp;<\/strong><em>Ifremer<\/em><\/li>\n<li> DTO<strong>:<\/strong>&nbsp;le jumeau num\u00e9rique de l&rsquo;oc\u00e9an &#8211;&nbsp;<em>Mercator Oc\u00e9an<\/em><\/li>\n<li><strong>Collecte de donn\u00e9es :<\/strong>&nbsp;relev\u00e9 de multiples param\u00e8tres oc\u00e9aniques par drones autonomes dans la colonne d&rsquo;eau\/haute mer domaine oc\u00e9anique &#8211; intervenant en cours<\/li>\n<li><strong>La nouvelle navigation :<\/strong>&nbsp;la pr\u00e9cision du GNSS augment\u00e9 pour la s\u00e9curit\u00e9 des op\u00e9rations en mer &#8211;&nbsp;<em>G\u00e9oflex<\/em><\/li>\n<li><strong>Le bateau augment\u00e9 :<\/strong>&nbsp;un jumeau num\u00e9rique du navire coupl\u00e9 avec le jumeau num\u00e9rique de l&rsquo;oc\u00e9an &#8211;&nbsp;A-BIM<\/li>\n<li><strong>Market place<\/strong>&nbsp;&#8211;&nbsp;3DS<\/li>\n<\/ul>\n<\/div>\n<\/div>\n<\/div>\n<\/div>\n<\/div>\n<\/div>\n<\/div>\n<\/section>\n<section class=\"l-section wpb_row height_medium\">\n<div class=\"l-section-h i-cf\">\n<div class=\"g-cols vc_row type_default valign_top\">\n<div class=\"vc_col-sm-12 wpb_column vc_column_container\">\n<div class=\"vc_column-inner\">\n<div class=\"wpb_wrapper\">\n<div class=\"wpb_text_column\">\n<div class=\"wpb_wrapper\">\n<h2>Liens Utiles :<\/h2>\n<ul>\n<li>DTO website :&nbsp;<a href=\"https:\/\/digitaltwinocean.mercator-ocean.eu\/\">Jumeau Num\u00e9rique Ocean (mercator-ocean.eu)<\/a><\/li>\n<li><a href=\"https:\/\/www.connectbycnes.fr\/en\/node\/429\">Colloque Mer &amp; Espace | Connect by CNES<\/a><\/li>\n<li><a href=\"https:\/\/www.connectbycnes.fr\/en\">Donnez plus d&rsquo;espace \u00e0 vos id\u00e9es | Connect by CNES<\/a><\/li>\n<\/ul>\n<\/div>\n<\/div>\n<\/div>\n<\/div>\n<\/div>\n<\/div>\n<\/div>\n<\/section>\n","protected":false},"excerpt":{"rendered":"<p>Mercator Ocean International est invit\u00e9 par le CNES dans le cadre de son programme Connect by CNES \u00e0 intervenir lors du Colloque Mer &amp; Espace qui se d\u00e9roule \u00e0 Marseille du 28 au 30 Juin pour parler du&nbsp;Jumeau Num\u00e9rique de l&rsquo;Oc\u00e9an&nbsp; Le&nbsp;salon EuroMaritime, rendez-vous international de r\u00e9f\u00e9rence dans la mati\u00e8re se tiendra du 28 au [&hellip;]<\/p>\n","protected":false},"featured_media":7151,"template":"","categories":[2460,2459],"tags":[],"translation-status":[2454],"class_list":["post-10446","event","type-event","status-publish","has-post-thumbnail","hentry","category-conferences-et-sommets","category-evenements"],"acf":[],"yoast_head":"<!-- This site is optimized with the Yoast SEO plugin v27.4 - https:\/\/yoast.com\/product\/yoast-seo-wordpress\/ -->\n<title>Mercator Ocean International pr\u00e9sente le DTO lors du Colloque Mer &amp; Espace - Mercator Ocean International<\/title>\n<meta name=\"robots\" content=\"index, follow, max-snippet:-1, max-image-preview:large, max-video-preview:-1\" \/>\n<link rel=\"canonical\" href=\"https:\/\/www.mercator-ocean.eu\/fr\/event\/digital-twin-ocean\/\" \/>\n<meta property=\"og:locale\" content=\"fr_FR\" \/>\n<meta property=\"og:type\" content=\"article\" \/>\n<meta property=\"og:title\" content=\"Mercator Ocean International pr\u00e9sente le DTO lors du Colloque Mer &amp; Espace - Mercator Ocean International\" \/>\n<meta property=\"og:description\" content=\"Mercator Ocean International est invit\u00e9 par le CNES dans le cadre de son programme Connect by CNES \u00e0 intervenir lors du Colloque Mer &amp; Espace qui se d\u00e9roule \u00e0 Marseille du 28 au 30 Juin pour parler du&nbsp;Jumeau Num\u00e9rique de l&rsquo;Oc\u00e9an&nbsp; Le&nbsp;salon EuroMaritime, rendez-vous international de r\u00e9f\u00e9rence dans la mati\u00e8re se tiendra du 28 au [&hellip;]\" \/>\n<meta property=\"og:url\" content=\"https:\/\/www.mercator-ocean.eu\/fr\/event\/digital-twin-ocean\/\" \/>\n<meta property=\"og:site_name\" content=\"Mercator Ocean International\" \/>\n<meta property=\"article:publisher\" content=\"https:\/\/www.facebook.com\/MercatorOcean\" \/>\n<meta property=\"article:modified_time\" content=\"2025-05-26T12:43:28+00:00\" \/>\n<meta property=\"og:image\" content=\"https:\/\/www.mercator-ocean.eu\/wp-content\/uploads\/2024\/03\/colloque-mer-espace.jpg\" \/>\n\t<meta property=\"og:image:width\" content=\"1200\" \/>\n\t<meta property=\"og:image:height\" content=\"372\" \/>\n\t<meta property=\"og:image:type\" content=\"image\/jpeg\" \/>\n<meta name=\"twitter:card\" content=\"summary_large_image\" \/>\n<meta name=\"twitter:site\" content=\"@MercatorOcean\" \/>\n<meta name=\"twitter:label1\" content=\"Dur\u00e9e de lecture estim\u00e9e\" \/>\n\t<meta name=\"twitter:data1\" content=\"2 minutes\" \/>\n<script type=\"application\/ld+json\" class=\"yoast-schema-graph\">{\"@context\":\"https:\\\/\\\/schema.org\",\"@graph\":[{\"@type\":\"WebPage\",\"@id\":\"https:\\\/\\\/www.mercator-ocean.eu\\\/fr\\\/event\\\/digital-twin-ocean\\\/\",\"url\":\"https:\\\/\\\/www.mercator-ocean.eu\\\/fr\\\/event\\\/digital-twin-ocean\\\/\",\"name\":\"Mercator Ocean International pr\u00e9sente le DTO lors du Colloque Mer &amp; Espace - Mercator Ocean International\",\"isPartOf\":{\"@id\":\"https:\\\/\\\/www.mercator-ocean.eu\\\/fr\\\/#website\"},\"primaryImageOfPage\":{\"@id\":\"https:\\\/\\\/www.mercator-ocean.eu\\\/fr\\\/event\\\/digital-twin-ocean\\\/#primaryimage\"},\"image\":{\"@id\":\"https:\\\/\\\/www.mercator-ocean.eu\\\/fr\\\/event\\\/digital-twin-ocean\\\/#primaryimage\"},\"thumbnailUrl\":\"https:\\\/\\\/www.mercator-ocean.eu\\\/wp-content\\\/uploads\\\/2024\\\/03\\\/colloque-mer-espace.jpg\",\"datePublished\":\"2022-06-27T00:00:00+00:00\",\"dateModified\":\"2025-05-26T12:43:28+00:00\",\"breadcrumb\":{\"@id\":\"https:\\\/\\\/www.mercator-ocean.eu\\\/fr\\\/event\\\/digital-twin-ocean\\\/#breadcrumb\"},\"inLanguage\":\"fr-FR\",\"potentialAction\":[{\"@type\":\"ReadAction\",\"target\":[\"https:\\\/\\\/www.mercator-ocean.eu\\\/fr\\\/event\\\/digital-twin-ocean\\\/\"]}]},{\"@type\":\"ImageObject\",\"inLanguage\":\"fr-FR\",\"@id\":\"https:\\\/\\\/www.mercator-ocean.eu\\\/fr\\\/event\\\/digital-twin-ocean\\\/#primaryimage\",\"url\":\"https:\\\/\\\/www.mercator-ocean.eu\\\/wp-content\\\/uploads\\\/2024\\\/03\\\/colloque-mer-espace.jpg\",\"contentUrl\":\"https:\\\/\\\/www.mercator-ocean.eu\\\/wp-content\\\/uploads\\\/2024\\\/03\\\/colloque-mer-espace.jpg\",\"width\":1200,\"height\":372},{\"@type\":\"BreadcrumbList\",\"@id\":\"https:\\\/\\\/www.mercator-ocean.eu\\\/fr\\\/event\\\/digital-twin-ocean\\\/#breadcrumb\",\"itemListElement\":[{\"@type\":\"ListItem\",\"position\":1,\"name\":\"Home\",\"item\":\"https:\\\/\\\/www.mercator-ocean.eu\\\/fr\\\/\"},{\"@type\":\"ListItem\",\"position\":2,\"name\":\"Mercator Ocean International pr\u00e9sente le DTO lors du Colloque Mer &amp; Espace\"}]},{\"@type\":\"WebSite\",\"@id\":\"https:\\\/\\\/www.mercator-ocean.eu\\\/fr\\\/#website\",\"url\":\"https:\\\/\\\/www.mercator-ocean.eu\\\/fr\\\/\",\"name\":\"Mercator Ocean International\",\"description\":\"\",\"publisher\":{\"@id\":\"https:\\\/\\\/www.mercator-ocean.eu\\\/fr\\\/#organization\"},\"potentialAction\":[{\"@type\":\"SearchAction\",\"target\":{\"@type\":\"EntryPoint\",\"urlTemplate\":\"https:\\\/\\\/www.mercator-ocean.eu\\\/fr\\\/?s={search_term_string}\"},\"query-input\":{\"@type\":\"PropertyValueSpecification\",\"valueRequired\":true,\"valueName\":\"search_term_string\"}}],\"inLanguage\":\"fr-FR\"},{\"@type\":\"Organization\",\"@id\":\"https:\\\/\\\/www.mercator-ocean.eu\\\/fr\\\/#organization\",\"name\":\"Mercator Ocean International\",\"url\":\"https:\\\/\\\/www.mercator-ocean.eu\\\/fr\\\/\",\"logo\":{\"@type\":\"ImageObject\",\"inLanguage\":\"fr-FR\",\"@id\":\"https:\\\/\\\/www.mercator-ocean.eu\\\/fr\\\/#\\\/schema\\\/logo\\\/image\\\/\",\"url\":\"https:\\\/\\\/www.mercator-ocean.eu\\\/wp-content\\\/uploads\\\/2024\\\/12\\\/logo-mercator.png\",\"contentUrl\":\"https:\\\/\\\/www.mercator-ocean.eu\\\/wp-content\\\/uploads\\\/2024\\\/12\\\/logo-mercator.png\",\"width\":541,\"height\":547,\"caption\":\"Mercator Ocean International\"},\"image\":{\"@id\":\"https:\\\/\\\/www.mercator-ocean.eu\\\/fr\\\/#\\\/schema\\\/logo\\\/image\\\/\"},\"sameAs\":[\"https:\\\/\\\/www.facebook.com\\\/MercatorOcean\",\"https:\\\/\\\/x.com\\\/MercatorOcean\",\"https:\\\/\\\/www.instagram.com\\\/mercator_ocean\\\/\",\"https:\\\/\\\/www.linkedin.com\\\/company\\\/mercator-ocean\\\/\",\"https:\\\/\\\/www.youtube.com\\\/user\\\/MERCATOROCEAN\"]}]}<\/script>\n<!-- \/ Yoast SEO plugin. -->","yoast_head_json":{"title":"Mercator Ocean International pr\u00e9sente le DTO lors du Colloque Mer &amp; Espace - Mercator Ocean International","robots":{"index":"index","follow":"follow","max-snippet":"max-snippet:-1","max-image-preview":"max-image-preview:large","max-video-preview":"max-video-preview:-1"},"canonical":"https:\/\/www.mercator-ocean.eu\/fr\/event\/digital-twin-ocean\/","og_locale":"fr_FR","og_type":"article","og_title":"Mercator Ocean International pr\u00e9sente le DTO lors du Colloque Mer &amp; Espace - Mercator Ocean International","og_description":"Mercator Ocean International est invit\u00e9 par le CNES dans le cadre de son programme Connect by CNES \u00e0 intervenir lors du Colloque Mer &amp; Espace qui se d\u00e9roule \u00e0 Marseille du 28 au 30 Juin pour parler du&nbsp;Jumeau Num\u00e9rique de l&rsquo;Oc\u00e9an&nbsp; Le&nbsp;salon EuroMaritime, rendez-vous international de r\u00e9f\u00e9rence dans la mati\u00e8re se tiendra du 28 au [&hellip;]","og_url":"https:\/\/www.mercator-ocean.eu\/fr\/event\/digital-twin-ocean\/","og_site_name":"Mercator Ocean International","article_publisher":"https:\/\/www.facebook.com\/MercatorOcean","article_modified_time":"2025-05-26T12:43:28+00:00","og_image":[{"width":1200,"height":372,"url":"https:\/\/www.mercator-ocean.eu\/wp-content\/uploads\/2024\/03\/colloque-mer-espace.jpg","type":"image\/jpeg"}],"twitter_card":"summary_large_image","twitter_site":"@MercatorOcean","twitter_misc":{"Dur\u00e9e de lecture estim\u00e9e":"2 minutes"},"schema":{"@context":"https:\/\/schema.org","@graph":[{"@type":"WebPage","@id":"https:\/\/www.mercator-ocean.eu\/fr\/event\/digital-twin-ocean\/","url":"https:\/\/www.mercator-ocean.eu\/fr\/event\/digital-twin-ocean\/","name":"Mercator Ocean International pr\u00e9sente le DTO lors du Colloque Mer &amp; Espace - Mercator Ocean International","isPartOf":{"@id":"https:\/\/www.mercator-ocean.eu\/fr\/#website"},"primaryImageOfPage":{"@id":"https:\/\/www.mercator-ocean.eu\/fr\/event\/digital-twin-ocean\/#primaryimage"},"image":{"@id":"https:\/\/www.mercator-ocean.eu\/fr\/event\/digital-twin-ocean\/#primaryimage"},"thumbnailUrl":"https:\/\/www.mercator-ocean.eu\/wp-content\/uploads\/2024\/03\/colloque-mer-espace.jpg","datePublished":"2022-06-27T00:00:00+00:00","dateModified":"2025-05-26T12:43:28+00:00","breadcrumb":{"@id":"https:\/\/www.mercator-ocean.eu\/fr\/event\/digital-twin-ocean\/#breadcrumb"},"inLanguage":"fr-FR","potentialAction":[{"@type":"ReadAction","target":["https:\/\/www.mercator-ocean.eu\/fr\/event\/digital-twin-ocean\/"]}]},{"@type":"ImageObject","inLanguage":"fr-FR","@id":"https:\/\/www.mercator-ocean.eu\/fr\/event\/digital-twin-ocean\/#primaryimage","url":"https:\/\/www.mercator-ocean.eu\/wp-content\/uploads\/2024\/03\/colloque-mer-espace.jpg","contentUrl":"https:\/\/www.mercator-ocean.eu\/wp-content\/uploads\/2024\/03\/colloque-mer-espace.jpg","width":1200,"height":372},{"@type":"BreadcrumbList","@id":"https:\/\/www.mercator-ocean.eu\/fr\/event\/digital-twin-ocean\/#breadcrumb","itemListElement":[{"@type":"ListItem","position":1,"name":"Home","item":"https:\/\/www.mercator-ocean.eu\/fr\/"},{"@type":"ListItem","position":2,"name":"Mercator Ocean International pr\u00e9sente le DTO lors du Colloque Mer &amp; Espace"}]},{"@type":"WebSite","@id":"https:\/\/www.mercator-ocean.eu\/fr\/#website","url":"https:\/\/www.mercator-ocean.eu\/fr\/","name":"Mercator Ocean International","description":"","publisher":{"@id":"https:\/\/www.mercator-ocean.eu\/fr\/#organization"},"potentialAction":[{"@type":"SearchAction","target":{"@type":"EntryPoint","urlTemplate":"https:\/\/www.mercator-ocean.eu\/fr\/?s={search_term_string}"},"query-input":{"@type":"PropertyValueSpecification","valueRequired":true,"valueName":"search_term_string"}}],"inLanguage":"fr-FR"},{"@type":"Organization","@id":"https:\/\/www.mercator-ocean.eu\/fr\/#organization","name":"Mercator Ocean International","url":"https:\/\/www.mercator-ocean.eu\/fr\/","logo":{"@type":"ImageObject","inLanguage":"fr-FR","@id":"https:\/\/www.mercator-ocean.eu\/fr\/#\/schema\/logo\/image\/","url":"https:\/\/www.mercator-ocean.eu\/wp-content\/uploads\/2024\/12\/logo-mercator.png","contentUrl":"https:\/\/www.mercator-ocean.eu\/wp-content\/uploads\/2024\/12\/logo-mercator.png","width":541,"height":547,"caption":"Mercator Ocean International"},"image":{"@id":"https:\/\/www.mercator-ocean.eu\/fr\/#\/schema\/logo\/image\/"},"sameAs":["https:\/\/www.facebook.com\/MercatorOcean","https:\/\/x.com\/MercatorOcean","https:\/\/www.instagram.com\/mercator_ocean\/","https:\/\/www.linkedin.com\/company\/mercator-ocean\/","https:\/\/www.youtube.com\/user\/MERCATOROCEAN"]}]}},"_links":{"self":[{"href":"https:\/\/www.mercator-ocean.eu\/fr\/wp-json\/wp\/v2\/event\/10446","targetHints":{"allow":["GET"]}}],"collection":[{"href":"https:\/\/www.mercator-ocean.eu\/fr\/wp-json\/wp\/v2\/event"}],"about":[{"href":"https:\/\/www.mercator-ocean.eu\/fr\/wp-json\/wp\/v2\/types\/event"}],"wp:featuredmedia":[{"embeddable":true,"href":"https:\/\/www.mercator-ocean.eu\/fr\/wp-json\/wp\/v2\/media\/7151"}],"wp:attachment":[{"href":"https:\/\/www.mercator-ocean.eu\/fr\/wp-json\/wp\/v2\/media?parent=10446"}],"wp:term":[{"taxonomy":"category","embeddable":true,"href":"https:\/\/www.mercator-ocean.eu\/fr\/wp-json\/wp\/v2\/categories?post=10446"},{"taxonomy":"post_tag","embeddable":true,"href":"https:\/\/www.mercator-ocean.eu\/fr\/wp-json\/wp\/v2\/tags?post=10446"},{"taxonomy":"translation-status","embeddable":true,"href":"https:\/\/www.mercator-ocean.eu\/fr\/wp-json\/wp\/v2\/translation-status?post=10446"}],"curies":[{"name":"wp","href":"https:\/\/api.w.org\/{rel}","templated":true}]}}