{"id":16160,"date":"2016-03-11T00:00:00","date_gmt":"2016-03-11T00:00:00","guid":{"rendered":"https:\/\/www.mercator-ocean.eu\/event\/participez-a-la-premiere-journee-dinformation-de-copernicus-marine-service-a-tallinn-le-18-avril\/"},"modified":"2025-05-26T12:43:17","modified_gmt":"2025-05-26T12:43:17","slug":"participez-a-la-premiere-journee-dinformation-de-copernicus-marine-service-a-tallinn-le-18-avril","status":"publish","type":"event","link":"https:\/\/www.mercator-ocean.eu\/fr\/event\/participez-a-la-premiere-journee-dinformation-de-copernicus-marine-service-a-tallinn-le-18-avril\/","title":{"rendered":"Participez \u00e0 la premi\u00e8re journ\u00e9e d&rsquo;information de Copernicus Marine Service \u00e0 Tallinn le 18 avril !"},"content":{"rendered":"<h2 style=\"text-align: center;\"><span style=\"color: #ff0000;\"><span style=\"color: #ff0000;\"><span style=\"color: #000000;\"><strong><\/strong><\/span><\/span><\/span><\/h2>\n<div class=\"full_desc\">O<span style=\"color: #ff0000;\"><span style=\"color: #ff0000;\"><span style=\"color: #000000;\">rganis\u00e9 par Mercator Oc\u00e9an en partenariat avec MSI, cet \u00e9v\u00e9nement a pour th\u00e8me <\/span><\/span><\/span> \u00ab\u00a0L&rsquo;alimentation des entreprises et des services maritimes en Estonie\u00a0\u00bb <span style=\"color: #ff0000;\"><span style=\"color: #ff0000;\"><span style=\"color: #000000;\">est ouvert aux utilisateurs actuels ou potentiels de CMEMS qui ont un int\u00e9r\u00eat g\u00e9n\u00e9ral pour la technologie<\/span><\/span><\/span>s&rsquo;int\u00e9ressent d&rsquo;une mani\u00e8re g\u00e9n\u00e9rale aux produits de la mer (que ce soit en tant que services ou en tant que<span style=\"color: #ff0000;\"><span style=\"color: #ff0000;\"><span style=\"color: #000000;\">t aux produits de la mer (en tant que prestataires de services ou utilisateurs finaux, \u00e0 des fins de recherche ou d&rsquo;affaires).<strong><\/strong><\/span><\/span><\/span><\/div>\n<p>La participation est ouverte \u00e0 tous<a href=\"http:\/\/www.mercator-ocean.eu\/en\/news-agenda\/agenda\/copernicus-marine-service-infoday-tallinn\/\">, renseignez-vous d\u00e8s maintenant !<\/a><\/p>\n","protected":false},"excerpt":{"rendered":"<p>Organis\u00e9 par Mercator Oc\u00e9an en partenariat avec MSI, cet \u00e9v\u00e9nement a pour th\u00e8me \u00ab\u00a0L&rsquo;alimentation des entreprises et des services maritimes en Estonie\u00a0\u00bb est ouvert aux utilisateurs actuels ou potentiels de CMEMS qui ont un int\u00e9r\u00eat g\u00e9n\u00e9ral pour la technologies&rsquo;int\u00e9ressent d&rsquo;une mani\u00e8re g\u00e9n\u00e9rale aux produits de la mer (que ce soit en tant que services ou [&hellip;]<\/p>\n","protected":false},"featured_media":16282,"template":"","categories":[2460,2459],"tags":[],"translation-status":[2454],"class_list":["post-16160","event","type-event","status-publish","has-post-thumbnail","hentry","category-conferences-et-sommets","category-evenements"],"acf":[],"yoast_head":"<!-- This site is optimized with the Yoast SEO plugin v27.5 - https:\/\/yoast.com\/product\/yoast-seo-wordpress\/ -->\n<title>Participez \u00e0 la premi\u00e8re journ\u00e9e d&#039;information de Copernicus Marine Service \u00e0 Tallinn le 18 avril ! - Mercator Ocean International<\/title>\n<meta name=\"robots\" content=\"index, follow, max-snippet:-1, max-image-preview:large, max-video-preview:-1\" \/>\n<link rel=\"canonical\" href=\"https:\/\/www.mercator-ocean.eu\/fr\/event\/participez-a-la-premiere-journee-dinformation-de-copernicus-marine-service-a-tallinn-le-18-avril\/\" \/>\n<meta property=\"og:locale\" content=\"fr_FR\" \/>\n<meta property=\"og:type\" content=\"article\" \/>\n<meta property=\"og:title\" content=\"Participez \u00e0 la premi\u00e8re journ\u00e9e d&#039;information de Copernicus Marine Service \u00e0 Tallinn le 18 avril ! - Mercator Ocean International\" \/>\n<meta property=\"og:description\" content=\"Organis\u00e9 par Mercator Oc\u00e9an en partenariat avec MSI, cet \u00e9v\u00e9nement a pour th\u00e8me \u00ab\u00a0L&rsquo;alimentation des entreprises et des services maritimes en Estonie\u00a0\u00bb est ouvert aux utilisateurs actuels ou potentiels de CMEMS qui ont un int\u00e9r\u00eat g\u00e9n\u00e9ral pour la technologies&rsquo;int\u00e9ressent d&rsquo;une mani\u00e8re g\u00e9n\u00e9rale aux produits de la mer (que ce soit en tant que services ou [&hellip;]\" \/>\n<meta property=\"og:url\" content=\"https:\/\/www.mercator-ocean.eu\/fr\/event\/participez-a-la-premiere-journee-dinformation-de-copernicus-marine-service-a-tallinn-le-18-avril\/\" \/>\n<meta property=\"og:site_name\" content=\"Mercator Ocean International\" \/>\n<meta property=\"article:publisher\" content=\"https:\/\/www.facebook.com\/MercatorOcean\" \/>\n<meta property=\"article:modified_time\" content=\"2025-05-26T12:43:17+00:00\" \/>\n<meta property=\"og:image\" content=\"https:\/\/www.mercator-ocean.eu\/wp-content\/uploads\/2024\/03\/Photo-Tallinn-500px.jpg\" \/>\n\t<meta property=\"og:image:width\" content=\"500\" \/>\n\t<meta property=\"og:image:height\" content=\"500\" \/>\n\t<meta property=\"og:image:type\" content=\"image\/jpeg\" \/>\n<meta name=\"twitter:card\" content=\"summary_large_image\" \/>\n<meta name=\"twitter:site\" content=\"@MercatorOcean\" \/>\n<script type=\"application\/ld+json\" class=\"yoast-schema-graph\">{\"@context\":\"https:\\\/\\\/schema.org\",\"@graph\":[{\"@type\":\"WebPage\",\"@id\":\"https:\\\/\\\/www.mercator-ocean.eu\\\/fr\\\/event\\\/participez-a-la-premiere-journee-dinformation-de-copernicus-marine-service-a-tallinn-le-18-avril\\\/\",\"url\":\"https:\\\/\\\/www.mercator-ocean.eu\\\/fr\\\/event\\\/participez-a-la-premiere-journee-dinformation-de-copernicus-marine-service-a-tallinn-le-18-avril\\\/\",\"name\":\"Participez \u00e0 la premi\u00e8re journ\u00e9e d'information de Copernicus Marine Service \u00e0 Tallinn le 18 avril ! - Mercator Ocean International\",\"isPartOf\":{\"@id\":\"https:\\\/\\\/www.mercator-ocean.eu\\\/fr\\\/#website\"},\"primaryImageOfPage\":{\"@id\":\"https:\\\/\\\/www.mercator-ocean.eu\\\/fr\\\/event\\\/participez-a-la-premiere-journee-dinformation-de-copernicus-marine-service-a-tallinn-le-18-avril\\\/#primaryimage\"},\"image\":{\"@id\":\"https:\\\/\\\/www.mercator-ocean.eu\\\/fr\\\/event\\\/participez-a-la-premiere-journee-dinformation-de-copernicus-marine-service-a-tallinn-le-18-avril\\\/#primaryimage\"},\"thumbnailUrl\":\"https:\\\/\\\/www.mercator-ocean.eu\\\/wp-content\\\/uploads\\\/2024\\\/03\\\/Photo-Tallinn-500px.jpg\",\"datePublished\":\"2016-03-11T00:00:00+00:00\",\"dateModified\":\"2025-05-26T12:43:17+00:00\",\"breadcrumb\":{\"@id\":\"https:\\\/\\\/www.mercator-ocean.eu\\\/fr\\\/event\\\/participez-a-la-premiere-journee-dinformation-de-copernicus-marine-service-a-tallinn-le-18-avril\\\/#breadcrumb\"},\"inLanguage\":\"fr-FR\",\"potentialAction\":[{\"@type\":\"ReadAction\",\"target\":[\"https:\\\/\\\/www.mercator-ocean.eu\\\/fr\\\/event\\\/participez-a-la-premiere-journee-dinformation-de-copernicus-marine-service-a-tallinn-le-18-avril\\\/\"]}]},{\"@type\":\"ImageObject\",\"inLanguage\":\"fr-FR\",\"@id\":\"https:\\\/\\\/www.mercator-ocean.eu\\\/fr\\\/event\\\/participez-a-la-premiere-journee-dinformation-de-copernicus-marine-service-a-tallinn-le-18-avril\\\/#primaryimage\",\"url\":\"https:\\\/\\\/www.mercator-ocean.eu\\\/wp-content\\\/uploads\\\/2024\\\/03\\\/Photo-Tallinn-500px.jpg\",\"contentUrl\":\"https:\\\/\\\/www.mercator-ocean.eu\\\/wp-content\\\/uploads\\\/2024\\\/03\\\/Photo-Tallinn-500px.jpg\",\"width\":500,\"height\":500},{\"@type\":\"BreadcrumbList\",\"@id\":\"https:\\\/\\\/www.mercator-ocean.eu\\\/fr\\\/event\\\/participez-a-la-premiere-journee-dinformation-de-copernicus-marine-service-a-tallinn-le-18-avril\\\/#breadcrumb\",\"itemListElement\":[{\"@type\":\"ListItem\",\"position\":1,\"name\":\"Home\",\"item\":\"https:\\\/\\\/www.mercator-ocean.eu\\\/fr\\\/\"},{\"@type\":\"ListItem\",\"position\":2,\"name\":\"Participez \u00e0 la premi\u00e8re journ\u00e9e d&#8217;information de Copernicus Marine Service \u00e0 Tallinn le 18 avril !\"}]},{\"@type\":\"WebSite\",\"@id\":\"https:\\\/\\\/www.mercator-ocean.eu\\\/fr\\\/#website\",\"url\":\"https:\\\/\\\/www.mercator-ocean.eu\\\/fr\\\/\",\"name\":\"Mercator Ocean International\",\"description\":\"\",\"publisher\":{\"@id\":\"https:\\\/\\\/www.mercator-ocean.eu\\\/fr\\\/#organization\"},\"potentialAction\":[{\"@type\":\"SearchAction\",\"target\":{\"@type\":\"EntryPoint\",\"urlTemplate\":\"https:\\\/\\\/www.mercator-ocean.eu\\\/fr\\\/?s={search_term_string}\"},\"query-input\":{\"@type\":\"PropertyValueSpecification\",\"valueRequired\":true,\"valueName\":\"search_term_string\"}}],\"inLanguage\":\"fr-FR\"},{\"@type\":\"Organization\",\"@id\":\"https:\\\/\\\/www.mercator-ocean.eu\\\/fr\\\/#organization\",\"name\":\"Mercator Ocean International\",\"url\":\"https:\\\/\\\/www.mercator-ocean.eu\\\/fr\\\/\",\"logo\":{\"@type\":\"ImageObject\",\"inLanguage\":\"fr-FR\",\"@id\":\"https:\\\/\\\/www.mercator-ocean.eu\\\/fr\\\/#\\\/schema\\\/logo\\\/image\\\/\",\"url\":\"https:\\\/\\\/www.mercator-ocean.eu\\\/wp-content\\\/uploads\\\/2024\\\/12\\\/logo-mercator.png\",\"contentUrl\":\"https:\\\/\\\/www.mercator-ocean.eu\\\/wp-content\\\/uploads\\\/2024\\\/12\\\/logo-mercator.png\",\"width\":541,\"height\":547,\"caption\":\"Mercator Ocean International\"},\"image\":{\"@id\":\"https:\\\/\\\/www.mercator-ocean.eu\\\/fr\\\/#\\\/schema\\\/logo\\\/image\\\/\"},\"sameAs\":[\"https:\\\/\\\/www.facebook.com\\\/MercatorOcean\",\"https:\\\/\\\/x.com\\\/MercatorOcean\",\"https:\\\/\\\/www.instagram.com\\\/mercator_ocean\\\/\",\"https:\\\/\\\/www.linkedin.com\\\/company\\\/mercator-ocean\\\/\",\"https:\\\/\\\/www.youtube.com\\\/user\\\/MERCATOROCEAN\"]}]}<\/script>\n<!-- \/ Yoast SEO plugin. -->","yoast_head_json":{"title":"Participez \u00e0 la premi\u00e8re journ\u00e9e d'information de Copernicus Marine Service \u00e0 Tallinn le 18 avril ! - Mercator Ocean International","robots":{"index":"index","follow":"follow","max-snippet":"max-snippet:-1","max-image-preview":"max-image-preview:large","max-video-preview":"max-video-preview:-1"},"canonical":"https:\/\/www.mercator-ocean.eu\/fr\/event\/participez-a-la-premiere-journee-dinformation-de-copernicus-marine-service-a-tallinn-le-18-avril\/","og_locale":"fr_FR","og_type":"article","og_title":"Participez \u00e0 la premi\u00e8re journ\u00e9e d'information de Copernicus Marine Service \u00e0 Tallinn le 18 avril ! - Mercator Ocean International","og_description":"Organis\u00e9 par Mercator Oc\u00e9an en partenariat avec MSI, cet \u00e9v\u00e9nement a pour th\u00e8me \u00ab\u00a0L&rsquo;alimentation des entreprises et des services maritimes en Estonie\u00a0\u00bb est ouvert aux utilisateurs actuels ou potentiels de CMEMS qui ont un int\u00e9r\u00eat g\u00e9n\u00e9ral pour la technologies&rsquo;int\u00e9ressent d&rsquo;une mani\u00e8re g\u00e9n\u00e9rale aux produits de la mer (que ce soit en tant que services ou [&hellip;]","og_url":"https:\/\/www.mercator-ocean.eu\/fr\/event\/participez-a-la-premiere-journee-dinformation-de-copernicus-marine-service-a-tallinn-le-18-avril\/","og_site_name":"Mercator Ocean International","article_publisher":"https:\/\/www.facebook.com\/MercatorOcean","article_modified_time":"2025-05-26T12:43:17+00:00","og_image":[{"width":500,"height":500,"url":"https:\/\/www.mercator-ocean.eu\/wp-content\/uploads\/2024\/03\/Photo-Tallinn-500px.jpg","type":"image\/jpeg"}],"twitter_card":"summary_large_image","twitter_site":"@MercatorOcean","schema":{"@context":"https:\/\/schema.org","@graph":[{"@type":"WebPage","@id":"https:\/\/www.mercator-ocean.eu\/fr\/event\/participez-a-la-premiere-journee-dinformation-de-copernicus-marine-service-a-tallinn-le-18-avril\/","url":"https:\/\/www.mercator-ocean.eu\/fr\/event\/participez-a-la-premiere-journee-dinformation-de-copernicus-marine-service-a-tallinn-le-18-avril\/","name":"Participez \u00e0 la premi\u00e8re journ\u00e9e d'information de Copernicus Marine Service \u00e0 Tallinn le 18 avril ! - Mercator Ocean International","isPartOf":{"@id":"https:\/\/www.mercator-ocean.eu\/fr\/#website"},"primaryImageOfPage":{"@id":"https:\/\/www.mercator-ocean.eu\/fr\/event\/participez-a-la-premiere-journee-dinformation-de-copernicus-marine-service-a-tallinn-le-18-avril\/#primaryimage"},"image":{"@id":"https:\/\/www.mercator-ocean.eu\/fr\/event\/participez-a-la-premiere-journee-dinformation-de-copernicus-marine-service-a-tallinn-le-18-avril\/#primaryimage"},"thumbnailUrl":"https:\/\/www.mercator-ocean.eu\/wp-content\/uploads\/2024\/03\/Photo-Tallinn-500px.jpg","datePublished":"2016-03-11T00:00:00+00:00","dateModified":"2025-05-26T12:43:17+00:00","breadcrumb":{"@id":"https:\/\/www.mercator-ocean.eu\/fr\/event\/participez-a-la-premiere-journee-dinformation-de-copernicus-marine-service-a-tallinn-le-18-avril\/#breadcrumb"},"inLanguage":"fr-FR","potentialAction":[{"@type":"ReadAction","target":["https:\/\/www.mercator-ocean.eu\/fr\/event\/participez-a-la-premiere-journee-dinformation-de-copernicus-marine-service-a-tallinn-le-18-avril\/"]}]},{"@type":"ImageObject","inLanguage":"fr-FR","@id":"https:\/\/www.mercator-ocean.eu\/fr\/event\/participez-a-la-premiere-journee-dinformation-de-copernicus-marine-service-a-tallinn-le-18-avril\/#primaryimage","url":"https:\/\/www.mercator-ocean.eu\/wp-content\/uploads\/2024\/03\/Photo-Tallinn-500px.jpg","contentUrl":"https:\/\/www.mercator-ocean.eu\/wp-content\/uploads\/2024\/03\/Photo-Tallinn-500px.jpg","width":500,"height":500},{"@type":"BreadcrumbList","@id":"https:\/\/www.mercator-ocean.eu\/fr\/event\/participez-a-la-premiere-journee-dinformation-de-copernicus-marine-service-a-tallinn-le-18-avril\/#breadcrumb","itemListElement":[{"@type":"ListItem","position":1,"name":"Home","item":"https:\/\/www.mercator-ocean.eu\/fr\/"},{"@type":"ListItem","position":2,"name":"Participez \u00e0 la premi\u00e8re journ\u00e9e d&#8217;information de Copernicus Marine Service \u00e0 Tallinn le 18 avril !"}]},{"@type":"WebSite","@id":"https:\/\/www.mercator-ocean.eu\/fr\/#website","url":"https:\/\/www.mercator-ocean.eu\/fr\/","name":"Mercator Ocean International","description":"","publisher":{"@id":"https:\/\/www.mercator-ocean.eu\/fr\/#organization"},"potentialAction":[{"@type":"SearchAction","target":{"@type":"EntryPoint","urlTemplate":"https:\/\/www.mercator-ocean.eu\/fr\/?s={search_term_string}"},"query-input":{"@type":"PropertyValueSpecification","valueRequired":true,"valueName":"search_term_string"}}],"inLanguage":"fr-FR"},{"@type":"Organization","@id":"https:\/\/www.mercator-ocean.eu\/fr\/#organization","name":"Mercator Ocean International","url":"https:\/\/www.mercator-ocean.eu\/fr\/","logo":{"@type":"ImageObject","inLanguage":"fr-FR","@id":"https:\/\/www.mercator-ocean.eu\/fr\/#\/schema\/logo\/image\/","url":"https:\/\/www.mercator-ocean.eu\/wp-content\/uploads\/2024\/12\/logo-mercator.png","contentUrl":"https:\/\/www.mercator-ocean.eu\/wp-content\/uploads\/2024\/12\/logo-mercator.png","width":541,"height":547,"caption":"Mercator Ocean International"},"image":{"@id":"https:\/\/www.mercator-ocean.eu\/fr\/#\/schema\/logo\/image\/"},"sameAs":["https:\/\/www.facebook.com\/MercatorOcean","https:\/\/x.com\/MercatorOcean","https:\/\/www.instagram.com\/mercator_ocean\/","https:\/\/www.linkedin.com\/company\/mercator-ocean\/","https:\/\/www.youtube.com\/user\/MERCATOROCEAN"]}]}},"_links":{"self":[{"href":"https:\/\/www.mercator-ocean.eu\/fr\/wp-json\/wp\/v2\/event\/16160","targetHints":{"allow":["GET"]}}],"collection":[{"href":"https:\/\/www.mercator-ocean.eu\/fr\/wp-json\/wp\/v2\/event"}],"about":[{"href":"https:\/\/www.mercator-ocean.eu\/fr\/wp-json\/wp\/v2\/types\/event"}],"wp:featuredmedia":[{"embeddable":true,"href":"https:\/\/www.mercator-ocean.eu\/fr\/wp-json\/wp\/v2\/media\/16282"}],"wp:attachment":[{"href":"https:\/\/www.mercator-ocean.eu\/fr\/wp-json\/wp\/v2\/media?parent=16160"}],"wp:term":[{"taxonomy":"category","embeddable":true,"href":"https:\/\/www.mercator-ocean.eu\/fr\/wp-json\/wp\/v2\/categories?post=16160"},{"taxonomy":"post_tag","embeddable":true,"href":"https:\/\/www.mercator-ocean.eu\/fr\/wp-json\/wp\/v2\/tags?post=16160"},{"taxonomy":"translation-status","embeddable":true,"href":"https:\/\/www.mercator-ocean.eu\/fr\/wp-json\/wp\/v2\/translation-status?post=16160"}],"curies":[{"name":"wp","href":"https:\/\/api.w.org\/{rel}","templated":true}]}}