{"id":16200,"date":"2022-04-15T00:00:00","date_gmt":"2022-04-15T00:00:00","guid":{"rendered":"https:\/\/www.mercator-ocean.eu\/event\/forum-sur-locean-numerique\/"},"modified":"2025-05-26T12:43:27","modified_gmt":"2025-05-26T12:43:27","slug":"forum-sur-locean-numerique","status":"publish","type":"event","link":"https:\/\/www.mercator-ocean.eu\/fr\/event\/forum-sur-locean-numerique\/","title":{"rendered":"Forum sur l&rsquo;oc\u00e9an num\u00e9rique"},"content":{"rendered":"<p>Mercator Ocean International organise un forum sur l&rsquo;oc\u00e9an num\u00e9rique \u00e0 Paris du<sup>20<\/sup>&nbsp;au<sup>21<\/sup>&nbsp;avril 2022. La session de haut niveau du<sup>21<\/sup>avril&nbsp;sera ouverte \u00e0 tous via Zoom de 9h00 \u00e0 13h00 CET.<\/p><div class=\"wp-block-buttons aligncenter is-layout-flex wp-block-buttons-is-layout-flex\"><div class=\"wp-block-button\"><a class=\"wp-block-button__link has-text-color has-background\" href=\"https:\/\/us02web.zoom.us\/j\/88296863307\" style=\"border-radius:2px;background-color:#ba0c49;color:#fffffa\">Participez \u00e0 l&rsquo;\u00e9v\u00e9nement de haut niveau (21 avril, 9:00-1:00) par Zoom<\/a><\/div><div class=\"wp-block-button is-style-outline is-style-outline--1\"><a class=\"wp-block-button__link has-text-color\" href=\"https:\/\/www.mercator-ocean.eu\/wp-content\/uploads\/2022\/04\/DOF-21.04.pdf\" style=\"border-radius:2px;color:#ba0c49\" target=\"_blank\" rel=\"noreferrer noopener\">Voir l&rsquo;agenda<\/a><\/div><\/div><p><\/p><p>Sous l&rsquo;\u00e9gide de la Commission europ\u00e9enne et du minist\u00e8re fran\u00e7ais de la Mer, Mercator Ocean International organise le premier \u00a0\u00bb Digital Ocean Forum \u00a0\u00bb dans le cadre de la pr\u00e9sidence du Conseil de l&rsquo;Union europ\u00e9enne.<br\/><br\/>Le Forum Oc\u00e9an Num\u00e9rique 2022 est organis\u00e9 en r\u00e9ponse \u00e0 la mission europ\u00e9enne&nbsp;<a href=\"https:\/\/ec.europa.eu\/info\/research-and-innovation\/funding\/funding-opportunities\/funding-programmes-and-open-calls\/horizon-europe\/eu-missions-horizon-europe\/healthy-oceans-seas-coastal-and-inland-waters_en\" target=\"_blank\" rel=\"noreferrer noopener\">\u00ab\u00a0Restore our Oceans and Seas by 2030<\/a>\u00a0\u00bb&nbsp;et \u00e0 l&rsquo;appel lanc\u00e9 lors du One Ocean Summit&nbsp;<a href=\"https:\/\/www.mercator-ocean.eu\/en\/news\/mercator-ocean-organisation-intergouvernementale\/\" target=\"_blank\" rel=\"noreferrer noopener\"><\/a>&nbsp;le 11 f\u00e9vrier 2022 \u00e0 Brest (France) vers la construction du Jumeau Num\u00e9rique Europ\u00e9en (DTO)&nbsp;<a href=\"https:\/\/ec.europa.eu\/info\/research-and-innovation\/funding\/funding-opportunities\/funding-programmes-and-open-calls\/horizon-europe\/eu-missions-horizon-europe\/healthy-oceans-seas-coastal-and-inland-waters\/european-digital-twin-ocean-european-dto_en\" target=\"_blank\" rel=\"noreferrer noopener\"><\/a>&nbsp;bas\u00e9 sur des Actifs europ\u00e9ens tels que Copernicus et EMODnet.<\/p><p>Mercator Ocean International prend l&rsquo;initiative de f\u00e9d\u00e9rer les communaut\u00e9s europ\u00e9ennes concern\u00e9es, pour construire un OTC europ\u00e9en bas\u00e9 sur les innovations fran\u00e7aises et europ\u00e9ennes et en coordination avec la D\u00e9cennie des sciences de la mer des Nations unies.La Commission europ\u00e9enne (ie. DG RTD, DG MARE, DG DEFIS, DG CNECT et JRC) et le ministre fran\u00e7ais de la Mer soutiennent l&rsquo;organisation du Forum de l&rsquo;oc\u00e9an num\u00e9rique pour r\u00e9pondre \u00e0 un objectif cl\u00e9 de la mission de l&rsquo;Union europ\u00e9enne \u00a0\u00bb Restore our Ocean and Waters by 2030 \u00a0\u00bb (Restaurer nos oc\u00e9ans et nos eaux d&rsquo;ici 2030). L&rsquo;objectif de cet \u00e9v\u00e9nement est de fournir les r\u00e9ponses les plus compl\u00e8tes, exhaustives et coh\u00e9rentes possibles, conduisant \u00e0 la co-conception d&rsquo;un Jumeau Num\u00e9rique de l&rsquo;Oc\u00e9an public europ\u00e9en Open &amp; construit \u00e0 partir des actifs europ\u00e9ens existants et de l&rsquo;innovation.<\/p><p>Pour atteindre cet objectif, cinq groupes de travail ont \u00e9t\u00e9 cr\u00e9\u00e9s. Chaque groupe de travail est dirig\u00e9 par un pr\u00e9sident, un repr\u00e9sentant de la Commission europ\u00e9enne et un coordinateur de Mercator Ocean International (MOi), et rassemble les points de vue et les experts concern\u00e9s. Les r\u00e9sultats r\u00e9sum\u00e9s de chaque groupe de travail seront pr\u00e9sent\u00e9s le 21 avril, ainsi que des pr\u00e9sentations de haut niveau sur le contexte europ\u00e9en et les perspectives d&rsquo;avenir.<\/p>\n\n\n\n\n\n\n\n\n\n\n\n\n\n\n\n\n\n\n\n\n\n\n\n\n\n\n\n","protected":false},"excerpt":{"rendered":"<p>Mercator Ocean International organise un forum sur l&rsquo;oc\u00e9an num\u00e9rique \u00e0 Paris du20&nbsp;au21&nbsp;avril 2022. La session de haut niveau du21avril&nbsp;sera ouverte \u00e0 tous via Zoom de 9h00 \u00e0 13h00 CET. Sous l&rsquo;\u00e9gide de la Commission europ\u00e9enne et du minist\u00e8re fran\u00e7ais de la Mer, Mercator Ocean International organise le premier \u00a0\u00bb Digital Ocean Forum \u00a0\u00bb dans le [&hellip;]<\/p>\n","protected":false},"featured_media":16335,"template":"","categories":[2460,2459],"tags":[],"translation-status":[2454],"class_list":["post-16200","event","type-event","status-publish","has-post-thumbnail","hentry","category-conferences-et-sommets","category-evenements"],"acf":[],"yoast_head":"<!-- This site is optimized with the Yoast SEO plugin v27.4 - https:\/\/yoast.com\/product\/yoast-seo-wordpress\/ -->\n<title>Forum sur l&#039;oc\u00e9an num\u00e9rique - Mercator Ocean International<\/title>\n<meta name=\"robots\" content=\"index, follow, max-snippet:-1, max-image-preview:large, max-video-preview:-1\" \/>\n<link rel=\"canonical\" href=\"https:\/\/www.mercator-ocean.eu\/fr\/event\/forum-sur-locean-numerique\/\" \/>\n<meta property=\"og:locale\" content=\"fr_FR\" \/>\n<meta property=\"og:type\" content=\"article\" \/>\n<meta property=\"og:title\" content=\"Forum sur l&#039;oc\u00e9an num\u00e9rique - Mercator Ocean International\" \/>\n<meta property=\"og:description\" content=\"Mercator Ocean International organise un forum sur l&rsquo;oc\u00e9an num\u00e9rique \u00e0 Paris du20&nbsp;au21&nbsp;avril 2022. La session de haut niveau du21avril&nbsp;sera ouverte \u00e0 tous via Zoom de 9h00 \u00e0 13h00 CET. Sous l&rsquo;\u00e9gide de la Commission europ\u00e9enne et du minist\u00e8re fran\u00e7ais de la Mer, Mercator Ocean International organise le premier \u00a0\u00bb Digital Ocean Forum \u00a0\u00bb dans le [&hellip;]\" \/>\n<meta property=\"og:url\" content=\"https:\/\/www.mercator-ocean.eu\/fr\/event\/forum-sur-locean-numerique\/\" \/>\n<meta property=\"og:site_name\" content=\"Mercator Ocean International\" \/>\n<meta property=\"article:publisher\" content=\"https:\/\/www.facebook.com\/MercatorOcean\" \/>\n<meta property=\"article:modified_time\" content=\"2025-05-26T12:43:27+00:00\" \/>\n<meta property=\"og:image\" content=\"https:\/\/www.mercator-ocean.eu\/wp-content\/uploads\/2024\/03\/Capture-decran-2022-04-15-104303.png\" \/>\n\t<meta property=\"og:image:width\" content=\"1636\" \/>\n\t<meta property=\"og:image:height\" content=\"718\" \/>\n\t<meta property=\"og:image:type\" content=\"image\/png\" \/>\n<meta name=\"twitter:card\" content=\"summary_large_image\" \/>\n<meta name=\"twitter:site\" content=\"@MercatorOcean\" \/>\n<meta name=\"twitter:label1\" content=\"Dur\u00e9e de lecture estim\u00e9e\" \/>\n\t<meta name=\"twitter:data1\" content=\"2 minutes\" \/>\n<script type=\"application\/ld+json\" class=\"yoast-schema-graph\">{\"@context\":\"https:\\\/\\\/schema.org\",\"@graph\":[{\"@type\":\"WebPage\",\"@id\":\"https:\\\/\\\/www.mercator-ocean.eu\\\/fr\\\/event\\\/forum-sur-locean-numerique\\\/\",\"url\":\"https:\\\/\\\/www.mercator-ocean.eu\\\/fr\\\/event\\\/forum-sur-locean-numerique\\\/\",\"name\":\"Forum sur l'oc\u00e9an num\u00e9rique - Mercator Ocean International\",\"isPartOf\":{\"@id\":\"https:\\\/\\\/www.mercator-ocean.eu\\\/fr\\\/#website\"},\"primaryImageOfPage\":{\"@id\":\"https:\\\/\\\/www.mercator-ocean.eu\\\/fr\\\/event\\\/forum-sur-locean-numerique\\\/#primaryimage\"},\"image\":{\"@id\":\"https:\\\/\\\/www.mercator-ocean.eu\\\/fr\\\/event\\\/forum-sur-locean-numerique\\\/#primaryimage\"},\"thumbnailUrl\":\"https:\\\/\\\/www.mercator-ocean.eu\\\/wp-content\\\/uploads\\\/2024\\\/03\\\/Capture-decran-2022-04-15-104303.png\",\"datePublished\":\"2022-04-15T00:00:00+00:00\",\"dateModified\":\"2025-05-26T12:43:27+00:00\",\"breadcrumb\":{\"@id\":\"https:\\\/\\\/www.mercator-ocean.eu\\\/fr\\\/event\\\/forum-sur-locean-numerique\\\/#breadcrumb\"},\"inLanguage\":\"fr-FR\",\"potentialAction\":[{\"@type\":\"ReadAction\",\"target\":[\"https:\\\/\\\/www.mercator-ocean.eu\\\/fr\\\/event\\\/forum-sur-locean-numerique\\\/\"]}]},{\"@type\":\"ImageObject\",\"inLanguage\":\"fr-FR\",\"@id\":\"https:\\\/\\\/www.mercator-ocean.eu\\\/fr\\\/event\\\/forum-sur-locean-numerique\\\/#primaryimage\",\"url\":\"https:\\\/\\\/www.mercator-ocean.eu\\\/wp-content\\\/uploads\\\/2024\\\/03\\\/Capture-decran-2022-04-15-104303.png\",\"contentUrl\":\"https:\\\/\\\/www.mercator-ocean.eu\\\/wp-content\\\/uploads\\\/2024\\\/03\\\/Capture-decran-2022-04-15-104303.png\",\"width\":1636,\"height\":718},{\"@type\":\"BreadcrumbList\",\"@id\":\"https:\\\/\\\/www.mercator-ocean.eu\\\/fr\\\/event\\\/forum-sur-locean-numerique\\\/#breadcrumb\",\"itemListElement\":[{\"@type\":\"ListItem\",\"position\":1,\"name\":\"Home\",\"item\":\"https:\\\/\\\/www.mercator-ocean.eu\\\/fr\\\/\"},{\"@type\":\"ListItem\",\"position\":2,\"name\":\"Forum sur l&#8217;oc\u00e9an num\u00e9rique\"}]},{\"@type\":\"WebSite\",\"@id\":\"https:\\\/\\\/www.mercator-ocean.eu\\\/fr\\\/#website\",\"url\":\"https:\\\/\\\/www.mercator-ocean.eu\\\/fr\\\/\",\"name\":\"Mercator Ocean International\",\"description\":\"\",\"publisher\":{\"@id\":\"https:\\\/\\\/www.mercator-ocean.eu\\\/fr\\\/#organization\"},\"potentialAction\":[{\"@type\":\"SearchAction\",\"target\":{\"@type\":\"EntryPoint\",\"urlTemplate\":\"https:\\\/\\\/www.mercator-ocean.eu\\\/fr\\\/?s={search_term_string}\"},\"query-input\":{\"@type\":\"PropertyValueSpecification\",\"valueRequired\":true,\"valueName\":\"search_term_string\"}}],\"inLanguage\":\"fr-FR\"},{\"@type\":\"Organization\",\"@id\":\"https:\\\/\\\/www.mercator-ocean.eu\\\/fr\\\/#organization\",\"name\":\"Mercator Ocean International\",\"url\":\"https:\\\/\\\/www.mercator-ocean.eu\\\/fr\\\/\",\"logo\":{\"@type\":\"ImageObject\",\"inLanguage\":\"fr-FR\",\"@id\":\"https:\\\/\\\/www.mercator-ocean.eu\\\/fr\\\/#\\\/schema\\\/logo\\\/image\\\/\",\"url\":\"https:\\\/\\\/www.mercator-ocean.eu\\\/wp-content\\\/uploads\\\/2024\\\/12\\\/logo-mercator.png\",\"contentUrl\":\"https:\\\/\\\/www.mercator-ocean.eu\\\/wp-content\\\/uploads\\\/2024\\\/12\\\/logo-mercator.png\",\"width\":541,\"height\":547,\"caption\":\"Mercator Ocean International\"},\"image\":{\"@id\":\"https:\\\/\\\/www.mercator-ocean.eu\\\/fr\\\/#\\\/schema\\\/logo\\\/image\\\/\"},\"sameAs\":[\"https:\\\/\\\/www.facebook.com\\\/MercatorOcean\",\"https:\\\/\\\/x.com\\\/MercatorOcean\",\"https:\\\/\\\/www.instagram.com\\\/mercator_ocean\\\/\",\"https:\\\/\\\/www.linkedin.com\\\/company\\\/mercator-ocean\\\/\",\"https:\\\/\\\/www.youtube.com\\\/user\\\/MERCATOROCEAN\"]}]}<\/script>\n<!-- \/ Yoast SEO plugin. -->","yoast_head_json":{"title":"Forum sur l'oc\u00e9an num\u00e9rique - Mercator Ocean International","robots":{"index":"index","follow":"follow","max-snippet":"max-snippet:-1","max-image-preview":"max-image-preview:large","max-video-preview":"max-video-preview:-1"},"canonical":"https:\/\/www.mercator-ocean.eu\/fr\/event\/forum-sur-locean-numerique\/","og_locale":"fr_FR","og_type":"article","og_title":"Forum sur l'oc\u00e9an num\u00e9rique - Mercator Ocean International","og_description":"Mercator Ocean International organise un forum sur l&rsquo;oc\u00e9an num\u00e9rique \u00e0 Paris du20&nbsp;au21&nbsp;avril 2022. La session de haut niveau du21avril&nbsp;sera ouverte \u00e0 tous via Zoom de 9h00 \u00e0 13h00 CET. Sous l&rsquo;\u00e9gide de la Commission europ\u00e9enne et du minist\u00e8re fran\u00e7ais de la Mer, Mercator Ocean International organise le premier \u00a0\u00bb Digital Ocean Forum \u00a0\u00bb dans le [&hellip;]","og_url":"https:\/\/www.mercator-ocean.eu\/fr\/event\/forum-sur-locean-numerique\/","og_site_name":"Mercator Ocean International","article_publisher":"https:\/\/www.facebook.com\/MercatorOcean","article_modified_time":"2025-05-26T12:43:27+00:00","og_image":[{"width":1636,"height":718,"url":"https:\/\/www.mercator-ocean.eu\/wp-content\/uploads\/2024\/03\/Capture-decran-2022-04-15-104303.png","type":"image\/png"}],"twitter_card":"summary_large_image","twitter_site":"@MercatorOcean","twitter_misc":{"Dur\u00e9e de lecture estim\u00e9e":"2 minutes"},"schema":{"@context":"https:\/\/schema.org","@graph":[{"@type":"WebPage","@id":"https:\/\/www.mercator-ocean.eu\/fr\/event\/forum-sur-locean-numerique\/","url":"https:\/\/www.mercator-ocean.eu\/fr\/event\/forum-sur-locean-numerique\/","name":"Forum sur l'oc\u00e9an num\u00e9rique - Mercator Ocean International","isPartOf":{"@id":"https:\/\/www.mercator-ocean.eu\/fr\/#website"},"primaryImageOfPage":{"@id":"https:\/\/www.mercator-ocean.eu\/fr\/event\/forum-sur-locean-numerique\/#primaryimage"},"image":{"@id":"https:\/\/www.mercator-ocean.eu\/fr\/event\/forum-sur-locean-numerique\/#primaryimage"},"thumbnailUrl":"https:\/\/www.mercator-ocean.eu\/wp-content\/uploads\/2024\/03\/Capture-decran-2022-04-15-104303.png","datePublished":"2022-04-15T00:00:00+00:00","dateModified":"2025-05-26T12:43:27+00:00","breadcrumb":{"@id":"https:\/\/www.mercator-ocean.eu\/fr\/event\/forum-sur-locean-numerique\/#breadcrumb"},"inLanguage":"fr-FR","potentialAction":[{"@type":"ReadAction","target":["https:\/\/www.mercator-ocean.eu\/fr\/event\/forum-sur-locean-numerique\/"]}]},{"@type":"ImageObject","inLanguage":"fr-FR","@id":"https:\/\/www.mercator-ocean.eu\/fr\/event\/forum-sur-locean-numerique\/#primaryimage","url":"https:\/\/www.mercator-ocean.eu\/wp-content\/uploads\/2024\/03\/Capture-decran-2022-04-15-104303.png","contentUrl":"https:\/\/www.mercator-ocean.eu\/wp-content\/uploads\/2024\/03\/Capture-decran-2022-04-15-104303.png","width":1636,"height":718},{"@type":"BreadcrumbList","@id":"https:\/\/www.mercator-ocean.eu\/fr\/event\/forum-sur-locean-numerique\/#breadcrumb","itemListElement":[{"@type":"ListItem","position":1,"name":"Home","item":"https:\/\/www.mercator-ocean.eu\/fr\/"},{"@type":"ListItem","position":2,"name":"Forum sur l&#8217;oc\u00e9an num\u00e9rique"}]},{"@type":"WebSite","@id":"https:\/\/www.mercator-ocean.eu\/fr\/#website","url":"https:\/\/www.mercator-ocean.eu\/fr\/","name":"Mercator Ocean International","description":"","publisher":{"@id":"https:\/\/www.mercator-ocean.eu\/fr\/#organization"},"potentialAction":[{"@type":"SearchAction","target":{"@type":"EntryPoint","urlTemplate":"https:\/\/www.mercator-ocean.eu\/fr\/?s={search_term_string}"},"query-input":{"@type":"PropertyValueSpecification","valueRequired":true,"valueName":"search_term_string"}}],"inLanguage":"fr-FR"},{"@type":"Organization","@id":"https:\/\/www.mercator-ocean.eu\/fr\/#organization","name":"Mercator Ocean International","url":"https:\/\/www.mercator-ocean.eu\/fr\/","logo":{"@type":"ImageObject","inLanguage":"fr-FR","@id":"https:\/\/www.mercator-ocean.eu\/fr\/#\/schema\/logo\/image\/","url":"https:\/\/www.mercator-ocean.eu\/wp-content\/uploads\/2024\/12\/logo-mercator.png","contentUrl":"https:\/\/www.mercator-ocean.eu\/wp-content\/uploads\/2024\/12\/logo-mercator.png","width":541,"height":547,"caption":"Mercator Ocean International"},"image":{"@id":"https:\/\/www.mercator-ocean.eu\/fr\/#\/schema\/logo\/image\/"},"sameAs":["https:\/\/www.facebook.com\/MercatorOcean","https:\/\/x.com\/MercatorOcean","https:\/\/www.instagram.com\/mercator_ocean\/","https:\/\/www.linkedin.com\/company\/mercator-ocean\/","https:\/\/www.youtube.com\/user\/MERCATOROCEAN"]}]}},"_links":{"self":[{"href":"https:\/\/www.mercator-ocean.eu\/fr\/wp-json\/wp\/v2\/event\/16200","targetHints":{"allow":["GET"]}}],"collection":[{"href":"https:\/\/www.mercator-ocean.eu\/fr\/wp-json\/wp\/v2\/event"}],"about":[{"href":"https:\/\/www.mercator-ocean.eu\/fr\/wp-json\/wp\/v2\/types\/event"}],"wp:featuredmedia":[{"embeddable":true,"href":"https:\/\/www.mercator-ocean.eu\/fr\/wp-json\/wp\/v2\/media\/16335"}],"wp:attachment":[{"href":"https:\/\/www.mercator-ocean.eu\/fr\/wp-json\/wp\/v2\/media?parent=16200"}],"wp:term":[{"taxonomy":"category","embeddable":true,"href":"https:\/\/www.mercator-ocean.eu\/fr\/wp-json\/wp\/v2\/categories?post=16200"},{"taxonomy":"post_tag","embeddable":true,"href":"https:\/\/www.mercator-ocean.eu\/fr\/wp-json\/wp\/v2\/tags?post=16200"},{"taxonomy":"translation-status","embeddable":true,"href":"https:\/\/www.mercator-ocean.eu\/fr\/wp-json\/wp\/v2\/translation-status?post=16200"}],"curies":[{"name":"wp","href":"https:\/\/api.w.org\/{rel}","templated":true}]}}